{"id":14,"date":"2023-06-28T09:54:53","date_gmt":"2023-06-28T09:54:53","guid":{"rendered":"https:\/\/exposicioredescobrint.cornella.cat\/?page_id=14"},"modified":"2025-02-27T13:19:32","modified_gmt":"2025-02-27T13:19:32","slug":"can-mercader-pulmo-verd-de-la-ciutat","status":"publish","type":"page","link":"https:\/\/exposicioredescobrint.cornella.cat\/esp\/can-mercader-pulmo-verd-de-la-ciutat\/","title":{"rendered":"Can Mercader pulm\u00f3n verde de la ciudad"},"content":{"rendered":"<div data-elementor-type=\"wp-page\" data-elementor-id=\"14\" class=\"elementor elementor-14\" data-elementor-post-type=\"page\">\n\t\t\t\t\t\t<section class=\"elementor-section elementor-top-section elementor-element elementor-element-7286fc10 elementor-section-full_width elementor-hidden-desktop elementor-section-content-middle elementor-section-height-default elementor-section-height-default\" data-id=\"7286fc10\" data-element_type=\"section\">\n\t\t\t\t\t\t<div class=\"elementor-container elementor-column-gap-extended\">\n\t\t\t\t\t<div class=\"elementor-column elementor-col-50 elementor-top-column elementor-element elementor-element-108b3dca\" data-id=\"108b3dca\" data-element_type=\"column\">\n\t\t\t<div class=\"elementor-widget-wrap elementor-element-populated\">\n\t\t\t\t\t\t<div class=\"elementor-element elementor-element-57a13d93 elementor-hidden-desktop elementor-widget elementor-widget-theme-site-logo elementor-widget-image\" data-id=\"57a13d93\" data-element_type=\"widget\" data-widget_type=\"theme-site-logo.default\">\n\t\t\t\t<div class=\"elementor-widget-container\">\n\t\t\t\t\t\t\t\t\t\t\t<a href=\"https:\/\/exposicioredescobrint.cornella.cat\/esp\">\n\t\t\t<img fetchpriority=\"high\" decoding=\"async\" width=\"1572\" height=\"554\" src=\"https:\/\/exposicioredescobrint.cornella.cat\/wp-content\/uploads\/2023\/06\/LogoCanMercader.png\" class=\"attachment-full size-full wp-image-2444\" alt=\"\" srcset=\"https:\/\/exposicioredescobrint.cornella.cat\/wp-content\/uploads\/2023\/06\/LogoCanMercader.png 1572w, https:\/\/exposicioredescobrint.cornella.cat\/wp-content\/uploads\/2023\/06\/LogoCanMercader-300x106.png 300w, https:\/\/exposicioredescobrint.cornella.cat\/wp-content\/uploads\/2023\/06\/LogoCanMercader-1024x361.png 1024w, https:\/\/exposicioredescobrint.cornella.cat\/wp-content\/uploads\/2023\/06\/LogoCanMercader-768x271.png 768w, https:\/\/exposicioredescobrint.cornella.cat\/wp-content\/uploads\/2023\/06\/LogoCanMercader-1536x541.png 1536w, https:\/\/exposicioredescobrint.cornella.cat\/wp-content\/uploads\/2023\/06\/LogoCanMercader-18x6.png 18w\" sizes=\"(max-width: 1572px) 100vw, 1572px\" \/>\t\t\t\t<\/a>\n\t\t\t\t\t\t\t\t\t\t\t<\/div>\n\t\t\t\t<\/div>\n\t\t\t\t\t<\/div>\n\t\t<\/div>\n\t\t\t\t<div class=\"elementor-column elementor-col-50 elementor-top-column elementor-element elementor-element-5db4b\" data-id=\"5db4b\" data-element_type=\"column\">\n\t\t\t<div class=\"elementor-widget-wrap elementor-element-populated\">\n\t\t\t\t\t\t<div class=\"elementor-element elementor-element-386f8451 elementor-nav-menu__text-align-aside elementor-nav-menu--toggle elementor-nav-menu--burger elementor-widget elementor-widget-nav-menu\" data-id=\"386f8451\" data-element_type=\"widget\" data-settings=\"{&quot;layout&quot;:&quot;dropdown&quot;,&quot;submenu_icon&quot;:{&quot;value&quot;:&quot;&lt;i class=\\&quot;fas fa-caret-down\\&quot;&gt;&lt;\\\/i&gt;&quot;,&quot;library&quot;:&quot;fa-solid&quot;},&quot;toggle&quot;:&quot;burger&quot;}\" data-widget_type=\"nav-menu.default\">\n\t\t\t\t<div class=\"elementor-widget-container\">\n\t\t\t\t\t\t\t<div class=\"elementor-menu-toggle\" role=\"button\" tabindex=\"0\" aria-label=\"Menu Toggle\" aria-expanded=\"false\">\n\t\t\t<i aria-hidden=\"true\" role=\"presentation\" class=\"elementor-menu-toggle__icon--open eicon-menu-bar\"><\/i><i aria-hidden=\"true\" role=\"presentation\" class=\"elementor-menu-toggle__icon--close eicon-close\"><\/i>\t\t<\/div>\n\t\t\t\t\t<nav class=\"elementor-nav-menu--dropdown elementor-nav-menu__container\" aria-hidden=\"true\">\n\t\t\t\t<ul id=\"menu-2-386f8451\" class=\"elementor-nav-menu\"><li class=\"trp-language-switcher-container menu-item menu-item-type-post_type menu-item-object-language_switcher current-language-menu-item menu-item-2263\"><a href=\"https:\/\/exposicioredescobrint.cornella.cat\/esp\/wp-json\/wp\/v2\/pages\/14\" class=\"elementor-item elementor-item-anchor\" tabindex=\"-1\"><span data-no-translation><img decoding=\"async\" class=\"trp-flag-image\" src=\"https:\/\/exposicioredescobrint.cornella.cat\/wp-content\/plugins\/translatepress-multilingual\/assets\/images\/flags\/ca.png\" width=\"18\" height=\"12\" alt=\"ca\" title=\"Catalan\"><span class=\"trp-ls-language-name\">CAT<\/span><\/span><\/a><\/li>\n<li class=\"trp-language-switcher-container menu-item menu-item-type-post_type menu-item-object-language_switcher current-language-menu-item menu-item-2264\"><a href=\"https:\/\/exposicioredescobrint.cornella.cat\/esp\/wp-json\/wp\/v2\/pages\/14\" class=\"elementor-item elementor-item-anchor\" tabindex=\"-1\"><span data-no-translation><img decoding=\"async\" class=\"trp-flag-image\" src=\"https:\/\/exposicioredescobrint.cornella.cat\/wp-content\/plugins\/translatepress-multilingual\/assets\/images\/flags\/es_ES.png\" width=\"18\" height=\"12\" alt=\"es_ES\" title=\"Spanish\"><span class=\"trp-ls-language-name\">ESP<\/span><\/span><\/a><\/li>\n<li class=\"menu-item menu-item-type-post_type menu-item-object-page menu-item-home menu-item-2251\"><a href=\"https:\/\/exposicioredescobrint.cornella.cat\/esp\/\" class=\"elementor-item\" tabindex=\"-1\">Redescubriendo Can Mercader\u00a0<\/a><\/li>\n<li class=\"menu-item menu-item-type-post_type menu-item-object-page menu-item-2254\"><a href=\"https:\/\/exposicioredescobrint.cornella.cat\/esp\/redescobrint-can-mercader\/\" class=\"elementor-item\" tabindex=\"-1\">De la mas\u00eda al parque p\u00fablico<\/a><\/li>\n<li class=\"menu-item menu-item-type-post_type menu-item-object-page menu-item-2255\"><a href=\"https:\/\/exposicioredescobrint.cornella.cat\/esp\/els-edificis-historics\/\" class=\"elementor-item\" tabindex=\"-1\">Los edificios p\u00fablicos<\/a><\/li>\n<li class=\"menu-item menu-item-type-post_type menu-item-object-page menu-item-2252\"><a href=\"https:\/\/exposicioredescobrint.cornella.cat\/esp\/can-mercader-pulmo-verd-de-la-ciutat\/\" class=\"elementor-item\" tabindex=\"-1\">Can Mercader pulm\u00f3n verde de la ciudad<\/a><\/li>\n<li class=\"menu-item menu-item-type-post_type menu-item-object-page menu-item-2256\"><a href=\"https:\/\/exposicioredescobrint.cornella.cat\/esp\/els-serveis-a-can-mercader\/\" class=\"elementor-item\" tabindex=\"-1\">Los servicios en Can Mercader<\/a><\/li>\n<li class=\"menu-item menu-item-type-post_type menu-item-object-page menu-item-2257\"><a href=\"https:\/\/exposicioredescobrint.cornella.cat\/esp\/les-activitats-a-can-mercader\/\" class=\"elementor-item\" tabindex=\"-1\">Las actividades en Can Mercader<\/a><\/li>\n<li class=\"menu-item menu-item-type-post_type menu-item-object-page menu-item-2253\"><a href=\"https:\/\/exposicioredescobrint.cornella.cat\/esp\/credits\/\" class=\"elementor-item\" tabindex=\"-1\">Cr\u00e9ditos<\/a><\/li>\n<\/ul>\t\t\t<\/nav>\n\t\t\t\t\t\t<\/div>\n\t\t\t\t<\/div>\n\t\t\t\t\t<\/div>\n\t\t<\/div>\n\t\t\t\t\t<\/div>\n\t\t<\/section>\n\t\t\t\t<section class=\"elementor-section elementor-top-section elementor-element elementor-element-5ef9e74f elementor-section-full_width elementor-section-height-min-height elementor-section-items-stretch elementor-section-height-default\" data-id=\"5ef9e74f\" data-element_type=\"section\" data-settings=\"{&quot;background_background&quot;:&quot;classic&quot;}\">\n\t\t\t\t\t\t<div class=\"elementor-container elementor-column-gap-no\">\n\t\t\t\t\t<div class=\"elementor-column elementor-col-33 elementor-top-column elementor-element elementor-element-18a671a8 elementor-hidden-tablet elementor-hidden-mobile elementor-hidden-laptop\" data-id=\"18a671a8\" data-element_type=\"column\" data-settings=\"{&quot;background_background&quot;:&quot;classic&quot;}\">\n\t\t\t<div class=\"elementor-widget-wrap elementor-element-populated\">\n\t\t\t\t\t\t<section class=\"elementor-section elementor-inner-section elementor-element elementor-element-ec93aef elementor-section-boxed elementor-section-height-default elementor-section-height-default\" data-id=\"ec93aef\" data-element_type=\"section\" data-settings=\"{&quot;sticky&quot;:&quot;top&quot;,&quot;sticky_parent&quot;:&quot;yes&quot;,&quot;background_background&quot;:&quot;classic&quot;,&quot;animation&quot;:&quot;none&quot;,&quot;sticky_on&quot;:[&quot;desktop&quot;,&quot;laptop&quot;,&quot;tablet&quot;,&quot;mobile&quot;],&quot;sticky_offset&quot;:0,&quot;sticky_effects_offset&quot;:0,&quot;sticky_anchor_link_offset&quot;:0}\">\n\t\t\t\t\t\t<div class=\"elementor-container elementor-column-gap-extended\">\n\t\t\t\t\t<div class=\"elementor-column elementor-col-100 elementor-inner-column elementor-element elementor-element-503c718\" data-id=\"503c718\" data-element_type=\"column\">\n\t\t\t<div class=\"elementor-widget-wrap elementor-element-populated\">\n\t\t\t\t\t\t<div class=\"elementor-element elementor-element-e41c40b elementor-widget elementor-widget-theme-site-logo elementor-widget-image\" data-id=\"e41c40b\" data-element_type=\"widget\" data-widget_type=\"theme-site-logo.default\">\n\t\t\t\t<div class=\"elementor-widget-container\">\n\t\t\t\t\t\t\t\t\t\t\t<a href=\"https:\/\/exposicioredescobrint.cornella.cat\/esp\">\n\t\t\t<img loading=\"lazy\" decoding=\"async\" width=\"300\" height=\"106\" src=\"https:\/\/exposicioredescobrint.cornella.cat\/wp-content\/uploads\/2023\/06\/LogoCanMercader-300x106.png\" class=\"attachment-medium size-medium wp-image-2444\" alt=\"\" srcset=\"https:\/\/exposicioredescobrint.cornella.cat\/wp-content\/uploads\/2023\/06\/LogoCanMercader-300x106.png 300w, https:\/\/exposicioredescobrint.cornella.cat\/wp-content\/uploads\/2023\/06\/LogoCanMercader-1024x361.png 1024w, https:\/\/exposicioredescobrint.cornella.cat\/wp-content\/uploads\/2023\/06\/LogoCanMercader-768x271.png 768w, https:\/\/exposicioredescobrint.cornella.cat\/wp-content\/uploads\/2023\/06\/LogoCanMercader-1536x541.png 1536w, https:\/\/exposicioredescobrint.cornella.cat\/wp-content\/uploads\/2023\/06\/LogoCanMercader-18x6.png 18w, https:\/\/exposicioredescobrint.cornella.cat\/wp-content\/uploads\/2023\/06\/LogoCanMercader.png 1572w\" sizes=\"(max-width: 300px) 100vw, 300px\" \/>\t\t\t\t<\/a>\n\t\t\t\t\t\t\t\t\t\t\t<\/div>\n\t\t\t\t<\/div>\n\t\t\t\t<div class=\"elementor-element elementor-element-2f45753 elementor-widget-divider--view-line elementor-widget elementor-widget-divider\" data-id=\"2f45753\" data-element_type=\"widget\" data-widget_type=\"divider.default\">\n\t\t\t\t<div class=\"elementor-widget-container\">\n\t\t\t\t\t\t\t<div class=\"elementor-divider\">\n\t\t\t<span class=\"elementor-divider-separator\">\n\t\t\t\t\t\t<\/span>\n\t\t<\/div>\n\t\t\t\t\t\t<\/div>\n\t\t\t\t<\/div>\n\t\t\t\t<div class=\"elementor-element elementor-element-40a1e91 elementor-nav-menu__align-start elementor-nav-menu--dropdown-tablet elementor-nav-menu__text-align-aside elementor-nav-menu--toggle elementor-nav-menu--burger elementor-widget elementor-widget-nav-menu\" data-id=\"40a1e91\" data-element_type=\"widget\" data-settings=\"{&quot;toggle_icon_hover_animation&quot;:&quot;pulse&quot;,&quot;layout&quot;:&quot;horizontal&quot;,&quot;submenu_icon&quot;:{&quot;value&quot;:&quot;&lt;i class=\\&quot;fas fa-caret-down\\&quot;&gt;&lt;\\\/i&gt;&quot;,&quot;library&quot;:&quot;fa-solid&quot;},&quot;toggle&quot;:&quot;burger&quot;}\" data-widget_type=\"nav-menu.default\">\n\t\t\t\t<div class=\"elementor-widget-container\">\n\t\t\t\t\t\t\t\t<nav aria-label=\"Menu\" class=\"elementor-nav-menu--main elementor-nav-menu__container elementor-nav-menu--layout-horizontal e--pointer-none\">\n\t\t\t\t<ul id=\"menu-1-40a1e91\" class=\"elementor-nav-menu\"><li class=\"trp-language-switcher-container menu-item menu-item-type-post_type menu-item-object-language_switcher current-language-menu-item menu-item-941\"><a href=\"https:\/\/exposicioredescobrint.cornella.cat\/esp\/wp-json\/wp\/v2\/pages\/14\" class=\"elementor-item elementor-item-anchor\"><span data-no-translation><img decoding=\"async\" class=\"trp-flag-image\" src=\"https:\/\/exposicioredescobrint.cornella.cat\/wp-content\/plugins\/translatepress-multilingual\/assets\/images\/flags\/ca.png\" width=\"18\" height=\"12\" alt=\"ca\" title=\"Catalan\"><span class=\"trp-ls-language-name\">CAT<\/span><\/span><\/a><\/li>\n<li class=\"trp-language-switcher-container menu-item menu-item-type-post_type menu-item-object-language_switcher current-language-menu-item menu-item-942\"><a href=\"https:\/\/exposicioredescobrint.cornella.cat\/esp\/wp-json\/wp\/v2\/pages\/14\" class=\"elementor-item elementor-item-anchor\"><span data-no-translation><img decoding=\"async\" class=\"trp-flag-image\" src=\"https:\/\/exposicioredescobrint.cornella.cat\/wp-content\/plugins\/translatepress-multilingual\/assets\/images\/flags\/es_ES.png\" width=\"18\" height=\"12\" alt=\"es_ES\" title=\"Spanish\"><span class=\"trp-ls-language-name\">ESP<\/span><\/span><\/a><\/li>\n<\/ul>\t\t\t<\/nav>\n\t\t\t\t\t<div class=\"elementor-menu-toggle\" role=\"button\" tabindex=\"0\" aria-label=\"Menu Toggle\" aria-expanded=\"false\">\n\t\t\t<i aria-hidden=\"true\" role=\"presentation\" class=\"elementor-menu-toggle__icon--open elementor-animation-pulse eicon-menu-bar\"><\/i><i aria-hidden=\"true\" role=\"presentation\" class=\"elementor-menu-toggle__icon--close elementor-animation-pulse eicon-close\"><\/i>\t\t<\/div>\n\t\t\t\t\t<nav class=\"elementor-nav-menu--dropdown elementor-nav-menu__container\" aria-hidden=\"true\">\n\t\t\t\t<ul id=\"menu-2-40a1e91\" class=\"elementor-nav-menu\"><li class=\"trp-language-switcher-container menu-item menu-item-type-post_type menu-item-object-language_switcher current-language-menu-item menu-item-941\"><a href=\"https:\/\/exposicioredescobrint.cornella.cat\/esp\/wp-json\/wp\/v2\/pages\/14\" class=\"elementor-item elementor-item-anchor\" tabindex=\"-1\"><span data-no-translation><img decoding=\"async\" class=\"trp-flag-image\" src=\"https:\/\/exposicioredescobrint.cornella.cat\/wp-content\/plugins\/translatepress-multilingual\/assets\/images\/flags\/ca.png\" width=\"18\" height=\"12\" alt=\"ca\" title=\"Catalan\"><span class=\"trp-ls-language-name\">CAT<\/span><\/span><\/a><\/li>\n<li class=\"trp-language-switcher-container menu-item menu-item-type-post_type menu-item-object-language_switcher current-language-menu-item menu-item-942\"><a href=\"https:\/\/exposicioredescobrint.cornella.cat\/esp\/wp-json\/wp\/v2\/pages\/14\" class=\"elementor-item elementor-item-anchor\" tabindex=\"-1\"><span data-no-translation><img decoding=\"async\" class=\"trp-flag-image\" src=\"https:\/\/exposicioredescobrint.cornella.cat\/wp-content\/plugins\/translatepress-multilingual\/assets\/images\/flags\/es_ES.png\" width=\"18\" height=\"12\" alt=\"es_ES\" title=\"Spanish\"><span class=\"trp-ls-language-name\">ESP<\/span><\/span><\/a><\/li>\n<\/ul>\t\t\t<\/nav>\n\t\t\t\t\t\t<\/div>\n\t\t\t\t<\/div>\n\t\t\t\t<div class=\"elementor-element elementor-element-fa14012 elementor-widget elementor-widget-image\" data-id=\"fa14012\" data-element_type=\"widget\" data-widget_type=\"image.default\">\n\t\t\t\t<div class=\"elementor-widget-container\">\n\t\t\t\t\t\t\t\t\t\t\t\t\t\t\t<img loading=\"lazy\" decoding=\"async\" width=\"2016\" height=\"109\" src=\"https:\/\/exposicioredescobrint.cornella.cat\/wp-content\/uploads\/2023\/09\/MuroLineaCorto.png\" class=\"attachment-full size-full wp-image-2375\" alt=\"\" srcset=\"https:\/\/exposicioredescobrint.cornella.cat\/wp-content\/uploads\/2023\/09\/MuroLineaCorto.png 2016w, https:\/\/exposicioredescobrint.cornella.cat\/wp-content\/uploads\/2023\/09\/MuroLineaCorto-300x16.png 300w, https:\/\/exposicioredescobrint.cornella.cat\/wp-content\/uploads\/2023\/09\/MuroLineaCorto-1024x55.png 1024w, https:\/\/exposicioredescobrint.cornella.cat\/wp-content\/uploads\/2023\/09\/MuroLineaCorto-768x42.png 768w, https:\/\/exposicioredescobrint.cornella.cat\/wp-content\/uploads\/2023\/09\/MuroLineaCorto-1536x83.png 1536w, https:\/\/exposicioredescobrint.cornella.cat\/wp-content\/uploads\/2023\/09\/MuroLineaCorto-18x1.png 18w\" sizes=\"(max-width: 2016px) 100vw, 2016px\" \/>\t\t\t\t\t\t\t\t\t\t\t\t\t\t\t<\/div>\n\t\t\t\t<\/div>\n\t\t\t\t<div class=\"elementor-element elementor-element-e21c30b elementor-nav-menu__align-start elementor-nav-menu--dropdown-none elementor-widget elementor-widget-nav-menu\" data-id=\"e21c30b\" data-element_type=\"widget\" data-settings=\"{&quot;layout&quot;:&quot;vertical&quot;,&quot;sticky&quot;:&quot;top&quot;,&quot;submenu_icon&quot;:{&quot;value&quot;:&quot;&lt;i class=\\&quot;fas fa-caret-down\\&quot;&gt;&lt;\\\/i&gt;&quot;,&quot;library&quot;:&quot;fa-solid&quot;},&quot;sticky_on&quot;:[&quot;desktop&quot;,&quot;laptop&quot;,&quot;tablet&quot;,&quot;mobile&quot;],&quot;sticky_offset&quot;:0,&quot;sticky_effects_offset&quot;:0,&quot;sticky_anchor_link_offset&quot;:0}\" data-widget_type=\"nav-menu.default\">\n\t\t\t\t<div class=\"elementor-widget-container\">\n\t\t\t\t\t\t\t\t<nav aria-label=\"Menu\" class=\"elementor-nav-menu--main elementor-nav-menu__container elementor-nav-menu--layout-vertical e--pointer-none\">\n\t\t\t\t<ul id=\"menu-1-e21c30b\" class=\"elementor-nav-menu sm-vertical\"><li class=\"menu-item menu-item-type-post_type menu-item-object-page menu-item-home menu-item-155\"><a href=\"https:\/\/exposicioredescobrint.cornella.cat\/esp\/\" class=\"elementor-item\">Redescubriendo<br\/>Can Mercader\u00a0<\/a><\/li>\n<li class=\"menu-item menu-item-type-post_type menu-item-object-page menu-item-69\"><a href=\"https:\/\/exposicioredescobrint.cornella.cat\/esp\/redescobrint-can-mercader\/\" class=\"elementor-item\">De la mas\u00eda al parque p\u00fablico<\/a><\/li>\n<li class=\"menu-item menu-item-type-post_type menu-item-object-page menu-item-67\"><a href=\"https:\/\/exposicioredescobrint.cornella.cat\/esp\/els-edificis-historics\/\" class=\"elementor-item\">Los edificios p\u00fablicos<\/a><\/li>\n<li class=\"menu-item menu-item-type-post_type menu-item-object-page menu-item-68\"><a href=\"https:\/\/exposicioredescobrint.cornella.cat\/esp\/can-mercader-pulmo-verd-de-la-ciutat\/\" class=\"elementor-item\">Can Mercader<br\/>pulm\u00f3n verde de la ciudad<\/a><\/li>\n<li class=\"menu-item menu-item-type-post_type menu-item-object-page menu-item-191\"><a href=\"https:\/\/exposicioredescobrint.cornella.cat\/esp\/els-serveis-a-can-mercader\/\" class=\"elementor-item\">Los servicios de<br\/>Can Mercader<\/a><\/li>\n<li class=\"menu-item menu-item-type-post_type menu-item-object-page menu-item-71\"><a href=\"https:\/\/exposicioredescobrint.cornella.cat\/esp\/les-activitats-a-can-mercader\/\" class=\"elementor-item\">Las actividades en<br\/>Can Mercader<\/a><\/li>\n<li class=\"menu-item menu-item-type-post_type menu-item-object-page menu-item-66\"><a href=\"https:\/\/exposicioredescobrint.cornella.cat\/esp\/credits\/\" class=\"elementor-item\">Cr\u00e9ditos<\/a><\/li>\n<\/ul>\t\t\t<\/nav>\n\t\t\t\t\t\t<nav class=\"elementor-nav-menu--dropdown elementor-nav-menu__container\" aria-hidden=\"true\">\n\t\t\t\t<ul id=\"menu-2-e21c30b\" class=\"elementor-nav-menu sm-vertical\"><li class=\"menu-item menu-item-type-post_type menu-item-object-page menu-item-home menu-item-155\"><a href=\"https:\/\/exposicioredescobrint.cornella.cat\/esp\/\" class=\"elementor-item\" tabindex=\"-1\">Redescubriendo<br\/>Can Mercader\u00a0<\/a><\/li>\n<li class=\"menu-item menu-item-type-post_type menu-item-object-page menu-item-69\"><a href=\"https:\/\/exposicioredescobrint.cornella.cat\/esp\/redescobrint-can-mercader\/\" class=\"elementor-item\" tabindex=\"-1\">De la mas\u00eda al parque p\u00fablico<\/a><\/li>\n<li class=\"menu-item menu-item-type-post_type menu-item-object-page menu-item-67\"><a href=\"https:\/\/exposicioredescobrint.cornella.cat\/esp\/els-edificis-historics\/\" class=\"elementor-item\" tabindex=\"-1\">Los edificios p\u00fablicos<\/a><\/li>\n<li class=\"menu-item menu-item-type-post_type menu-item-object-page menu-item-68\"><a href=\"https:\/\/exposicioredescobrint.cornella.cat\/esp\/can-mercader-pulmo-verd-de-la-ciutat\/\" class=\"elementor-item\" tabindex=\"-1\">Can Mercader<br\/>pulm\u00f3n verde de la ciudad<\/a><\/li>\n<li class=\"menu-item menu-item-type-post_type menu-item-object-page menu-item-191\"><a href=\"https:\/\/exposicioredescobrint.cornella.cat\/esp\/els-serveis-a-can-mercader\/\" class=\"elementor-item\" tabindex=\"-1\">Los servicios de<br\/>Can Mercader<\/a><\/li>\n<li class=\"menu-item menu-item-type-post_type menu-item-object-page menu-item-71\"><a href=\"https:\/\/exposicioredescobrint.cornella.cat\/esp\/les-activitats-a-can-mercader\/\" class=\"elementor-item\" tabindex=\"-1\">Las actividades en<br\/>Can Mercader<\/a><\/li>\n<li class=\"menu-item menu-item-type-post_type menu-item-object-page menu-item-66\"><a href=\"https:\/\/exposicioredescobrint.cornella.cat\/esp\/credits\/\" class=\"elementor-item\" tabindex=\"-1\">Cr\u00e9ditos<\/a><\/li>\n<\/ul>\t\t\t<\/nav>\n\t\t\t\t\t\t<\/div>\n\t\t\t\t<\/div>\n\t\t\t\t<div class=\"elementor-element elementor-element-85a57d3 elementor-widget elementor-widget-image\" data-id=\"85a57d3\" data-element_type=\"widget\" data-widget_type=\"image.default\">\n\t\t\t\t<div class=\"elementor-widget-container\">\n\t\t\t\t\t\t\t\t\t\t\t\t\t\t\t<img loading=\"lazy\" decoding=\"async\" width=\"2016\" height=\"109\" src=\"https:\/\/exposicioredescobrint.cornella.cat\/wp-content\/uploads\/2023\/09\/MuroLineaCorto.png\" class=\"attachment-full size-full wp-image-2375\" alt=\"\" srcset=\"https:\/\/exposicioredescobrint.cornella.cat\/wp-content\/uploads\/2023\/09\/MuroLineaCorto.png 2016w, https:\/\/exposicioredescobrint.cornella.cat\/wp-content\/uploads\/2023\/09\/MuroLineaCorto-300x16.png 300w, https:\/\/exposicioredescobrint.cornella.cat\/wp-content\/uploads\/2023\/09\/MuroLineaCorto-1024x55.png 1024w, https:\/\/exposicioredescobrint.cornella.cat\/wp-content\/uploads\/2023\/09\/MuroLineaCorto-768x42.png 768w, https:\/\/exposicioredescobrint.cornella.cat\/wp-content\/uploads\/2023\/09\/MuroLineaCorto-1536x83.png 1536w, https:\/\/exposicioredescobrint.cornella.cat\/wp-content\/uploads\/2023\/09\/MuroLineaCorto-18x1.png 18w\" sizes=\"(max-width: 2016px) 100vw, 2016px\" \/>\t\t\t\t\t\t\t\t\t\t\t\t\t\t\t<\/div>\n\t\t\t\t<\/div>\n\t\t\t\t<div class=\"elementor-element elementor-element-ce28095 elementor-widget-divider--view-line elementor-widget elementor-widget-divider\" data-id=\"ce28095\" data-element_type=\"widget\" data-widget_type=\"divider.default\">\n\t\t\t\t<div class=\"elementor-widget-container\">\n\t\t\t\t\t\t\t<div class=\"elementor-divider\">\n\t\t\t<span class=\"elementor-divider-separator\">\n\t\t\t\t\t\t<\/span>\n\t\t<\/div>\n\t\t\t\t\t\t<\/div>\n\t\t\t\t<\/div>\n\t\t\t\t<div class=\"elementor-element elementor-element-6780405 elementor-widget elementor-widget-image\" data-id=\"6780405\" data-element_type=\"widget\" data-widget_type=\"image.default\">\n\t\t\t\t<div class=\"elementor-widget-container\">\n\t\t\t\t\t\t\t\t\t\t\t\t\t\t\t<img loading=\"lazy\" decoding=\"async\" width=\"1024\" height=\"323\" src=\"https:\/\/exposicioredescobrint.cornella.cat\/wp-content\/uploads\/2025\/02\/LogoAjuntament-1024x323-1.png\" class=\"attachment-full size-full wp-image-3045\" alt=\"\" srcset=\"https:\/\/exposicioredescobrint.cornella.cat\/wp-content\/uploads\/2025\/02\/LogoAjuntament-1024x323-1.png 1024w, https:\/\/exposicioredescobrint.cornella.cat\/wp-content\/uploads\/2025\/02\/LogoAjuntament-1024x323-1-300x95.png 300w, https:\/\/exposicioredescobrint.cornella.cat\/wp-content\/uploads\/2025\/02\/LogoAjuntament-1024x323-1-768x242.png 768w, https:\/\/exposicioredescobrint.cornella.cat\/wp-content\/uploads\/2025\/02\/LogoAjuntament-1024x323-1-18x6.png 18w\" sizes=\"(max-width: 1024px) 100vw, 1024px\" \/>\t\t\t\t\t\t\t\t\t\t\t\t\t\t\t<\/div>\n\t\t\t\t<\/div>\n\t\t\t\t<div class=\"elementor-element elementor-element-e55b829 elementor-widget elementor-widget-text-editor\" data-id=\"e55b829\" data-element_type=\"widget\" data-widget_type=\"text-editor.default\">\n\t\t\t\t<div class=\"elementor-widget-container\">\n\t\t\t\t\t\t\t\t\t<p style=\"text-align: center;\">@Ajuntament Cornell\u00e0 de Llobregat 2023<\/p>\t\t\t\t\t\t\t\t<\/div>\n\t\t\t\t<\/div>\n\t\t\t\t\t<\/div>\n\t\t<\/div>\n\t\t\t\t\t<\/div>\n\t\t<\/section>\n\t\t\t\t\t<\/div>\n\t\t<\/div>\n\t\t\t\t<div class=\"elementor-column elementor-col-66 elementor-top-column elementor-element elementor-element-7446b398\" data-id=\"7446b398\" data-element_type=\"column\">\n\t\t\t<div class=\"elementor-widget-wrap elementor-element-populated\">\n\t\t\t\t\t\t<section class=\"elementor-section elementor-inner-section elementor-element elementor-element-eaddeb3 elementor-section-full_width elementor-section-height-default elementor-section-height-default\" data-id=\"eaddeb3\" data-element_type=\"section\">\n\t\t\t\t\t\t<div class=\"elementor-container elementor-column-gap-wide\">\n\t\t\t\t\t<div class=\"elementor-column elementor-col-50 elementor-inner-column elementor-element elementor-element-e2c7503\" data-id=\"e2c7503\" data-element_type=\"column\">\n\t\t\t<div class=\"elementor-widget-wrap elementor-element-populated\">\n\t\t\t\t\t\t<div class=\"elementor-element elementor-element-eb2266b elementor-widget__width-initial elementor-widget elementor-widget-heading\" data-id=\"eb2266b\" data-element_type=\"widget\" data-widget_type=\"heading.default\">\n\t\t\t\t<div class=\"elementor-widget-container\">\n\t\t\t\t\t<h2 class=\"elementor-heading-title elementor-size-xl\">Can Mercader, pulm\u00f3n verde de la ciudad<\/h2>\t\t\t\t<\/div>\n\t\t\t\t<\/div>\n\t\t\t\t\t<\/div>\n\t\t<\/div>\n\t\t\t\t<div class=\"elementor-column elementor-col-50 elementor-inner-column elementor-element elementor-element-e5e5040\" data-id=\"e5e5040\" data-element_type=\"column\">\n\t\t\t<div class=\"elementor-widget-wrap elementor-element-populated\">\n\t\t\t\t\t\t<div class=\"elementor-element elementor-element-b1f30ad elementor-widget elementor-widget-spacer\" data-id=\"b1f30ad\" data-element_type=\"widget\" data-widget_type=\"spacer.default\">\n\t\t\t\t<div class=\"elementor-widget-container\">\n\t\t\t\t\t\t\t<div class=\"elementor-spacer\">\n\t\t\t<div class=\"elementor-spacer-inner\"><\/div>\n\t\t<\/div>\n\t\t\t\t\t\t<\/div>\n\t\t\t\t<\/div>\n\t\t\t\t<div class=\"elementor-element elementor-element-7c81683 elementor-widget elementor-widget-image\" data-id=\"7c81683\" data-element_type=\"widget\" id=\"amunt\" data-widget_type=\"image.default\">\n\t\t\t\t<div class=\"elementor-widget-container\">\n\t\t\t\t\t\t\t\t\t\t\t\t\t\t\t<img loading=\"lazy\" decoding=\"async\" width=\"2016\" height=\"109\" src=\"https:\/\/exposicioredescobrint.cornella.cat\/wp-content\/uploads\/2023\/09\/MuroLineaCorto.png\" class=\"attachment-full size-full wp-image-2375\" alt=\"\" srcset=\"https:\/\/exposicioredescobrint.cornella.cat\/wp-content\/uploads\/2023\/09\/MuroLineaCorto.png 2016w, https:\/\/exposicioredescobrint.cornella.cat\/wp-content\/uploads\/2023\/09\/MuroLineaCorto-300x16.png 300w, https:\/\/exposicioredescobrint.cornella.cat\/wp-content\/uploads\/2023\/09\/MuroLineaCorto-1024x55.png 1024w, https:\/\/exposicioredescobrint.cornella.cat\/wp-content\/uploads\/2023\/09\/MuroLineaCorto-768x42.png 768w, https:\/\/exposicioredescobrint.cornella.cat\/wp-content\/uploads\/2023\/09\/MuroLineaCorto-1536x83.png 1536w, https:\/\/exposicioredescobrint.cornella.cat\/wp-content\/uploads\/2023\/09\/MuroLineaCorto-18x1.png 18w\" sizes=\"(max-width: 2016px) 100vw, 2016px\" \/>\t\t\t\t\t\t\t\t\t\t\t\t\t\t\t<\/div>\n\t\t\t\t<\/div>\n\t\t\t\t\t<\/div>\n\t\t<\/div>\n\t\t\t\t\t<\/div>\n\t\t<\/section>\n\t\t\t\t<section class=\"elementor-section elementor-inner-section elementor-element elementor-element-1be9623 elementor-section-full_width elementor-section-height-default elementor-section-height-default\" data-id=\"1be9623\" data-element_type=\"section\">\n\t\t\t\t\t\t<div class=\"elementor-container elementor-column-gap-wide\">\n\t\t\t\t\t<div class=\"elementor-column elementor-col-50 elementor-inner-column elementor-element elementor-element-5f91e2e\" data-id=\"5f91e2e\" data-element_type=\"column\">\n\t\t\t<div class=\"elementor-widget-wrap elementor-element-populated\">\n\t\t\t\t\t\t<div class=\"elementor-element elementor-element-7726886 elementor-widget elementor-widget-image\" data-id=\"7726886\" data-element_type=\"widget\" data-widget_type=\"image.default\">\n\t\t\t\t<div class=\"elementor-widget-container\">\n\t\t\t\t\t\t\t\t\t\t\t\t<figure class=\"wp-caption\">\n\t\t\t\t\t\t\t\t\t\t\t<a href=\"https:\/\/exposicioredescobrint.cornella.cat\/wp-content\/uploads\/2023\/07\/AMBIT-5-mapa-final_Pagina_1_Imagen_0001.jpg\" data-elementor-open-lightbox=\"yes\" data-elementor-lightbox-title=\"Ortofotografia: Institut Cartogr\u00e0fic i Geol\u00f2gic de Catalunya (ICGC) sota una llic\u00e8ncia CC BY 4.0. \" data-e-action-hash=\"#elementor-action%3Aaction%3Dlightbox%26settings%3DeyJpZCI6NTg5LCJ1cmwiOiJodHRwczpcL1wvZXhwb3NpY2lvcmVkZXNjb2JyaW50LmNvcm5lbGxhLmNhdFwvd3AtY29udGVudFwvdXBsb2Fkc1wvMjAyM1wvMDdcL0FNQklULTUtbWFwYS1maW5hbF9QYWdpbmFfMV9JbWFnZW5fMDAwMS5qcGcifQ%3D%3D\">\n\t\t\t\t\t\t\t<img loading=\"lazy\" decoding=\"async\" width=\"2530\" height=\"2003\" src=\"https:\/\/exposicioredescobrint.cornella.cat\/wp-content\/uploads\/2023\/07\/AMBIT-5-mapa-final_Pagina_1_Imagen_0001.jpg\" class=\"attachment-full size-full wp-image-589\" alt=\"\" srcset=\"https:\/\/exposicioredescobrint.cornella.cat\/wp-content\/uploads\/2023\/07\/AMBIT-5-mapa-final_Pagina_1_Imagen_0001.jpg 2530w, https:\/\/exposicioredescobrint.cornella.cat\/wp-content\/uploads\/2023\/07\/AMBIT-5-mapa-final_Pagina_1_Imagen_0001-300x238.jpg 300w, https:\/\/exposicioredescobrint.cornella.cat\/wp-content\/uploads\/2023\/07\/AMBIT-5-mapa-final_Pagina_1_Imagen_0001-1024x811.jpg 1024w, https:\/\/exposicioredescobrint.cornella.cat\/wp-content\/uploads\/2023\/07\/AMBIT-5-mapa-final_Pagina_1_Imagen_0001-768x608.jpg 768w, https:\/\/exposicioredescobrint.cornella.cat\/wp-content\/uploads\/2023\/07\/AMBIT-5-mapa-final_Pagina_1_Imagen_0001-1536x1216.jpg 1536w, https:\/\/exposicioredescobrint.cornella.cat\/wp-content\/uploads\/2023\/07\/AMBIT-5-mapa-final_Pagina_1_Imagen_0001-2048x1621.jpg 2048w, https:\/\/exposicioredescobrint.cornella.cat\/wp-content\/uploads\/2023\/07\/AMBIT-5-mapa-final_Pagina_1_Imagen_0001-15x12.jpg 15w\" sizes=\"(max-width: 2530px) 100vw, 2530px\" \/>\t\t\t\t\t\t\t\t<\/a>\n\t\t\t\t\t\t\t\t\t\t\t<figcaption class=\"widget-image-caption wp-caption-text\">Ortofotograf\u00eda: Instituto Cartogr\u00e1fico y Geol\u00f3gico de Catalu\u00f1a (ICGC) bajo una licencia CC BY 4.0. <\/figcaption>\n\t\t\t\t\t\t\t\t\t\t<\/figure>\n\t\t\t\t\t\t\t\t\t<\/div>\n\t\t\t\t<\/div>\n\t\t\t\t\t<\/div>\n\t\t<\/div>\n\t\t\t\t<div class=\"elementor-column elementor-col-50 elementor-inner-column elementor-element elementor-element-a631ab1\" data-id=\"a631ab1\" data-element_type=\"column\">\n\t\t\t<div class=\"elementor-widget-wrap elementor-element-populated\">\n\t\t\t\t\t\t<div class=\"elementor-element elementor-element-1d02779 elementor-widget elementor-widget-text-editor\" data-id=\"1d02779\" data-element_type=\"widget\" data-widget_type=\"text-editor.default\">\n\t\t\t\t<div class=\"elementor-widget-container\">\n\t\t\t\t\t\t\t\t\t<p>Un parque debe ser un espacio verde donde predomine la naturaleza y donde los vecinos y vecinas puedan disfrutar.<br \/>En este sentido, Can Mercader es el pulm\u00f3n m\u00e1s importante de la ciudad y un espacio en el que se puede observar y aprender sobre la diversidad de especies animales y vegetales.<br \/>La historia del parque y las nuevas actuaciones han hecho de Can Mercader un mosaico vegetal muy rico y diverso.<\/p>\t\t\t\t\t\t\t\t<\/div>\n\t\t\t\t<\/div>\n\t\t\t\t\t<\/div>\n\t\t<\/div>\n\t\t\t\t\t<\/div>\n\t\t<\/section>\n\t\t\t\t<div class=\"elementor-element elementor-element-21ea45c elementor-widget elementor-widget-image\" data-id=\"21ea45c\" data-element_type=\"widget\" data-widget_type=\"image.default\">\n\t\t\t\t<div class=\"elementor-widget-container\">\n\t\t\t\t\t\t\t\t\t\t\t\t\t\t\t<img loading=\"lazy\" decoding=\"async\" width=\"3870\" height=\"109\" src=\"https:\/\/exposicioredescobrint.cornella.cat\/wp-content\/uploads\/2023\/09\/MuroLinea.png\" class=\"attachment-full size-full wp-image-2373\" alt=\"\" srcset=\"https:\/\/exposicioredescobrint.cornella.cat\/wp-content\/uploads\/2023\/09\/MuroLinea.png 3870w, https:\/\/exposicioredescobrint.cornella.cat\/wp-content\/uploads\/2023\/09\/MuroLinea-300x8.png 300w, https:\/\/exposicioredescobrint.cornella.cat\/wp-content\/uploads\/2023\/09\/MuroLinea-1024x29.png 1024w, https:\/\/exposicioredescobrint.cornella.cat\/wp-content\/uploads\/2023\/09\/MuroLinea-768x22.png 768w, https:\/\/exposicioredescobrint.cornella.cat\/wp-content\/uploads\/2023\/09\/MuroLinea-1536x43.png 1536w, https:\/\/exposicioredescobrint.cornella.cat\/wp-content\/uploads\/2023\/09\/MuroLinea-2048x58.png 2048w, https:\/\/exposicioredescobrint.cornella.cat\/wp-content\/uploads\/2023\/09\/MuroLinea-18x1.png 18w\" sizes=\"(max-width: 3870px) 100vw, 3870px\" \/>\t\t\t\t\t\t\t\t\t\t\t\t\t\t\t<\/div>\n\t\t\t\t<\/div>\n\t\t\t\t<section class=\"elementor-section elementor-inner-section elementor-element elementor-element-007e012 elementor-section-full_width elementor-section-height-default elementor-section-height-default\" data-id=\"007e012\" data-element_type=\"section\">\n\t\t\t\t\t\t<div class=\"elementor-container elementor-column-gap-wide\">\n\t\t\t\t\t<div class=\"elementor-column elementor-col-33 elementor-inner-column elementor-element elementor-element-0ccbc78\" data-id=\"0ccbc78\" data-element_type=\"column\">\n\t\t\t<div class=\"elementor-widget-wrap elementor-element-populated\">\n\t\t\t\t\t\t<div class=\"elementor-element elementor-element-cf597af elementor-widget__width-initial elementor-widget elementor-widget-heading\" data-id=\"cf597af\" data-element_type=\"widget\" data-widget_type=\"heading.default\">\n\t\t\t\t<div class=\"elementor-widget-container\">\n\t\t\t\t\t<h2 class=\"elementor-heading-title elementor-size-xl\">El agua y el parque <\/h2>\t\t\t\t<\/div>\n\t\t\t\t<\/div>\n\t\t\t\t<div class=\"elementor-element elementor-element-98df328 elementor-widget elementor-widget-text-editor\" data-id=\"98df328\" data-element_type=\"widget\" data-widget_type=\"text-editor.default\">\n\t\t\t\t<div class=\"elementor-widget-container\">\n\t\t\t\t\t\t\t\t\t<p><span class=\"TextRun SCXW93084833 BCX0\" lang=\"CA-ES\" xml:lang=\"CA-ES\" data-contrast=\"auto\"><span class=\"NormalTextRun SCXW93084833 BCX0\" data-ccp-parastyle=\"Normal0\" data-ccp-parastyle-defn=\"{&quot;ObjectId&quot;:&quot;9e1c1e31-2d87-489d-a231-419b654d51e5|21&quot;,&quot;ClassId&quot;:1073872969,&quot;Properties&quot;:[469775450,&quot;Normal0&quot;,201340122,&quot;2&quot;,134233614,&quot;true&quot;,469778129,&quot;Normal0&quot;,335572020,&quot;1&quot;,335559739,&quot;240&quot;,335559738,&quot;240&quot;,335551550,&quot;6&quot;,335551620,&quot;6&quot;,469778325,&quot;[\\&quot;heading 10\\&quot;,\\&quot;heading 20\\&quot;,\\&quot;heading 30\\&quot;,\\&quot;heading 40\\&quot;,\\&quot;heading 50\\&quot;,\\&quot;heading 60\\&quot;,\\&quot;Title0\\&quot;,\\&quot;Subtitle\\&quot;,\\&quot;Balloon Text\\&quot;,\\&quot;List Paragraph\\&quot;,\\&quot;Subtitle0\\&quot;]&quot;]}\">Como en toda finca, un elemento que ha configurado el parque es el agua. En Can Mercader, hay dos actuaciones que produjeron cambios importantes: la mina de agua y el Canal de la Infanta. Las obras de urbanizaci\u00f3n del parque de 1989 terminaron de configurar<\/span><span class=\"NormalTextRun SCXW93084833 BCX0\" data-ccp-parastyle=\"Normal0\"> el paisaje acu\u00e1tico actual.<\/span><\/span><span class=\"EOP SCXW93084833 BCX0\" data-ccp-props=\"{&quot;335551550&quot;:6,&quot;335551620&quot;:6,&quot;335559738&quot;:240,&quot;335559739&quot;:240}\">\u00a0<\/span><\/p>\t\t\t\t\t\t\t\t<\/div>\n\t\t\t\t<\/div>\n\t\t\t\t\t<\/div>\n\t\t<\/div>\n\t\t\t\t<div class=\"elementor-column elementor-col-33 elementor-inner-column elementor-element elementor-element-0f62b06\" data-id=\"0f62b06\" data-element_type=\"column\">\n\t\t\t<div class=\"elementor-widget-wrap elementor-element-populated\">\n\t\t\t\t\t\t<div class=\"elementor-element elementor-element-dec4202 elementor-widget elementor-widget-image\" data-id=\"dec4202\" data-element_type=\"widget\" data-widget_type=\"image.default\">\n\t\t\t\t<div class=\"elementor-widget-container\">\n\t\t\t\t\t\t\t\t\t\t\t\t<figure class=\"wp-caption\">\n\t\t\t\t\t\t\t\t\t\t<img loading=\"lazy\" decoding=\"async\" width=\"800\" height=\"693\" src=\"https:\/\/exposicioredescobrint.cornella.cat\/wp-content\/uploads\/2023\/09\/66.-Foto-1-Font-ornamental-1024x887.jpg\" class=\"attachment-large size-large wp-image-2536\" alt=\"\" srcset=\"https:\/\/exposicioredescobrint.cornella.cat\/wp-content\/uploads\/2023\/09\/66.-Foto-1-Font-ornamental-1024x887.jpg 1024w, https:\/\/exposicioredescobrint.cornella.cat\/wp-content\/uploads\/2023\/09\/66.-Foto-1-Font-ornamental-300x260.jpg 300w, https:\/\/exposicioredescobrint.cornella.cat\/wp-content\/uploads\/2023\/09\/66.-Foto-1-Font-ornamental-768x665.jpg 768w, https:\/\/exposicioredescobrint.cornella.cat\/wp-content\/uploads\/2023\/09\/66.-Foto-1-Font-ornamental-14x12.jpg 14w, https:\/\/exposicioredescobrint.cornella.cat\/wp-content\/uploads\/2023\/09\/66.-Foto-1-Font-ornamental.jpg 1460w\" sizes=\"(max-width: 800px) 100vw, 800px\" \/>\t\t\t\t\t\t\t\t\t\t\t<figcaption class=\"widget-image-caption wp-caption-text\">Fuente ornamental frente al palacio a principios de siglo XX y actualmente. \n<\/figcaption>\n\t\t\t\t\t\t\t\t\t\t<\/figure>\n\t\t\t\t\t\t\t\t\t<\/div>\n\t\t\t\t<\/div>\n\t\t\t\t\t<\/div>\n\t\t<\/div>\n\t\t\t\t<div class=\"elementor-column elementor-col-33 elementor-inner-column elementor-element elementor-element-d0770d6\" data-id=\"d0770d6\" data-element_type=\"column\">\n\t\t\t<div class=\"elementor-widget-wrap elementor-element-populated\">\n\t\t\t\t\t\t<div class=\"elementor-element elementor-element-2d74140 elementor-widget elementor-widget-image-gallery\" data-id=\"2d74140\" data-element_type=\"widget\" data-widget_type=\"image-gallery.default\">\n\t\t\t\t<div class=\"elementor-widget-container\">\n\t\t\t\t\t\t\t<div class=\"elementor-image-gallery\">\n\t\t\t<div id='gallery-1' class='gallery galleryid-14 gallery-columns-3 gallery-size-full'><figure class='gallery-item'>\n\t\t\t<div class='gallery-icon landscape'>\n\t\t\t\t<a data-elementor-open-lightbox=\"yes\" data-elementor-lightbox-slideshow=\"2d74140\" data-elementor-lightbox-title=\"En aquest estany el pont podia girar, fet que permetia que una barqueta pogu\u00e9s donar la volta a l\u2019illa.   Fotografia: Rr. \" data-e-action-hash=\"#elementor-action%3Aaction%3Dlightbox%26settings%3DeyJpZCI6MzA0LCJ1cmwiOiJodHRwczpcL1wvZXhwb3NpY2lvcmVkZXNjb2JyaW50LmNvcm5lbGxhLmNhdFwvd3AtY29udGVudFwvdXBsb2Fkc1wvMjAyM1wvMDdcL0FNQklULTUtZmluYWxfUGFnaW5hXzFfSW1hZ2VuXzAwMDEtc2NhbGVkLmpwZyIsInNsaWRlc2hvdyI6IjJkNzQxNDAifQ%3D%3D\" href='https:\/\/exposicioredescobrint.cornella.cat\/wp-content\/uploads\/2023\/07\/AMBIT-5-final_Pagina_1_Imagen_0001-scaled.jpg'><img loading=\"lazy\" decoding=\"async\" width=\"2560\" height=\"1706\" src=\"https:\/\/exposicioredescobrint.cornella.cat\/wp-content\/uploads\/2023\/07\/AMBIT-5-final_Pagina_1_Imagen_0001-scaled.jpg\" class=\"attachment-full size-full\" alt=\"\" aria-describedby=\"gallery-1-304\" srcset=\"https:\/\/exposicioredescobrint.cornella.cat\/wp-content\/uploads\/2023\/07\/AMBIT-5-final_Pagina_1_Imagen_0001-scaled.jpg 2560w, https:\/\/exposicioredescobrint.cornella.cat\/wp-content\/uploads\/2023\/07\/AMBIT-5-final_Pagina_1_Imagen_0001-300x200.jpg 300w, https:\/\/exposicioredescobrint.cornella.cat\/wp-content\/uploads\/2023\/07\/AMBIT-5-final_Pagina_1_Imagen_0001-1024x683.jpg 1024w, https:\/\/exposicioredescobrint.cornella.cat\/wp-content\/uploads\/2023\/07\/AMBIT-5-final_Pagina_1_Imagen_0001-768x512.jpg 768w, https:\/\/exposicioredescobrint.cornella.cat\/wp-content\/uploads\/2023\/07\/AMBIT-5-final_Pagina_1_Imagen_0001-1536x1024.jpg 1536w, https:\/\/exposicioredescobrint.cornella.cat\/wp-content\/uploads\/2023\/07\/AMBIT-5-final_Pagina_1_Imagen_0001-2048x1365.jpg 2048w\" sizes=\"(max-width: 2560px) 100vw, 2560px\" \/><\/a>\n\t\t\t<\/div>\n\t\t\t\t<figcaption class='wp-caption-text gallery-caption' id='gallery-1-304'>\n\t\t\t\tEn este estanque el puente pod\u00eda girar, lo que permit\u00eda que una barquita pudiera dar la vuelta a la isla.\nFotograf\u00eda: Rr. \n\t\t\t\t<\/figcaption><\/figure><figure class='gallery-item'>\n\t\t\t<div class='gallery-icon landscape'>\n\t\t\t\t<a data-elementor-open-lightbox=\"yes\" data-elementor-lightbox-slideshow=\"2d74140\" data-elementor-lightbox-title=\"Estany situat darrere del palau. Fotografia: Rr. \" data-e-action-hash=\"#elementor-action%3Aaction%3Dlightbox%26settings%3DeyJpZCI6MzA1LCJ1cmwiOiJodHRwczpcL1wvZXhwb3NpY2lvcmVkZXNjb2JyaW50LmNvcm5lbGxhLmNhdFwvd3AtY29udGVudFwvdXBsb2Fkc1wvMjAyM1wvMDdcL0FNQklULTUtZmluYWxfUGFnaW5hXzFfSW1hZ2VuXzAwMDItc2NhbGVkLmpwZyIsInNsaWRlc2hvdyI6IjJkNzQxNDAifQ%3D%3D\" href='https:\/\/exposicioredescobrint.cornella.cat\/wp-content\/uploads\/2023\/07\/AMBIT-5-final_Pagina_1_Imagen_0002-scaled.jpg'><img loading=\"lazy\" decoding=\"async\" width=\"2560\" height=\"1706\" src=\"https:\/\/exposicioredescobrint.cornella.cat\/wp-content\/uploads\/2023\/07\/AMBIT-5-final_Pagina_1_Imagen_0002-scaled.jpg\" class=\"attachment-full size-full\" alt=\"\" aria-describedby=\"gallery-1-305\" srcset=\"https:\/\/exposicioredescobrint.cornella.cat\/wp-content\/uploads\/2023\/07\/AMBIT-5-final_Pagina_1_Imagen_0002-scaled.jpg 2560w, https:\/\/exposicioredescobrint.cornella.cat\/wp-content\/uploads\/2023\/07\/AMBIT-5-final_Pagina_1_Imagen_0002-300x200.jpg 300w, https:\/\/exposicioredescobrint.cornella.cat\/wp-content\/uploads\/2023\/07\/AMBIT-5-final_Pagina_1_Imagen_0002-1024x683.jpg 1024w, https:\/\/exposicioredescobrint.cornella.cat\/wp-content\/uploads\/2023\/07\/AMBIT-5-final_Pagina_1_Imagen_0002-768x512.jpg 768w, https:\/\/exposicioredescobrint.cornella.cat\/wp-content\/uploads\/2023\/07\/AMBIT-5-final_Pagina_1_Imagen_0002-1536x1024.jpg 1536w, https:\/\/exposicioredescobrint.cornella.cat\/wp-content\/uploads\/2023\/07\/AMBIT-5-final_Pagina_1_Imagen_0002-2048x1365.jpg 2048w\" sizes=\"(max-width: 2560px) 100vw, 2560px\" \/><\/a>\n\t\t\t<\/div>\n\t\t\t\t<figcaption class='wp-caption-text gallery-caption' id='gallery-1-305'>\n\t\t\t\tEstanque situado tras el palacio.\nFotograf\u00eda: Rr. \n\t\t\t\t<\/figcaption><\/figure><figure class='gallery-item'>\n\t\t\t<div class='gallery-icon landscape'>\n\t\t\t\t<a data-elementor-open-lightbox=\"yes\" data-elementor-lightbox-slideshow=\"2d74140\" data-elementor-lightbox-title=\"Bany de la planta noble del Museu Palau Mercader.   Fotografia: Rr. \" data-e-action-hash=\"#elementor-action%3Aaction%3Dlightbox%26settings%3DeyJpZCI6MzA3LCJ1cmwiOiJodHRwczpcL1wvZXhwb3NpY2lvcmVkZXNjb2JyaW50LmNvcm5lbGxhLmNhdFwvd3AtY29udGVudFwvdXBsb2Fkc1wvMjAyM1wvMDdcL0FNQklULTUtZmluYWxfUGFnaW5hXzFfSW1hZ2VuXzAwMDQtc2NhbGVkLmpwZyIsInNsaWRlc2hvdyI6IjJkNzQxNDAifQ%3D%3D\" href='https:\/\/exposicioredescobrint.cornella.cat\/wp-content\/uploads\/2023\/07\/AMBIT-5-final_Pagina_1_Imagen_0004-scaled.jpg'><img loading=\"lazy\" decoding=\"async\" width=\"2560\" height=\"1707\" src=\"https:\/\/exposicioredescobrint.cornella.cat\/wp-content\/uploads\/2023\/07\/AMBIT-5-final_Pagina_1_Imagen_0004-scaled.jpg\" class=\"attachment-full size-full\" alt=\"\" aria-describedby=\"gallery-1-307\" srcset=\"https:\/\/exposicioredescobrint.cornella.cat\/wp-content\/uploads\/2023\/07\/AMBIT-5-final_Pagina_1_Imagen_0004-scaled.jpg 2560w, https:\/\/exposicioredescobrint.cornella.cat\/wp-content\/uploads\/2023\/07\/AMBIT-5-final_Pagina_1_Imagen_0004-300x200.jpg 300w, https:\/\/exposicioredescobrint.cornella.cat\/wp-content\/uploads\/2023\/07\/AMBIT-5-final_Pagina_1_Imagen_0004-1024x683.jpg 1024w, https:\/\/exposicioredescobrint.cornella.cat\/wp-content\/uploads\/2023\/07\/AMBIT-5-final_Pagina_1_Imagen_0004-768x512.jpg 768w, https:\/\/exposicioredescobrint.cornella.cat\/wp-content\/uploads\/2023\/07\/AMBIT-5-final_Pagina_1_Imagen_0004-1536x1024.jpg 1536w, https:\/\/exposicioredescobrint.cornella.cat\/wp-content\/uploads\/2023\/07\/AMBIT-5-final_Pagina_1_Imagen_0004-2048x1365.jpg 2048w\" sizes=\"(max-width: 2560px) 100vw, 2560px\" \/><\/a>\n\t\t\t<\/div>\n\t\t\t\t<figcaption class='wp-caption-text gallery-caption' id='gallery-1-307'>\n\t\t\t\tBa\u00f1o de la planta noble del Museu Palau Mercader.\nFotograf\u00eda: Rr. \n\t\t\t\t<\/figcaption><\/figure>\n\t\t<\/div>\n\t\t<\/div>\n\t\t\t\t\t\t<\/div>\n\t\t\t\t<\/div>\n\t\t\t\t\t<\/div>\n\t\t<\/div>\n\t\t\t\t\t<\/div>\n\t\t<\/section>\n\t\t\t\t<section class=\"elementor-section elementor-inner-section elementor-element elementor-element-7799636 elementor-section-full_width elementor-section-height-default elementor-section-height-default\" data-id=\"7799636\" data-element_type=\"section\">\n\t\t\t\t\t\t<div class=\"elementor-container elementor-column-gap-wide\">\n\t\t\t\t\t<div class=\"elementor-column elementor-col-33 elementor-inner-column elementor-element elementor-element-6fe4045\" data-id=\"6fe4045\" data-element_type=\"column\">\n\t\t\t<div class=\"elementor-widget-wrap elementor-element-populated\">\n\t\t\t\t\t\t<div class=\"elementor-element elementor-element-77db5dc elementor-widget elementor-widget-heading\" data-id=\"77db5dc\" data-element_type=\"widget\" data-widget_type=\"heading.default\">\n\t\t\t\t<div class=\"elementor-widget-container\">\n\t\t\t\t\t<h2 class=\"elementor-heading-title elementor-size-xl\">Un canal al servicio de la agricultura <\/h2>\t\t\t\t<\/div>\n\t\t\t\t<\/div>\n\t\t\t\t<div class=\"elementor-element elementor-element-6da2623 elementor-widget elementor-widget-text-editor\" data-id=\"6da2623\" data-element_type=\"widget\" data-widget_type=\"text-editor.default\">\n\t\t\t\t<div class=\"elementor-widget-container\">\n\t\t\t\t\t\t\t\t\t<p><span class=\"TextRun SCXW264690839 BCX0\" lang=\"CA-ES\" xml:lang=\"CA-ES\" data-contrast=\"auto\"><span class=\"NormalTextRun SCXW264690839 BCX0\" data-ccp-parastyle=\"Normal0\" data-ccp-parastyle-defn=\"{&quot;ObjectId&quot;:&quot;9e1c1e31-2d87-489d-a231-419b654d51e5|21&quot;,&quot;ClassId&quot;:1073872969,&quot;Properties&quot;:[469775450,&quot;Normal0&quot;,201340122,&quot;2&quot;,134233614,&quot;true&quot;,469778129,&quot;Normal0&quot;,335572020,&quot;1&quot;,335559739,&quot;240&quot;,335559738,&quot;240&quot;,335551550,&quot;6&quot;,335551620,&quot;6&quot;,469778325,&quot;[\\&quot;heading 10\\&quot;,\\&quot;heading 20\\&quot;,\\&quot;heading 30\\&quot;,\\&quot;heading 40\\&quot;,\\&quot;heading 50\\&quot;,\\&quot;heading 60\\&quot;,\\&quot;Title0\\&quot;,\\&quot;Subtitle\\&quot;,\\&quot;Balloon Text\\&quot;,\\&quot;List Paragraph\\&quot;,\\&quot;Subtitle0\\&quot;]&quot;]}\">La p<\/span><span class=\"NormalTextRun SCXW264690839 BCX0\" data-ccp-parastyle=\"Normal0\">uesta en funcionamiento del Canal de la Infanta en 1819 supuso un cambio muy importante en la econom\u00eda de la finca. Todas las tierras de la parte baja pasaron a ser de regad\u00edo y, en aquellos momentos, cuando a\u00fan no se hab\u00eda vendido la parte <\/span><span class=\"NormalTextRun SCXW264690839 BCX0\" data-ccp-parastyle=\"Normal0\">de Almeda<\/span><span class=\"NormalTextRun SCXW264690839 BCX0\" data-ccp-parastyle=\"Normal0\">significaba<\/span><span class=\"NormalTextRun SCXW264690839 BCX0\" data-ccp-parastyle=\"Normal0\">unas 31 hect\u00e1reas que pod\u00edan regarse y, por tanto, obtener m\u00e1s y mejores cosechas y m\u00e1s diversificaci\u00f3n de productos.<\/span><\/span><span class=\"EOP SCXW264690839 BCX0\" data-ccp-props=\"{&quot;335551550&quot;:6,&quot;335551620&quot;:6,&quot;335559738&quot;:0,&quot;335559739&quot;:160}\">\u00a0<\/span><\/p>\t\t\t\t\t\t\t\t<\/div>\n\t\t\t\t<\/div>\n\t\t\t\t<div class=\"elementor-element elementor-element-bb9ccce gallery-spacing-custom elementor-widget elementor-widget-image-gallery\" data-id=\"bb9ccce\" data-element_type=\"widget\" data-widget_type=\"image-gallery.default\">\n\t\t\t\t<div class=\"elementor-widget-container\">\n\t\t\t\t\t\t\t<div class=\"elementor-image-gallery\">\n\t\t\t<div id='gallery-2' class='gallery galleryid-14 gallery-columns-2 gallery-size-full'><figure class='gallery-item'>\n\t\t\t<div class='gallery-icon portrait'>\n\t\t\t\t<a data-elementor-open-lightbox=\"yes\" data-elementor-lightbox-slideshow=\"bb9ccce\" data-elementor-lightbox-title=\"La regadora del mol\u00ed, paral\u00b7lela a la carretera de l\u2019Hospitalet, amb la casa Busquets al fons.   Fotografia: AHCL. Col\u00b7lecci\u00f3: L\u2019Abans. Fons: Ramon Cusc\u00f3 Marig\u00f3. \" data-e-action-hash=\"#elementor-action%3Aaction%3Dlightbox%26settings%3DeyJpZCI6MjU0MSwidXJsIjoiaHR0cHM6XC9cL2V4cG9zaWNpb3JlZGVzY29icmludC5jb3JuZWxsYS5jYXRcL3dwLWNvbnRlbnRcL3VwbG9hZHNcLzIwMjNcLzA5XC8wMi5qcGciLCJzbGlkZXNob3ciOiJiYjljY2NlIn0%3D\" href='https:\/\/exposicioredescobrint.cornella.cat\/wp-content\/uploads\/2023\/09\/02.jpg'><img loading=\"lazy\" decoding=\"async\" width=\"1500\" height=\"2000\" src=\"https:\/\/exposicioredescobrint.cornella.cat\/wp-content\/uploads\/2023\/09\/02.jpg\" class=\"attachment-full size-full\" alt=\"\" aria-describedby=\"gallery-2-2541\" srcset=\"https:\/\/exposicioredescobrint.cornella.cat\/wp-content\/uploads\/2023\/09\/02.jpg 1500w, https:\/\/exposicioredescobrint.cornella.cat\/wp-content\/uploads\/2023\/09\/02-225x300.jpg 225w, https:\/\/exposicioredescobrint.cornella.cat\/wp-content\/uploads\/2023\/09\/02-768x1024.jpg 768w, https:\/\/exposicioredescobrint.cornella.cat\/wp-content\/uploads\/2023\/09\/02-1152x1536.jpg 1152w, https:\/\/exposicioredescobrint.cornella.cat\/wp-content\/uploads\/2023\/09\/02-9x12.jpg 9w\" sizes=\"(max-width: 1500px) 100vw, 1500px\" \/><\/a>\n\t\t\t<\/div>\n\t\t\t\t<figcaption class='wp-caption-text gallery-caption' id='gallery-2-2541'>\n\t\t\t\tLa regadora del molino, paralela a la carretera de L\u2019Hospitalet, con la casa Busquets al fondo.\nFotograf\u00eda: AHCL. Colecci\u00f3n: L\u2019Abans. Fondo: Ramon Cusc\u00f3 Marig\u00f3. \n\t\t\t\t<\/figcaption><\/figure><figure class='gallery-item'>\n\t\t\t<div class='gallery-icon portrait'>\n\t\t\t\t<a data-elementor-open-lightbox=\"yes\" data-elementor-lightbox-slideshow=\"bb9ccce\" data-elementor-lightbox-title=\"El Canal de la Infanta, poc abans d\u2019entrar a la finca de Can Mercader.   Fotografia: AHCL. Col\u00b7lecci\u00f3: L\u2019Abans. Fons: Ramon Cusc\u00f3 Marig\" data-e-action-hash=\"#elementor-action%3Aaction%3Dlightbox%26settings%3DeyJpZCI6MjU0MiwidXJsIjoiaHR0cHM6XC9cL2V4cG9zaWNpb3JlZGVzY29icmludC5jb3JuZWxsYS5jYXRcL3dwLWNvbnRlbnRcL3VwbG9hZHNcLzIwMjNcLzA5XC8wMS5qcGciLCJzbGlkZXNob3ciOiJiYjljY2NlIn0%3D\" href='https:\/\/exposicioredescobrint.cornella.cat\/wp-content\/uploads\/2023\/09\/01.jpg'><img loading=\"lazy\" decoding=\"async\" width=\"1500\" height=\"2000\" src=\"https:\/\/exposicioredescobrint.cornella.cat\/wp-content\/uploads\/2023\/09\/01.jpg\" class=\"attachment-full size-full\" alt=\"\" aria-describedby=\"gallery-2-2542\" srcset=\"https:\/\/exposicioredescobrint.cornella.cat\/wp-content\/uploads\/2023\/09\/01.jpg 1500w, https:\/\/exposicioredescobrint.cornella.cat\/wp-content\/uploads\/2023\/09\/01-225x300.jpg 225w, https:\/\/exposicioredescobrint.cornella.cat\/wp-content\/uploads\/2023\/09\/01-768x1024.jpg 768w, https:\/\/exposicioredescobrint.cornella.cat\/wp-content\/uploads\/2023\/09\/01-1152x1536.jpg 1152w, https:\/\/exposicioredescobrint.cornella.cat\/wp-content\/uploads\/2023\/09\/01-9x12.jpg 9w\" sizes=\"(max-width: 1500px) 100vw, 1500px\" \/><\/a>\n\t\t\t<\/div>\n\t\t\t\t<figcaption class='wp-caption-text gallery-caption' id='gallery-2-2542'>\n\t\t\t\tEl Canal de la Infanta, poco antes de entrar en la finca de Can Mercader.\nFotograf\u00eda: AHCL. Colecci\u00f3n: L\u2019Abans. Fondo: Ramon Cusc\u00f3 Marig\u00f3.\n\t\t\t\t<\/figcaption><\/figure>\n\t\t<\/div>\n\t\t<\/div>\n\t\t\t\t\t\t<\/div>\n\t\t\t\t<\/div>\n\t\t\t\t\t<\/div>\n\t\t<\/div>\n\t\t\t\t<div class=\"elementor-column elementor-col-33 elementor-inner-column elementor-element elementor-element-c6cc037\" data-id=\"c6cc037\" data-element_type=\"column\">\n\t\t\t<div class=\"elementor-widget-wrap elementor-element-populated\">\n\t\t\t\t\t\t<div class=\"elementor-element elementor-element-bbdc5d8 elementor-widget elementor-widget-image\" data-id=\"bbdc5d8\" data-element_type=\"widget\" data-widget_type=\"image.default\">\n\t\t\t\t<div class=\"elementor-widget-container\">\n\t\t\t\t\t\t\t\t\t\t\t\t<figure class=\"wp-caption\">\n\t\t\t\t\t\t\t\t\t\t<img loading=\"lazy\" decoding=\"async\" width=\"255\" height=\"532\" src=\"https:\/\/exposicioredescobrint.cornella.cat\/wp-content\/uploads\/2023\/07\/Captura-de-pantalla-2023-07-02-134440-e1688298334346.png\" class=\"attachment-full size-full wp-image-311\" alt=\"\" srcset=\"https:\/\/exposicioredescobrint.cornella.cat\/wp-content\/uploads\/2023\/07\/Captura-de-pantalla-2023-07-02-134440-e1688298334346.png 255w, https:\/\/exposicioredescobrint.cornella.cat\/wp-content\/uploads\/2023\/07\/Captura-de-pantalla-2023-07-02-134440-e1688298334346-144x300.png 144w\" sizes=\"(max-width: 255px) 100vw, 255px\" \/>\t\t\t\t\t\t\t\t\t\t\t<figcaption class=\"widget-image-caption wp-caption-text\">Fotograf\u00eda a\u00e9rea de 1958 en la que se ve la zona de secano y la zona de regad\u00edo separadas por el Canal de la Infanta.\n\nFotoplano 1:5.000 ICGC Fondo C.E.T.F.A. RF 40511 Propuesta gr\u00e1fica: Rr. <\/figcaption>\n\t\t\t\t\t\t\t\t\t\t<\/figure>\n\t\t\t\t\t\t\t\t\t<\/div>\n\t\t\t\t<\/div>\n\t\t\t\t\t<\/div>\n\t\t<\/div>\n\t\t\t\t<div class=\"elementor-column elementor-col-33 elementor-inner-column elementor-element elementor-element-5db8079\" data-id=\"5db8079\" data-element_type=\"column\">\n\t\t\t<div class=\"elementor-widget-wrap elementor-element-populated\">\n\t\t\t\t\t\t<div class=\"elementor-element elementor-element-ed144bc elementor-widget elementor-widget-heading\" data-id=\"ed144bc\" data-element_type=\"widget\" data-widget_type=\"heading.default\">\n\t\t\t\t<div class=\"elementor-widget-container\">\n\t\t\t\t\t<h2 class=\"elementor-heading-title elementor-size-large\">El agua en la nueva urbanizaci\u00f3n. La conexi\u00f3n a la red <\/h2>\t\t\t\t<\/div>\n\t\t\t\t<\/div>\n\t\t\t\t<div class=\"elementor-element elementor-element-64c3225 elementor-widget elementor-widget-text-editor\" data-id=\"64c3225\" data-element_type=\"widget\" data-widget_type=\"text-editor.default\">\n\t\t\t\t<div class=\"elementor-widget-container\">\n\t\t\t\t\t\t\t\t\t<p><span data-contrast=\"auto\">De la nueva urbanizaci\u00f3n del parque realizada entre 1986 y 1989, cabe destacar el nuevo y gran estanque situado al oeste del palacio. Con una superficie de 1.625 m2<\/span><span data-contrast=\"auto\">2<\/span><span data-contrast=\"auto\"> de l\u00e1mina de agua, se convirti\u00f3 en uno de los puntos m\u00e1s atractivos del parque y en una zona de paso y de h\u00e1bitat de aves.<\/span><span data-ccp-props=\"{&quot;335551550&quot;:6,&quot;335551620&quot;:6,&quot;335559738&quot;:0,&quot;335559739&quot;:200}\">\u00a0<\/span><\/p><p><span data-contrast=\"auto\">Con la nueva urbanizaci\u00f3n, todas las instalaciones se conectaron a la red de agua potable de la ciudad. Esta instalaci\u00f3n asegur\u00f3 un suministro estable y posibilit\u00f3 sus nuevos usos.<\/span><span data-ccp-props=\"{&quot;335551550&quot;:6,&quot;335551620&quot;:6,&quot;335559738&quot;:240,&quot;335559739&quot;:240}\">\u00a0<\/span><\/p><p><span data-contrast=\"auto\">Otro punto importante, por lo que respecta a las nuevas instalaciones de agua, es la piscina municipal, que fue remodelada coincidiendo con las obras del parque.<\/span><span data-ccp-props=\"{&quot;335551550&quot;:6,&quot;335551620&quot;:6,&quot;335559738&quot;:240,&quot;335559739&quot;:240}\">\u00a0<\/span><\/p><p><span data-contrast=\"auto\">En 2022, se han llevado a cabo obras de mejora del sistema de riego y suministro de agua para mejorar su eficiencia y controlar su consumo. As\u00ed, por ejemplo, se ha incorporado un circuito cerrado a la fuente ornamental de delante del palacio.<\/span><span data-ccp-props=\"{&quot;335551550&quot;:6,&quot;335551620&quot;:6,&quot;335559738&quot;:240,&quot;335559739&quot;:240}\">\u00a0<\/span><\/p>\t\t\t\t\t\t\t\t<\/div>\n\t\t\t\t<\/div>\n\t\t\t\t<div class=\"elementor-element elementor-element-57445cd gallery-spacing-custom elementor-widget elementor-widget-image-gallery\" data-id=\"57445cd\" data-element_type=\"widget\" data-widget_type=\"image-gallery.default\">\n\t\t\t\t<div class=\"elementor-widget-container\">\n\t\t\t\t\t\t\t<div class=\"elementor-image-gallery\">\n\t\t\t<div id='gallery-3' class='gallery galleryid-14 gallery-columns-2 gallery-size-full'><figure class='gallery-item'>\n\t\t\t<div class='gallery-icon landscape'>\n\t\t\t\t<a data-elementor-open-lightbox=\"yes\" data-elementor-lightbox-slideshow=\"57445cd\" data-elementor-lightbox-title=\"Obres de remodelaci\u00f3 de la piscina municipal, recentment acabades, al final dels anys 1980. Fotografia: Ajuntament de Cornell\u00e0 de Llobregat. \" data-e-action-hash=\"#elementor-action%3Aaction%3Dlightbox%26settings%3DeyJpZCI6MzEyLCJ1cmwiOiJodHRwczpcL1wvZXhwb3NpY2lvcmVkZXNjb2JyaW50LmNvcm5lbGxhLmNhdFwvd3AtY29udGVudFwvdXBsb2Fkc1wvMjAyM1wvMDdcL0FNQklULTUtZmluYWxfUGFnaW5hXzFfSW1hZ2VuXzAwMDUtZTE2OTc3OTUyNDEyMzMuanBnIiwic2xpZGVzaG93IjoiNTc0NDVjZCJ9\" href='https:\/\/exposicioredescobrint.cornella.cat\/wp-content\/uploads\/2023\/07\/AMBIT-5-final_Pagina_1_Imagen_0005-e1697795241233.jpg'><img loading=\"lazy\" decoding=\"async\" width=\"1950\" height=\"1469\" src=\"https:\/\/exposicioredescobrint.cornella.cat\/wp-content\/uploads\/2023\/07\/AMBIT-5-final_Pagina_1_Imagen_0005-e1697795241233.jpg\" class=\"attachment-full size-full\" alt=\"\" aria-describedby=\"gallery-3-312\" srcset=\"https:\/\/exposicioredescobrint.cornella.cat\/wp-content\/uploads\/2023\/07\/AMBIT-5-final_Pagina_1_Imagen_0005-e1697795241233.jpg 1950w, https:\/\/exposicioredescobrint.cornella.cat\/wp-content\/uploads\/2023\/07\/AMBIT-5-final_Pagina_1_Imagen_0005-e1697795241233-300x226.jpg 300w, https:\/\/exposicioredescobrint.cornella.cat\/wp-content\/uploads\/2023\/07\/AMBIT-5-final_Pagina_1_Imagen_0005-e1697795241233-1024x771.jpg 1024w, https:\/\/exposicioredescobrint.cornella.cat\/wp-content\/uploads\/2023\/07\/AMBIT-5-final_Pagina_1_Imagen_0005-e1697795241233-768x579.jpg 768w, https:\/\/exposicioredescobrint.cornella.cat\/wp-content\/uploads\/2023\/07\/AMBIT-5-final_Pagina_1_Imagen_0005-e1697795241233-1536x1157.jpg 1536w, https:\/\/exposicioredescobrint.cornella.cat\/wp-content\/uploads\/2023\/07\/AMBIT-5-final_Pagina_1_Imagen_0005-e1697795241233-16x12.jpg 16w\" sizes=\"(max-width: 1950px) 100vw, 1950px\" \/><\/a>\n\t\t\t<\/div>\n\t\t\t\t<figcaption class='wp-caption-text gallery-caption' id='gallery-3-312'>\n\t\t\t\tObras de remodelaci\u00f3n de la piscina municipal, recientemente terminadas, a fines de los a\u00f1os 1980.\nFotograf\u00eda: Ajuntament  de Cornell\u00e0 de Llobregat. \n\t\t\t\t<\/figcaption><\/figure><figure class='gallery-item'>\n\t\t\t<div class='gallery-icon landscape'>\n\t\t\t\t<a data-elementor-open-lightbox=\"yes\" data-elementor-lightbox-slideshow=\"57445cd\" data-elementor-lightbox-title=\"Vista a\u00e8ria del llac gran de Can Mercader.Fotografia: Gerard Mart\u00ed Rodr\u00edguez.\" data-e-action-hash=\"#elementor-action%3Aaction%3Dlightbox%26settings%3DeyJpZCI6MzEzLCJ1cmwiOiJodHRwczpcL1wvZXhwb3NpY2lvcmVkZXNjb2JyaW50LmNvcm5lbGxhLmNhdFwvd3AtY29udGVudFwvdXBsb2Fkc1wvMjAyM1wvMDdcL0FNQklULTUtZmluYWxfUGFnaW5hXzFfSW1hZ2VuXzAwNDEtc2NhbGVkLmpwZyIsInNsaWRlc2hvdyI6IjU3NDQ1Y2QifQ%3D%3D\" href='https:\/\/exposicioredescobrint.cornella.cat\/wp-content\/uploads\/2023\/07\/AMBIT-5-final_Pagina_1_Imagen_0041-scaled.jpg'><img loading=\"lazy\" decoding=\"async\" width=\"2560\" height=\"1920\" src=\"https:\/\/exposicioredescobrint.cornella.cat\/wp-content\/uploads\/2023\/07\/AMBIT-5-final_Pagina_1_Imagen_0041-scaled.jpg\" class=\"attachment-full size-full\" alt=\"\" aria-describedby=\"gallery-3-313\" srcset=\"https:\/\/exposicioredescobrint.cornella.cat\/wp-content\/uploads\/2023\/07\/AMBIT-5-final_Pagina_1_Imagen_0041-scaled.jpg 2560w, https:\/\/exposicioredescobrint.cornella.cat\/wp-content\/uploads\/2023\/07\/AMBIT-5-final_Pagina_1_Imagen_0041-300x225.jpg 300w, https:\/\/exposicioredescobrint.cornella.cat\/wp-content\/uploads\/2023\/07\/AMBIT-5-final_Pagina_1_Imagen_0041-1024x768.jpg 1024w, https:\/\/exposicioredescobrint.cornella.cat\/wp-content\/uploads\/2023\/07\/AMBIT-5-final_Pagina_1_Imagen_0041-768x576.jpg 768w, https:\/\/exposicioredescobrint.cornella.cat\/wp-content\/uploads\/2023\/07\/AMBIT-5-final_Pagina_1_Imagen_0041-1536x1152.jpg 1536w, https:\/\/exposicioredescobrint.cornella.cat\/wp-content\/uploads\/2023\/07\/AMBIT-5-final_Pagina_1_Imagen_0041-2048x1536.jpg 2048w\" sizes=\"(max-width: 2560px) 100vw, 2560px\" \/><\/a>\n\t\t\t<\/div>\n\t\t\t\t<figcaption class='wp-caption-text gallery-caption' id='gallery-3-313'>\n\t\t\t\tVista a\u00e9rea del lago grande de Can Mercader.\nFotograf\u00eda: Gerard Mart\u00ed Rodr\u00edguez\n\t\t\t\t<\/figcaption><\/figure>\n\t\t<\/div>\n\t\t<\/div>\n\t\t\t\t\t\t<\/div>\n\t\t\t\t<\/div>\n\t\t\t\t\t<\/div>\n\t\t<\/div>\n\t\t\t\t\t<\/div>\n\t\t<\/section>\n\t\t\t\t<div class=\"elementor-element elementor-element-5d21ae6 elementor-widget elementor-widget-image\" data-id=\"5d21ae6\" data-element_type=\"widget\" data-widget_type=\"image.default\">\n\t\t\t\t<div class=\"elementor-widget-container\">\n\t\t\t\t\t\t\t\t\t\t\t\t\t\t\t<img loading=\"lazy\" decoding=\"async\" width=\"3870\" height=\"109\" src=\"https:\/\/exposicioredescobrint.cornella.cat\/wp-content\/uploads\/2023\/09\/MuroLinea.png\" class=\"attachment-full size-full wp-image-2373\" alt=\"\" srcset=\"https:\/\/exposicioredescobrint.cornella.cat\/wp-content\/uploads\/2023\/09\/MuroLinea.png 3870w, https:\/\/exposicioredescobrint.cornella.cat\/wp-content\/uploads\/2023\/09\/MuroLinea-300x8.png 300w, https:\/\/exposicioredescobrint.cornella.cat\/wp-content\/uploads\/2023\/09\/MuroLinea-1024x29.png 1024w, https:\/\/exposicioredescobrint.cornella.cat\/wp-content\/uploads\/2023\/09\/MuroLinea-768x22.png 768w, https:\/\/exposicioredescobrint.cornella.cat\/wp-content\/uploads\/2023\/09\/MuroLinea-1536x43.png 1536w, https:\/\/exposicioredescobrint.cornella.cat\/wp-content\/uploads\/2023\/09\/MuroLinea-2048x58.png 2048w, https:\/\/exposicioredescobrint.cornella.cat\/wp-content\/uploads\/2023\/09\/MuroLinea-18x1.png 18w\" sizes=\"(max-width: 3870px) 100vw, 3870px\" \/>\t\t\t\t\t\t\t\t\t\t\t\t\t\t\t<\/div>\n\t\t\t\t<\/div>\n\t\t\t\t<section class=\"elementor-section elementor-inner-section elementor-element elementor-element-4bf4ab7 elementor-section-full_width elementor-section-height-default elementor-section-height-default\" data-id=\"4bf4ab7\" data-element_type=\"section\">\n\t\t\t\t\t\t<div class=\"elementor-container elementor-column-gap-wide\">\n\t\t\t\t\t<div class=\"elementor-column elementor-col-50 elementor-inner-column elementor-element elementor-element-c4f8b46\" data-id=\"c4f8b46\" data-element_type=\"column\">\n\t\t\t<div class=\"elementor-widget-wrap elementor-element-populated\">\n\t\t\t\t\t\t<div class=\"elementor-element elementor-element-9e701ec elementor-widget__width-initial elementor-widget elementor-widget-heading\" data-id=\"9e701ec\" data-element_type=\"widget\" data-widget_type=\"heading.default\">\n\t\t\t\t<div class=\"elementor-widget-container\">\n\t\t\t\t\t<h2 class=\"elementor-heading-title elementor-size-xl\">La Vegetaci\u00f3n <\/h2>\t\t\t\t<\/div>\n\t\t\t\t<\/div>\n\t\t\t\t\t<\/div>\n\t\t<\/div>\n\t\t\t\t<div class=\"elementor-column elementor-col-50 elementor-inner-column elementor-element elementor-element-83bb787\" data-id=\"83bb787\" data-element_type=\"column\">\n\t\t\t<div class=\"elementor-widget-wrap\">\n\t\t\t\t\t\t\t<\/div>\n\t\t<\/div>\n\t\t\t\t\t<\/div>\n\t\t<\/section>\n\t\t\t\t<section class=\"elementor-section elementor-inner-section elementor-element elementor-element-99b5380 elementor-section-full_width elementor-section-height-default elementor-section-height-default\" data-id=\"99b5380\" data-element_type=\"section\">\n\t\t\t\t\t\t<div class=\"elementor-container elementor-column-gap-wide\">\n\t\t\t\t\t<div class=\"elementor-column elementor-col-50 elementor-inner-column elementor-element elementor-element-8a5c6e5\" data-id=\"8a5c6e5\" data-element_type=\"column\">\n\t\t\t<div class=\"elementor-widget-wrap elementor-element-populated\">\n\t\t\t\t\t\t<div class=\"elementor-element elementor-element-0a73766 elementor-widget elementor-widget-text-editor\" data-id=\"0a73766\" data-element_type=\"widget\" data-widget_type=\"text-editor.default\">\n\t\t\t\t<div class=\"elementor-widget-container\">\n\t\t\t\t\t\t\t\t\t<p><span class=\"TextRun SCXW62037810 BCX0\" lang=\"CA-ES\" xml:lang=\"CA-ES\" data-contrast=\"auto\"><span class=\"NormalTextRun SCXW62037810 BCX0\" data-ccp-parastyle=\"Normal0\" data-ccp-parastyle-defn=\"{&quot;ObjectId&quot;:&quot;9e1c1e31-2d87-489d-a231-419b654d51e5|21&quot;,&quot;ClassId&quot;:1073872969,&quot;Properties&quot;:[469775450,&quot;Normal0&quot;,201340122,&quot;2&quot;,134233614,&quot;true&quot;,469778129,&quot;Normal0&quot;,335572020,&quot;1&quot;,335559739,&quot;240&quot;,335559738,&quot;240&quot;,335551550,&quot;6&quot;,335551620,&quot;6&quot;,469778325,&quot;[\\&quot;heading 10\\&quot;,\\&quot;heading 20\\&quot;,\\&quot;heading 30\\&quot;,\\&quot;heading 40\\&quot;,\\&quot;heading 50\\&quot;,\\&quot;heading 60\\&quot;,\\&quot;Title0\\&quot;,\\&quot;Subtitle\\&quot;,\\&quot;Balloon Text\\&quot;,\\&quot;List Paragraph\\&quot;,\\&quot;Subtitle0\\&quot;]&quot;]}\">La vegetaci\u00f3n es el elemento definidor de una zona verde. En Can Mercader hay m\u00e1s de un centenar de especies distintas, entre \u00e1rboles y arbustos, distribuidas en tres zonas de vegetaci\u00f3n: el jard\u00edn hist\u00f3rico, las zonas donde se cultivaban los viveros de plantas y la zona alta. <\/span><\/span><strong><span class=\"TextRun SCXW62037810 BCX0\" lang=\"CA-ES\" style=\"color: #003300;\" xml:lang=\"CA-ES\" data-contrast=\"auto\"><span class=\"NormalTextRun SCXW62037810 BCX0\" data-ccp-parastyle=\"Normal0\">jard\u00ed hist\u00f2ric<\/span><\/span><\/strong><span class=\"TextRun SCXW62037810 BCX0\" lang=\"CA-ES\" xml:lang=\"CA-ES\" data-contrast=\"auto\"><span class=\"NormalTextRun SCXW62037810 BCX0\" data-ccp-parastyle=\"Normal0\">, les <\/span><\/span><span class=\"TextRun SCXW62037810 BCX0\" lang=\"CA-ES\" xml:lang=\"CA-ES\" data-contrast=\"auto\"><span class=\"NormalTextRun SCXW62037810 BCX0\" data-ccp-parastyle=\"Normal0\">zones on es conreaven<strong><span style=\"color: #003300;\"> els vivers de plantes<\/span><\/strong><\/span><\/span><strong><span style=\"color: #003300;\"><span class=\"TextRun SCXW62037810 BCX0\" lang=\"CA-ES\" xml:lang=\"CA-ES\" data-contrast=\"auto\"><span class=\"NormalTextRun SCXW62037810 BCX0\" data-ccp-parastyle=\"Normal0\"> i la <\/span><\/span><span class=\"TextRun SCXW62037810 BCX0\" lang=\"CA-ES\" xml:lang=\"CA-ES\" data-contrast=\"auto\"><span class=\"NormalTextRun SCXW62037810 BCX0\" data-ccp-parastyle=\"Normal0\">zona<\/span><span class=\"NormalTextRun SCXW62037810 BCX0\" data-ccp-parastyle=\"Normal0\"> alta<\/span><\/span><span class=\"TextRun SCXW62037810 BCX0\" lang=\"CA-ES\" xml:lang=\"CA-ES\" data-contrast=\"auto\"><span class=\"NormalTextRun SCXW62037810 BCX0\" data-ccp-parastyle=\"Normal0\">.<\/span><\/span><span class=\"EOP SCXW62037810 BCX0\" data-ccp-props=\"{&quot;335551550&quot;:6,&quot;335551620&quot;:6,&quot;335559738&quot;:240,&quot;335559739&quot;:240}\">\u00a0<\/span><\/span><\/strong><\/p>\t\t\t\t\t\t\t\t<\/div>\n\t\t\t\t<\/div>\n\t\t\t\t\t<\/div>\n\t\t<\/div>\n\t\t\t\t<div class=\"elementor-column elementor-col-50 elementor-inner-column elementor-element elementor-element-5b7cac1\" data-id=\"5b7cac1\" data-element_type=\"column\">\n\t\t\t<div class=\"elementor-widget-wrap\">\n\t\t\t\t\t\t\t<\/div>\n\t\t<\/div>\n\t\t\t\t\t<\/div>\n\t\t<\/section>\n\t\t\t\t<section class=\"elementor-section elementor-inner-section elementor-element elementor-element-981773c elementor-section-full_width elementor-section-height-default elementor-section-height-default\" data-id=\"981773c\" data-element_type=\"section\">\n\t\t\t\t\t\t<div class=\"elementor-container elementor-column-gap-wide\">\n\t\t\t\t\t<div class=\"elementor-column elementor-col-50 elementor-inner-column elementor-element elementor-element-6d2afe2\" data-id=\"6d2afe2\" data-element_type=\"column\">\n\t\t\t<div class=\"elementor-widget-wrap elementor-element-populated\">\n\t\t\t\t\t\t<div class=\"elementor-element elementor-element-cf1e91c elementor-widget elementor-widget-heading\" data-id=\"cf1e91c\" data-element_type=\"widget\" data-widget_type=\"heading.default\">\n\t\t\t\t<div class=\"elementor-widget-container\">\n\t\t\t\t\t<h2 class=\"elementor-heading-title elementor-size-large\">El jard\u00edn hist\u00f3rico <\/h2>\t\t\t\t<\/div>\n\t\t\t\t<\/div>\n\t\t\t\t<div class=\"elementor-element elementor-element-406b78b elementor-widget elementor-widget-image\" data-id=\"406b78b\" data-element_type=\"widget\" data-widget_type=\"image.default\">\n\t\t\t\t<div class=\"elementor-widget-container\">\n\t\t\t\t\t\t\t\t\t\t\t\t<figure class=\"wp-caption\">\n\t\t\t\t\t\t\t\t\t\t\t<a href=\"https:\/\/exposicioredescobrint.cornella.cat\/wp-content\/uploads\/2023\/07\/AMBIT-5-final_Pagina_2_Imagen_0021.jpg\" data-elementor-open-lightbox=\"yes\" data-elementor-lightbox-title=\"Pl\u00e0nol: Institut Cartogr\u00e0fic i Geol\u00f2gic de Catalunya (ICGC) sota una llic\u00e8ncia CC BY 4.0.. Proposta gr\u00e0fica: Rr. \" data-e-action-hash=\"#elementor-action%3Aaction%3Dlightbox%26settings%3DeyJpZCI6MzE4LCJ1cmwiOiJodHRwczpcL1wvZXhwb3NpY2lvcmVkZXNjb2JyaW50LmNvcm5lbGxhLmNhdFwvd3AtY29udGVudFwvdXBsb2Fkc1wvMjAyM1wvMDdcL0FNQklULTUtZmluYWxfUGFnaW5hXzJfSW1hZ2VuXzAwMjEuanBnIn0%3D\">\n\t\t\t\t\t\t\t<img loading=\"lazy\" decoding=\"async\" width=\"300\" height=\"229\" src=\"https:\/\/exposicioredescobrint.cornella.cat\/wp-content\/uploads\/2023\/07\/AMBIT-5-final_Pagina_2_Imagen_0021-300x229.jpg\" class=\"attachment-medium size-medium wp-image-318\" alt=\"\" srcset=\"https:\/\/exposicioredescobrint.cornella.cat\/wp-content\/uploads\/2023\/07\/AMBIT-5-final_Pagina_2_Imagen_0021-300x229.jpg 300w, https:\/\/exposicioredescobrint.cornella.cat\/wp-content\/uploads\/2023\/07\/AMBIT-5-final_Pagina_2_Imagen_0021-1024x781.jpg 1024w, https:\/\/exposicioredescobrint.cornella.cat\/wp-content\/uploads\/2023\/07\/AMBIT-5-final_Pagina_2_Imagen_0021-768x586.jpg 768w, https:\/\/exposicioredescobrint.cornella.cat\/wp-content\/uploads\/2023\/07\/AMBIT-5-final_Pagina_2_Imagen_0021.jpg 1134w\" sizes=\"(max-width: 300px) 100vw, 300px\" \/>\t\t\t\t\t\t\t\t<\/a>\n\t\t\t\t\t\t\t\t\t\t\t<figcaption class=\"widget-image-caption wp-caption-text\">Plano: Institut Cartogr\u00e0fic i Geol\u00f2gic de Catalunya (ICGC) bajo licencia CC BY 4.0. Propuesta gr\u00e1fica: Rr. <\/figcaption>\n\t\t\t\t\t\t\t\t\t\t<\/figure>\n\t\t\t\t\t\t\t\t\t<\/div>\n\t\t\t\t<\/div>\n\t\t\t\t\t<\/div>\n\t\t<\/div>\n\t\t\t\t<div class=\"elementor-column elementor-col-50 elementor-inner-column elementor-element elementor-element-9bc26da\" data-id=\"9bc26da\" data-element_type=\"column\">\n\t\t\t<div class=\"elementor-widget-wrap elementor-element-populated\">\n\t\t\t\t\t\t<div class=\"elementor-element elementor-element-35e4ab7 elementor-widget elementor-widget-spacer\" data-id=\"35e4ab7\" data-element_type=\"widget\" data-widget_type=\"spacer.default\">\n\t\t\t\t<div class=\"elementor-widget-container\">\n\t\t\t\t\t\t\t<div class=\"elementor-spacer\">\n\t\t\t<div class=\"elementor-spacer-inner\"><\/div>\n\t\t<\/div>\n\t\t\t\t\t\t<\/div>\n\t\t\t\t<\/div>\n\t\t\t\t<div class=\"elementor-element elementor-element-754b12e elementor-widget elementor-widget-text-editor\" data-id=\"754b12e\" data-element_type=\"widget\" data-widget_type=\"text-editor.default\">\n\t\t\t\t<div class=\"elementor-widget-container\">\n\t\t\t\t\t\t\t\t\t<p><span class=\"TextRun SCXW161900063 BCX0\" lang=\"CA-ES\" xml:lang=\"CA-ES\" data-contrast=\"auto\"><span class=\"NormalTextRun SCXW161900063 BCX0\" data-ccp-parastyle=\"Normal0\" data-ccp-parastyle-defn=\"{&quot;ObjectId&quot;:&quot;9e1c1e31-2d87-489d-a231-419b654d51e5|21&quot;,&quot;ClassId&quot;:1073872969,&quot;Properties&quot;:[469775450,&quot;Normal0&quot;,201340122,&quot;2&quot;,134233614,&quot;true&quot;,469778129,&quot;Normal0&quot;,335572020,&quot;1&quot;,335559739,&quot;240&quot;,335559738,&quot;240&quot;,335551550,&quot;6&quot;,335551620,&quot;6&quot;,469778325,&quot;[\\&quot;heading 10\\&quot;,\\&quot;heading 20\\&quot;,\\&quot;heading 30\\&quot;,\\&quot;heading 40\\&quot;,\\&quot;heading 50\\&quot;,\\&quot;heading 60\\&quot;,\\&quot;Title0\\&quot;,\\&quot;Subtitle\\&quot;,\\&quot;Balloon Text\\&quot;,\\&quot;List Paragraph\\&quot;,\\&quot;Subtitle0\\&quot;]&quot;]}\">Est<\/span><span class=\"NormalTextRun SCXW161900063 BCX0\" data-ccp-parastyle=\"Normal0\">a zona conserva parte de la estructura de los jardines privados creados a lo largo del siglo XIX para el disfrute de los residentes e invitados, con zonas de \u00e1rboles, flores y arbustos de gran diversidad que se alternaban con los distintos estanques y juegos de agua procedente de <\/span><span class=\"NormalTextRun SCXW161900063 BCX0\" data-ccp-parastyle=\"Normal0\">la mina. Los antiguos pabellones con cubierta de cer\u00e1mica vidriada, situados tras el palacio, son de las pocas estructuras arquitect\u00f3nicas conservadas que decoraban el jard\u00edn.<\/span><\/span><span class=\"EOP SCXW161900063 BCX0\" data-ccp-props=\"{&quot;335551550&quot;:6,&quot;335551620&quot;:6,&quot;335559738&quot;:240,&quot;335559739&quot;:240}\">\u00a0<\/span><\/p><p><span class=\"TextRun SCXW28138466 BCX0\" lang=\"CA-ES\" xml:lang=\"CA-ES\" data-contrast=\"auto\"><span class=\"NormalTextRun SCXW28138466 BCX0\" data-ccp-parastyle=\"Normal0\" data-ccp-parastyle-defn=\"{&quot;ObjectId&quot;:&quot;9e1c1e31-2d87-489d-a231-419b654d51e5|21&quot;,&quot;ClassId&quot;:1073872969,&quot;Properties&quot;:[469775450,&quot;Normal0&quot;,201340122,&quot;2&quot;,134233614,&quot;true&quot;,469778129,&quot;Normal0&quot;,335572020,&quot;1&quot;,335559739,&quot;240&quot;,335559738,&quot;240&quot;,335551550,&quot;6&quot;,335551620,&quot;6&quot;,469778325,&quot;[\\&quot;heading 10\\&quot;,\\&quot;heading 20\\&quot;,\\&quot;heading 30\\&quot;,\\&quot;heading 40\\&quot;,\\&quot;heading 50\\&quot;,\\&quot;heading 60\\&quot;,\\&quot;Title0\\&quot;,\\&quot;Subtitle\\&quot;,\\&quot;Balloon Text\\&quot;,\\&quot;List Paragraph\\&quot;,\\&quot;Subtitle0\\&quot;]&quot;]}\">En este sector hist\u00f3rico se encuentran ejemplares de \u00e1rboles centenarios, como los pl\u00e1tano<\/span><span class=\"NormalTextRun SCXW28138466 BCX0\" data-ccp-parastyle=\"Normal0\">s del paseo que va de la entrada de la finca hasta el palacio, donde circundan la plaza con su surtidor oval en medio. Los pl\u00e1tanos marcan las avenidas m\u00e1s antiguas e importantes de la finca. Las \u00faltimas obras de remodelaci\u00f3n ten\u00edan el objetivo de la preser<\/span><span class=\"NormalTextRun SCXW28138466 BCX0\" data-ccp-parastyle=\"Normal0\">vaci\u00f3n de estos \u00e1rboles mejorando la permeabilidad de la tierra a su alrededor.<\/span><\/span><span class=\"EOP SCXW28138466 BCX0\" data-ccp-props=\"{&quot;335551550&quot;:6,&quot;335551620&quot;:6,&quot;335559738&quot;:240,&quot;335559739&quot;:240}\">\u00a0<\/span><\/p><p><span class=\"EOP SCXW161900063 BCX0\" data-ccp-props=\"{&quot;335551550&quot;:6,&quot;335551620&quot;:6,&quot;335559738&quot;:240,&quot;335559739&quot;:240}\"> <br \/><\/span><\/p>\t\t\t\t\t\t\t\t<\/div>\n\t\t\t\t<\/div>\n\t\t\t\t\t<\/div>\n\t\t<\/div>\n\t\t\t\t\t<\/div>\n\t\t<\/section>\n\t\t\t\t<section class=\"elementor-section elementor-inner-section elementor-element elementor-element-0162a96 elementor-section-full_width elementor-section-height-default elementor-section-height-default\" data-id=\"0162a96\" data-element_type=\"section\">\n\t\t\t\t\t\t<div class=\"elementor-container elementor-column-gap-wide\">\n\t\t\t\t\t<div class=\"elementor-column elementor-col-100 elementor-inner-column elementor-element elementor-element-cb663e7\" data-id=\"cb663e7\" data-element_type=\"column\">\n\t\t\t<div class=\"elementor-widget-wrap elementor-element-populated\">\n\t\t\t\t\t\t<div class=\"elementor-element elementor-element-36b2c37 elementor-widget elementor-widget-image-gallery\" data-id=\"36b2c37\" data-element_type=\"widget\" data-widget_type=\"image-gallery.default\">\n\t\t\t\t<div class=\"elementor-widget-container\">\n\t\t\t\t\t\t\t<div class=\"elementor-image-gallery\">\n\t\t\t<div id='gallery-4' class='gallery galleryid-14 gallery-columns-5 gallery-size-full'><figure class='gallery-item'>\n\t\t\t<div class='gallery-icon landscape'>\n\t\t\t\t<a data-elementor-open-lightbox=\"yes\" data-elementor-lightbox-slideshow=\"36b2c37\" data-elementor-lightbox-title=\"Sovint trobem combinacions de diferents esp\u00e8cies, com en aquest cas, on podem veure la diversitat de formes i colors de la tipuana, la palmera de Can\u00e0ries, la xicranda i la buguenv\u00edl\u00b7lia. Fotografia: Rr. \" data-e-action-hash=\"#elementor-action%3Aaction%3Dlightbox%26settings%3DeyJpZCI6MzIyLCJ1cmwiOiJodHRwczpcL1wvZXhwb3NpY2lvcmVkZXNjb2JyaW50LmNvcm5lbGxhLmNhdFwvd3AtY29udGVudFwvdXBsb2Fkc1wvMjAyM1wvMDdcL0FNQklULTUtZmluYWxfUGFnaW5hXzJfSW1hZ2VuXzAwMDUtc2NhbGVkLmpwZyIsInNsaWRlc2hvdyI6IjM2YjJjMzcifQ%3D%3D\" href='https:\/\/exposicioredescobrint.cornella.cat\/wp-content\/uploads\/2023\/07\/AMBIT-5-final_Pagina_2_Imagen_0005-scaled.jpg'><img loading=\"lazy\" decoding=\"async\" width=\"2560\" height=\"1707\" src=\"https:\/\/exposicioredescobrint.cornella.cat\/wp-content\/uploads\/2023\/07\/AMBIT-5-final_Pagina_2_Imagen_0005-scaled.jpg\" class=\"attachment-full size-full\" alt=\"\" aria-describedby=\"gallery-4-322\" srcset=\"https:\/\/exposicioredescobrint.cornella.cat\/wp-content\/uploads\/2023\/07\/AMBIT-5-final_Pagina_2_Imagen_0005-scaled.jpg 2560w, https:\/\/exposicioredescobrint.cornella.cat\/wp-content\/uploads\/2023\/07\/AMBIT-5-final_Pagina_2_Imagen_0005-300x200.jpg 300w, https:\/\/exposicioredescobrint.cornella.cat\/wp-content\/uploads\/2023\/07\/AMBIT-5-final_Pagina_2_Imagen_0005-1024x683.jpg 1024w, https:\/\/exposicioredescobrint.cornella.cat\/wp-content\/uploads\/2023\/07\/AMBIT-5-final_Pagina_2_Imagen_0005-768x512.jpg 768w, https:\/\/exposicioredescobrint.cornella.cat\/wp-content\/uploads\/2023\/07\/AMBIT-5-final_Pagina_2_Imagen_0005-1536x1024.jpg 1536w, https:\/\/exposicioredescobrint.cornella.cat\/wp-content\/uploads\/2023\/07\/AMBIT-5-final_Pagina_2_Imagen_0005-2048x1365.jpg 2048w\" sizes=\"(max-width: 2560px) 100vw, 2560px\" \/><\/a>\n\t\t\t<\/div>\n\t\t\t\t<figcaption class='wp-caption-text gallery-caption' id='gallery-4-322'>\n\t\t\t\tA menudo encontramos combinaciones de diferentes especies, como en este caso, donde podemos ver la diversidad de formas y colores de la tipuana, la palmera de Canarias, la jacaranda y la buganvilia.\nFotograf\u00eda: Rr. \n\t\t\t\t<\/figcaption><\/figure><figure class='gallery-item'>\n\t\t\t<div class='gallery-icon landscape'>\n\t\t\t\t<a data-elementor-open-lightbox=\"yes\" data-elementor-lightbox-slideshow=\"36b2c37\" data-elementor-lightbox-title=\"Aquest parterre, plantat arran de la nova urbanitzaci\u00f3, enlla\u00e7a amb el jard\u00ed hist\u00f2ric i li dona continu\u00eftat pel costat oest.  Fotografia: Rr.\" data-e-action-hash=\"#elementor-action%3Aaction%3Dlightbox%26settings%3DeyJpZCI6MzIzLCJ1cmwiOiJodHRwczpcL1wvZXhwb3NpY2lvcmVkZXNjb2JyaW50LmNvcm5lbGxhLmNhdFwvd3AtY29udGVudFwvdXBsb2Fkc1wvMjAyM1wvMDdcL0FNQklULTUtZmluYWxfUGFnaW5hXzJfSW1hZ2VuXzAwMjAtc2NhbGVkLmpwZyIsInNsaWRlc2hvdyI6IjM2YjJjMzcifQ%3D%3D\" href='https:\/\/exposicioredescobrint.cornella.cat\/wp-content\/uploads\/2023\/07\/AMBIT-5-final_Pagina_2_Imagen_0020-scaled.jpg'><img loading=\"lazy\" decoding=\"async\" width=\"2560\" height=\"1707\" src=\"https:\/\/exposicioredescobrint.cornella.cat\/wp-content\/uploads\/2023\/07\/AMBIT-5-final_Pagina_2_Imagen_0020-scaled.jpg\" class=\"attachment-full size-full\" alt=\"\" aria-describedby=\"gallery-4-323\" srcset=\"https:\/\/exposicioredescobrint.cornella.cat\/wp-content\/uploads\/2023\/07\/AMBIT-5-final_Pagina_2_Imagen_0020-scaled.jpg 2560w, https:\/\/exposicioredescobrint.cornella.cat\/wp-content\/uploads\/2023\/07\/AMBIT-5-final_Pagina_2_Imagen_0020-300x200.jpg 300w, https:\/\/exposicioredescobrint.cornella.cat\/wp-content\/uploads\/2023\/07\/AMBIT-5-final_Pagina_2_Imagen_0020-1024x683.jpg 1024w, https:\/\/exposicioredescobrint.cornella.cat\/wp-content\/uploads\/2023\/07\/AMBIT-5-final_Pagina_2_Imagen_0020-768x512.jpg 768w, https:\/\/exposicioredescobrint.cornella.cat\/wp-content\/uploads\/2023\/07\/AMBIT-5-final_Pagina_2_Imagen_0020-1536x1024.jpg 1536w, https:\/\/exposicioredescobrint.cornella.cat\/wp-content\/uploads\/2023\/07\/AMBIT-5-final_Pagina_2_Imagen_0020-2048x1365.jpg 2048w\" sizes=\"(max-width: 2560px) 100vw, 2560px\" \/><\/a>\n\t\t\t<\/div>\n\t\t\t\t<figcaption class='wp-caption-text gallery-caption' id='gallery-4-323'>\n\t\t\t\tEste parterre, plantado a ra\u00edz de la nueva urbanizaci\u00f3n, enlaza con el jard\u00edn hist\u00f3rico y le da continuidad por su parte oeste.\nFotograf\u00eda: Rr.\n\t\t\t\t<\/figcaption><\/figure><figure class='gallery-item'>\n\t\t\t<div class='gallery-icon landscape'>\n\t\t\t\t<a data-elementor-open-lightbox=\"yes\" data-elementor-lightbox-slideshow=\"36b2c37\" data-elementor-lightbox-title=\"Vista del palau des de la zona del llac de l\u2019illa, amb els antics pavellons a l\u2019esquerra. Fotografia: Rr. \" data-e-action-hash=\"#elementor-action%3Aaction%3Dlightbox%26settings%3DeyJpZCI6MzE5LCJ1cmwiOiJodHRwczpcL1wvZXhwb3NpY2lvcmVkZXNjb2JyaW50LmNvcm5lbGxhLmNhdFwvd3AtY29udGVudFwvdXBsb2Fkc1wvMjAyM1wvMDdcL0FNQklULTUtZmluYWxfUGFnaW5hXzJfSW1hZ2VuXzAwMDItc2NhbGVkLmpwZyIsInNsaWRlc2hvdyI6IjM2YjJjMzcifQ%3D%3D\" href='https:\/\/exposicioredescobrint.cornella.cat\/wp-content\/uploads\/2023\/07\/AMBIT-5-final_Pagina_2_Imagen_0002-scaled.jpg'><img loading=\"lazy\" decoding=\"async\" width=\"2560\" height=\"1706\" src=\"https:\/\/exposicioredescobrint.cornella.cat\/wp-content\/uploads\/2023\/07\/AMBIT-5-final_Pagina_2_Imagen_0002-scaled.jpg\" class=\"attachment-full size-full\" alt=\"\" aria-describedby=\"gallery-4-319\" srcset=\"https:\/\/exposicioredescobrint.cornella.cat\/wp-content\/uploads\/2023\/07\/AMBIT-5-final_Pagina_2_Imagen_0002-scaled.jpg 2560w, https:\/\/exposicioredescobrint.cornella.cat\/wp-content\/uploads\/2023\/07\/AMBIT-5-final_Pagina_2_Imagen_0002-300x200.jpg 300w, https:\/\/exposicioredescobrint.cornella.cat\/wp-content\/uploads\/2023\/07\/AMBIT-5-final_Pagina_2_Imagen_0002-1024x683.jpg 1024w, https:\/\/exposicioredescobrint.cornella.cat\/wp-content\/uploads\/2023\/07\/AMBIT-5-final_Pagina_2_Imagen_0002-768x512.jpg 768w, https:\/\/exposicioredescobrint.cornella.cat\/wp-content\/uploads\/2023\/07\/AMBIT-5-final_Pagina_2_Imagen_0002-1536x1024.jpg 1536w, https:\/\/exposicioredescobrint.cornella.cat\/wp-content\/uploads\/2023\/07\/AMBIT-5-final_Pagina_2_Imagen_0002-2048x1365.jpg 2048w\" sizes=\"(max-width: 2560px) 100vw, 2560px\" \/><\/a>\n\t\t\t<\/div>\n\t\t\t\t<figcaption class='wp-caption-text gallery-caption' id='gallery-4-319'>\n\t\t\t\tVista del palacio desde la zona del lago de la isla, con los antiguos pabellones a la izquierda.\nFotograf\u00eda: Rr. \n\t\t\t\t<\/figcaption><\/figure><figure class='gallery-item'>\n\t\t\t<div class='gallery-icon landscape'>\n\t\t\t\t<a data-elementor-open-lightbox=\"yes\" data-elementor-lightbox-slideshow=\"36b2c37\" data-elementor-lightbox-title=\"Vista del jard\u00ed hist\u00f2ric des del palau.   Fotografia: Rr. \" data-e-action-hash=\"#elementor-action%3Aaction%3Dlightbox%26settings%3DeyJpZCI6MjU5NywidXJsIjoiaHR0cHM6XC9cL2V4cG9zaWNpb3JlZGVzY29icmludC5jb3JuZWxsYS5jYXRcL3dwLWNvbnRlbnRcL3VwbG9hZHNcLzIwMjNcLzA5XC8wMi0xLmpwZyIsInNsaWRlc2hvdyI6IjM2YjJjMzcifQ%3D%3D\" href='https:\/\/exposicioredescobrint.cornella.cat\/wp-content\/uploads\/2023\/09\/02-1.jpg'><img loading=\"lazy\" decoding=\"async\" width=\"2560\" height=\"1707\" src=\"https:\/\/exposicioredescobrint.cornella.cat\/wp-content\/uploads\/2023\/09\/02-1.jpg\" class=\"attachment-full size-full\" alt=\"\" aria-describedby=\"gallery-4-2597\" srcset=\"https:\/\/exposicioredescobrint.cornella.cat\/wp-content\/uploads\/2023\/09\/02-1.jpg 2560w, https:\/\/exposicioredescobrint.cornella.cat\/wp-content\/uploads\/2023\/09\/02-1-300x200.jpg 300w, https:\/\/exposicioredescobrint.cornella.cat\/wp-content\/uploads\/2023\/09\/02-1-1024x683.jpg 1024w, https:\/\/exposicioredescobrint.cornella.cat\/wp-content\/uploads\/2023\/09\/02-1-768x512.jpg 768w, https:\/\/exposicioredescobrint.cornella.cat\/wp-content\/uploads\/2023\/09\/02-1-1536x1024.jpg 1536w, https:\/\/exposicioredescobrint.cornella.cat\/wp-content\/uploads\/2023\/09\/02-1-2048x1366.jpg 2048w, https:\/\/exposicioredescobrint.cornella.cat\/wp-content\/uploads\/2023\/09\/02-1-18x12.jpg 18w\" sizes=\"(max-width: 2560px) 100vw, 2560px\" \/><\/a>\n\t\t\t<\/div>\n\t\t\t\t<figcaption class='wp-caption-text gallery-caption' id='gallery-4-2597'>\n\t\t\t\tVista del jard\u00edn hist\u00f3rico desde el palacio.\nFotograf\u00eda: Rr. \n\t\t\t\t<\/figcaption><\/figure><figure class='gallery-item'>\n\t\t\t<div class='gallery-icon landscape'>\n\t\t\t\t<a data-elementor-open-lightbox=\"yes\" data-elementor-lightbox-slideshow=\"36b2c37\" data-elementor-lightbox-title=\"Estany de l\u2019illa o de la barca.   Fotografia: Gerard Mart\u00ed Rodr\u00edguez. \" data-e-action-hash=\"#elementor-action%3Aaction%3Dlightbox%26settings%3DeyJpZCI6MjU5OCwidXJsIjoiaHR0cHM6XC9cL2V4cG9zaWNpb3JlZGVzY29icmludC5jb3JuZWxsYS5jYXRcL3dwLWNvbnRlbnRcL3VwbG9hZHNcLzIwMjNcLzA5XC8wMS0xLmpwZyIsInNsaWRlc2hvdyI6IjM2YjJjMzcifQ%3D%3D\" href='https:\/\/exposicioredescobrint.cornella.cat\/wp-content\/uploads\/2023\/09\/01-1.jpg'><img loading=\"lazy\" decoding=\"async\" width=\"2560\" height=\"1707\" src=\"https:\/\/exposicioredescobrint.cornella.cat\/wp-content\/uploads\/2023\/09\/01-1.jpg\" class=\"attachment-full size-full\" alt=\"\" aria-describedby=\"gallery-4-2598\" srcset=\"https:\/\/exposicioredescobrint.cornella.cat\/wp-content\/uploads\/2023\/09\/01-1.jpg 2560w, https:\/\/exposicioredescobrint.cornella.cat\/wp-content\/uploads\/2023\/09\/01-1-300x200.jpg 300w, https:\/\/exposicioredescobrint.cornella.cat\/wp-content\/uploads\/2023\/09\/01-1-1024x683.jpg 1024w, https:\/\/exposicioredescobrint.cornella.cat\/wp-content\/uploads\/2023\/09\/01-1-768x512.jpg 768w, https:\/\/exposicioredescobrint.cornella.cat\/wp-content\/uploads\/2023\/09\/01-1-1536x1024.jpg 1536w, https:\/\/exposicioredescobrint.cornella.cat\/wp-content\/uploads\/2023\/09\/01-1-2048x1366.jpg 2048w, https:\/\/exposicioredescobrint.cornella.cat\/wp-content\/uploads\/2023\/09\/01-1-18x12.jpg 18w\" sizes=\"(max-width: 2560px) 100vw, 2560px\" \/><\/a>\n\t\t\t<\/div>\n\t\t\t\t<figcaption class='wp-caption-text gallery-caption' id='gallery-4-2598'>\n\t\t\t\tEstanque de la isla o de la barca.\nFotograf\u00eda: Gerard Mart\u00ed Rodr\u00edguez. \n\t\t\t\t<\/figcaption><\/figure>\n\t\t<\/div>\n\t\t<\/div>\n\t\t\t\t\t\t<\/div>\n\t\t\t\t<\/div>\n\t\t\t\t\t<\/div>\n\t\t<\/div>\n\t\t\t\t\t<\/div>\n\t\t<\/section>\n\t\t\t\t<section class=\"elementor-section elementor-inner-section elementor-element elementor-element-cf459af elementor-section-full_width elementor-section-height-default elementor-section-height-default\" data-id=\"cf459af\" data-element_type=\"section\">\n\t\t\t\t\t\t<div class=\"elementor-container elementor-column-gap-wide\">\n\t\t\t\t\t<div class=\"elementor-column elementor-col-100 elementor-inner-column elementor-element elementor-element-34536f6\" data-id=\"34536f6\" data-element_type=\"column\">\n\t\t\t<div class=\"elementor-widget-wrap elementor-element-populated\">\n\t\t\t\t\t\t<div class=\"elementor-element elementor-element-314022d elementor-widget-divider--view-line elementor-widget elementor-widget-divider\" data-id=\"314022d\" data-element_type=\"widget\" data-widget_type=\"divider.default\">\n\t\t\t\t<div class=\"elementor-widget-container\">\n\t\t\t\t\t\t\t<div class=\"elementor-divider\">\n\t\t\t<span class=\"elementor-divider-separator\">\n\t\t\t\t\t\t<\/span>\n\t\t<\/div>\n\t\t\t\t\t\t<\/div>\n\t\t\t\t<\/div>\n\t\t\t\t\t<\/div>\n\t\t<\/div>\n\t\t\t\t\t<\/div>\n\t\t<\/section>\n\t\t\t\t<section class=\"elementor-section elementor-inner-section elementor-element elementor-element-8519896 elementor-section-full_width elementor-section-height-default elementor-section-height-default\" data-id=\"8519896\" data-element_type=\"section\">\n\t\t\t\t\t\t<div class=\"elementor-container elementor-column-gap-wide\">\n\t\t\t\t\t<div class=\"elementor-column elementor-col-50 elementor-inner-column elementor-element elementor-element-189f279\" data-id=\"189f279\" data-element_type=\"column\">\n\t\t\t<div class=\"elementor-widget-wrap elementor-element-populated\">\n\t\t\t\t\t\t<div class=\"elementor-element elementor-element-c3d95e1 elementor-widget elementor-widget-heading\" data-id=\"c3d95e1\" data-element_type=\"widget\" data-widget_type=\"heading.default\">\n\t\t\t\t<div class=\"elementor-widget-container\">\n\t\t\t\t\t<h2 class=\"elementor-heading-title elementor-size-medium\">Los \u00e1rboles centenarios de Can Mercader<\/h2>\t\t\t\t<\/div>\n\t\t\t\t<\/div>\n\t\t\t\t<div class=\"elementor-element elementor-element-bae223d elementor-widget elementor-widget-text-editor\" data-id=\"bae223d\" data-element_type=\"widget\" data-widget_type=\"text-editor.default\">\n\t\t\t\t<div class=\"elementor-widget-container\">\n\t\t\t\t\t\t\t\t\t<p><span class=\"TextRun SCXW95278370 BCX0\" lang=\"CA-ES\" xml:lang=\"CA-ES\" data-contrast=\"auto\"><span class=\"NormalTextRun SCXW95278370 BCX0\" data-ccp-parastyle=\"Normal0\" data-ccp-parastyle-defn=\"{&quot;ObjectId&quot;:&quot;9e1c1e31-2d87-489d-a231-419b654d51e5|21&quot;,&quot;ClassId&quot;:1073872969,&quot;Properties&quot;:[469775450,&quot;Normal0&quot;,201340122,&quot;2&quot;,134233614,&quot;true&quot;,469778129,&quot;Normal0&quot;,335572020,&quot;1&quot;,335559739,&quot;240&quot;,335559738,&quot;240&quot;,335551550,&quot;6&quot;,335551620,&quot;6&quot;,469778325,&quot;[\\&quot;heading 10\\&quot;,\\&quot;heading 20\\&quot;,\\&quot;heading 30\\&quot;,\\&quot;heading 40\\&quot;,\\&quot;heading 50\\&quot;,\\&quot;heading 60\\&quot;,\\&quot;Title0\\&quot;,\\&quot;Subtitle\\&quot;,\\&quot;Balloon Text\\&quot;,\\&quot;List Paragraph\\&quot;,\\&quot;Subtitle0\\&quot;]&quot;]}\">Adem\u00e1s de los pl\u00e1tanos y del grupo de palmeras washingtonias situadas al nordeste del parque, hay ejemplares solitarios que tambi\u00e9n han conseguido s<\/span><span class=\"NormalTextRun SCXW95278370 BCX0\" data-ccp-parastyle=\"Normal0\">uperar el hito de los cien a\u00f1os.<\/span><\/span><span class=\"EOP SCXW95278370 BCX0\" data-ccp-props=\"{&quot;335551550&quot;:6,&quot;335551620&quot;:6,&quot;335559738&quot;:240,&quot;335559739&quot;:240}\">\u00a0<\/span><\/p>\t\t\t\t\t\t\t\t<\/div>\n\t\t\t\t<\/div>\n\t\t\t\t<div class=\"elementor-element elementor-element-4666d96 elementor-widget elementor-widget-image\" data-id=\"4666d96\" data-element_type=\"widget\" data-widget_type=\"image.default\">\n\t\t\t\t<div class=\"elementor-widget-container\">\n\t\t\t\t\t\t\t\t\t\t\t\t<figure class=\"wp-caption\">\n\t\t\t\t\t\t\t\t\t\t\t<a href=\"https:\/\/exposicioredescobrint.cornella.cat\/wp-content\/uploads\/2023\/07\/AMBIT-5-final_Pagina_2_Imagen_0001-scaled.jpg\" data-elementor-open-lightbox=\"yes\" data-elementor-lightbox-title=\"Aquest arbre \u00e9s un dels gegants del parc&lt;\/br&gt; (Platanus x hispanica). Fotografia: Rr. \" data-e-action-hash=\"#elementor-action%3Aaction%3Dlightbox%26settings%3DeyJpZCI6MzI0LCJ1cmwiOiJodHRwczpcL1wvZXhwb3NpY2lvcmVkZXNjb2JyaW50LmNvcm5lbGxhLmNhdFwvd3AtY29udGVudFwvdXBsb2Fkc1wvMjAyM1wvMDdcL0FNQklULTUtZmluYWxfUGFnaW5hXzJfSW1hZ2VuXzAwMDEtc2NhbGVkLmpwZyJ9\">\n\t\t\t\t\t\t\t<img loading=\"lazy\" decoding=\"async\" width=\"2560\" height=\"1919\" src=\"https:\/\/exposicioredescobrint.cornella.cat\/wp-content\/uploads\/2023\/07\/AMBIT-5-final_Pagina_2_Imagen_0001-scaled.jpg\" class=\"attachment-full size-full wp-image-324\" alt=\"\" srcset=\"https:\/\/exposicioredescobrint.cornella.cat\/wp-content\/uploads\/2023\/07\/AMBIT-5-final_Pagina_2_Imagen_0001-scaled.jpg 2560w, https:\/\/exposicioredescobrint.cornella.cat\/wp-content\/uploads\/2023\/07\/AMBIT-5-final_Pagina_2_Imagen_0001-300x225.jpg 300w, https:\/\/exposicioredescobrint.cornella.cat\/wp-content\/uploads\/2023\/07\/AMBIT-5-final_Pagina_2_Imagen_0001-1024x768.jpg 1024w, https:\/\/exposicioredescobrint.cornella.cat\/wp-content\/uploads\/2023\/07\/AMBIT-5-final_Pagina_2_Imagen_0001-768x576.jpg 768w, https:\/\/exposicioredescobrint.cornella.cat\/wp-content\/uploads\/2023\/07\/AMBIT-5-final_Pagina_2_Imagen_0001-1536x1152.jpg 1536w, https:\/\/exposicioredescobrint.cornella.cat\/wp-content\/uploads\/2023\/07\/AMBIT-5-final_Pagina_2_Imagen_0001-2048x1536.jpg 2048w\" sizes=\"(max-width: 2560px) 100vw, 2560px\" \/>\t\t\t\t\t\t\t\t<\/a>\n\t\t\t\t\t\t\t\t\t\t\t<figcaption class=\"widget-image-caption wp-caption-text\">Este \u00e1rbol es uno de los gigantes del parque<\/br> \n(Platanus x hispanica). \nFotografia: Rr. <\/figcaption>\n\t\t\t\t\t\t\t\t\t\t<\/figure>\n\t\t\t\t\t\t\t\t\t<\/div>\n\t\t\t\t<\/div>\n\t\t\t\t\t<\/div>\n\t\t<\/div>\n\t\t\t\t<div class=\"elementor-column elementor-col-50 elementor-inner-column elementor-element elementor-element-c41dfa0\" data-id=\"c41dfa0\" data-element_type=\"column\">\n\t\t\t<div class=\"elementor-widget-wrap elementor-element-populated\">\n\t\t\t\t\t\t<div class=\"elementor-element elementor-element-77fc5a7 elementor-widget elementor-widget-spacer\" data-id=\"77fc5a7\" data-element_type=\"widget\" data-widget_type=\"spacer.default\">\n\t\t\t\t<div class=\"elementor-widget-container\">\n\t\t\t\t\t\t\t<div class=\"elementor-spacer\">\n\t\t\t<div class=\"elementor-spacer-inner\"><\/div>\n\t\t<\/div>\n\t\t\t\t\t\t<\/div>\n\t\t\t\t<\/div>\n\t\t\t\t<div class=\"elementor-element elementor-element-2baade9 elementor-widget elementor-widget-image-gallery\" data-id=\"2baade9\" data-element_type=\"widget\" data-widget_type=\"image-gallery.default\">\n\t\t\t\t<div class=\"elementor-widget-container\">\n\t\t\t\t\t\t\t<div class=\"elementor-image-gallery\">\n\t\t\t<div id='gallery-5' class='gallery galleryid-14 gallery-columns-5 gallery-size-full'><figure class='gallery-item'>\n\t\t\t<div class='gallery-icon portrait'>\n\t\t\t\t<a data-elementor-open-lightbox=\"yes\" data-elementor-lightbox-slideshow=\"2baade9\" data-elementor-lightbox-title=\"Margall\u00f3&lt;\/br&gt;(Chamaerops humilis)\" data-e-action-hash=\"#elementor-action%3Aaction%3Dlightbox%26settings%3DeyJpZCI6MjQ5MywidXJsIjoiaHR0cHM6XC9cL2V4cG9zaWNpb3JlZGVzY29icmludC5jb3JuZWxsYS5jYXRcL3dwLWNvbnRlbnRcL3VwbG9hZHNcLzIwMjNcLzA5XC9NYXJnYWxsby1DaGFtYWVyb3BzLWh1bWlsaXMtMS5qcGciLCJzbGlkZXNob3ciOiIyYmFhZGU5In0%3D\" href='https:\/\/exposicioredescobrint.cornella.cat\/wp-content\/uploads\/2023\/09\/Margallo-Chamaerops-humilis-1.jpg'><img loading=\"lazy\" decoding=\"async\" width=\"1500\" height=\"2500\" src=\"https:\/\/exposicioredescobrint.cornella.cat\/wp-content\/uploads\/2023\/09\/Margallo-Chamaerops-humilis-1.jpg\" class=\"attachment-full size-full\" alt=\"\" aria-describedby=\"gallery-5-2493\" srcset=\"https:\/\/exposicioredescobrint.cornella.cat\/wp-content\/uploads\/2023\/09\/Margallo-Chamaerops-humilis-1.jpg 1500w, https:\/\/exposicioredescobrint.cornella.cat\/wp-content\/uploads\/2023\/09\/Margallo-Chamaerops-humilis-1-180x300.jpg 180w, https:\/\/exposicioredescobrint.cornella.cat\/wp-content\/uploads\/2023\/09\/Margallo-Chamaerops-humilis-1-614x1024.jpg 614w, https:\/\/exposicioredescobrint.cornella.cat\/wp-content\/uploads\/2023\/09\/Margallo-Chamaerops-humilis-1-768x1280.jpg 768w, https:\/\/exposicioredescobrint.cornella.cat\/wp-content\/uploads\/2023\/09\/Margallo-Chamaerops-humilis-1-922x1536.jpg 922w, https:\/\/exposicioredescobrint.cornella.cat\/wp-content\/uploads\/2023\/09\/Margallo-Chamaerops-humilis-1-1229x2048.jpg 1229w, https:\/\/exposicioredescobrint.cornella.cat\/wp-content\/uploads\/2023\/09\/Margallo-Chamaerops-humilis-1-7x12.jpg 7w\" sizes=\"(max-width: 1500px) 100vw, 1500px\" \/><\/a>\n\t\t\t<\/div>\n\t\t\t\t<figcaption class='wp-caption-text gallery-caption' id='gallery-5-2493'>\n\t\t\t\tPalmito<\/br>(Chamaerops humilis)\n\t\t\t\t<\/figcaption><\/figure><figure class='gallery-item'>\n\t\t\t<div class='gallery-icon portrait'>\n\t\t\t\t<a data-elementor-open-lightbox=\"yes\" data-elementor-lightbox-slideshow=\"2baade9\" data-elementor-lightbox-title=\"Palmera excelsa&lt;\/br&gt;(Trachycarpus fortunei)\" data-e-action-hash=\"#elementor-action%3Aaction%3Dlightbox%26settings%3DeyJpZCI6MjQ5NCwidXJsIjoiaHR0cHM6XC9cL2V4cG9zaWNpb3JlZGVzY29icmludC5jb3JuZWxsYS5jYXRcL3dwLWNvbnRlbnRcL3VwbG9hZHNcLzIwMjNcLzA5XC9QYWxtZXJhLWV4Y2Vsc2EtVHJhY2h5Y2FycHVzLWZvcnR1bmVpXy5qcGciLCJzbGlkZXNob3ciOiIyYmFhZGU5In0%3D\" href='https:\/\/exposicioredescobrint.cornella.cat\/wp-content\/uploads\/2023\/09\/Palmera-excelsa-Trachycarpus-fortunei_.jpg'><img loading=\"lazy\" decoding=\"async\" width=\"1500\" height=\"2500\" src=\"https:\/\/exposicioredescobrint.cornella.cat\/wp-content\/uploads\/2023\/09\/Palmera-excelsa-Trachycarpus-fortunei_.jpg\" class=\"attachment-full size-full\" alt=\"\" aria-describedby=\"gallery-5-2494\" srcset=\"https:\/\/exposicioredescobrint.cornella.cat\/wp-content\/uploads\/2023\/09\/Palmera-excelsa-Trachycarpus-fortunei_.jpg 1500w, https:\/\/exposicioredescobrint.cornella.cat\/wp-content\/uploads\/2023\/09\/Palmera-excelsa-Trachycarpus-fortunei_-180x300.jpg 180w, https:\/\/exposicioredescobrint.cornella.cat\/wp-content\/uploads\/2023\/09\/Palmera-excelsa-Trachycarpus-fortunei_-614x1024.jpg 614w, https:\/\/exposicioredescobrint.cornella.cat\/wp-content\/uploads\/2023\/09\/Palmera-excelsa-Trachycarpus-fortunei_-768x1280.jpg 768w, https:\/\/exposicioredescobrint.cornella.cat\/wp-content\/uploads\/2023\/09\/Palmera-excelsa-Trachycarpus-fortunei_-922x1536.jpg 922w, https:\/\/exposicioredescobrint.cornella.cat\/wp-content\/uploads\/2023\/09\/Palmera-excelsa-Trachycarpus-fortunei_-1229x2048.jpg 1229w, https:\/\/exposicioredescobrint.cornella.cat\/wp-content\/uploads\/2023\/09\/Palmera-excelsa-Trachycarpus-fortunei_-7x12.jpg 7w\" sizes=\"(max-width: 1500px) 100vw, 1500px\" \/><\/a>\n\t\t\t<\/div>\n\t\t\t\t<figcaption class='wp-caption-text gallery-caption' id='gallery-5-2494'>\n\t\t\t\tPalmera excelsa<\/br>(Trachycarpus fortunei)\n\t\t\t\t<\/figcaption><\/figure><figure class='gallery-item'>\n\t\t\t<div class='gallery-icon portrait'>\n\t\t\t\t<a data-elementor-open-lightbox=\"yes\" data-elementor-lightbox-slideshow=\"2baade9\" data-elementor-lightbox-title=\"Ac\u00e0cia de les tres punxes&lt;\/br&gt;(Gleditsia triacanthos)\" data-e-action-hash=\"#elementor-action%3Aaction%3Dlightbox%26settings%3DeyJpZCI6MjQ5NSwidXJsIjoiaHR0cHM6XC9cL2V4cG9zaWNpb3JlZGVzY29icmludC5jb3JuZWxsYS5jYXRcL3dwLWNvbnRlbnRcL3VwbG9hZHNcLzIwMjNcLzA5XC9BY2FjaWEtZGUtbGVzLXRyZXMtcHVueGVzLUdsZWRpdHNpYS10cmlhY2FudGhvcy0xLmpwZyIsInNsaWRlc2hvdyI6IjJiYWFkZTkifQ%3D%3D\" href='https:\/\/exposicioredescobrint.cornella.cat\/wp-content\/uploads\/2023\/09\/Acacia-de-les-tres-punxes-Gleditsia-triacanthos-1.jpg'><img loading=\"lazy\" decoding=\"async\" width=\"1500\" height=\"2500\" src=\"https:\/\/exposicioredescobrint.cornella.cat\/wp-content\/uploads\/2023\/09\/Acacia-de-les-tres-punxes-Gleditsia-triacanthos-1.jpg\" class=\"attachment-full size-full\" alt=\"\" aria-describedby=\"gallery-5-2495\" srcset=\"https:\/\/exposicioredescobrint.cornella.cat\/wp-content\/uploads\/2023\/09\/Acacia-de-les-tres-punxes-Gleditsia-triacanthos-1.jpg 1500w, https:\/\/exposicioredescobrint.cornella.cat\/wp-content\/uploads\/2023\/09\/Acacia-de-les-tres-punxes-Gleditsia-triacanthos-1-180x300.jpg 180w, https:\/\/exposicioredescobrint.cornella.cat\/wp-content\/uploads\/2023\/09\/Acacia-de-les-tres-punxes-Gleditsia-triacanthos-1-614x1024.jpg 614w, https:\/\/exposicioredescobrint.cornella.cat\/wp-content\/uploads\/2023\/09\/Acacia-de-les-tres-punxes-Gleditsia-triacanthos-1-768x1280.jpg 768w, https:\/\/exposicioredescobrint.cornella.cat\/wp-content\/uploads\/2023\/09\/Acacia-de-les-tres-punxes-Gleditsia-triacanthos-1-922x1536.jpg 922w, https:\/\/exposicioredescobrint.cornella.cat\/wp-content\/uploads\/2023\/09\/Acacia-de-les-tres-punxes-Gleditsia-triacanthos-1-1229x2048.jpg 1229w, https:\/\/exposicioredescobrint.cornella.cat\/wp-content\/uploads\/2023\/09\/Acacia-de-les-tres-punxes-Gleditsia-triacanthos-1-7x12.jpg 7w\" sizes=\"(max-width: 1500px) 100vw, 1500px\" \/><\/a>\n\t\t\t<\/div>\n\t\t\t\t<figcaption class='wp-caption-text gallery-caption' id='gallery-5-2495'>\n\t\t\t\tAcacia de los tres pinchos<\/br>(Gleditsia triacanthos)\n\t\t\t\t<\/figcaption><\/figure><figure class='gallery-item'>\n\t\t\t<div class='gallery-icon portrait'>\n\t\t\t\t<a data-elementor-open-lightbox=\"yes\" data-elementor-lightbox-slideshow=\"2baade9\" data-elementor-lightbox-title=\"Pi pinyer&lt;\/br&gt;(Pinus pinea)\" data-e-action-hash=\"#elementor-action%3Aaction%3Dlightbox%26settings%3DeyJpZCI6MjQ5NiwidXJsIjoiaHR0cHM6XC9cL2V4cG9zaWNpb3JlZGVzY29icmludC5jb3JuZWxsYS5jYXRcL3dwLWNvbnRlbnRcL3VwbG9hZHNcLzIwMjNcLzA5XC9QaS1waW55ZXItUGludXMtcGluZWEtMS5qcGciLCJzbGlkZXNob3ciOiIyYmFhZGU5In0%3D\" href='https:\/\/exposicioredescobrint.cornella.cat\/wp-content\/uploads\/2023\/09\/Pi-pinyer-Pinus-pinea-1.jpg'><img loading=\"lazy\" decoding=\"async\" width=\"1500\" height=\"2500\" src=\"https:\/\/exposicioredescobrint.cornella.cat\/wp-content\/uploads\/2023\/09\/Pi-pinyer-Pinus-pinea-1.jpg\" class=\"attachment-full size-full\" alt=\"\" aria-describedby=\"gallery-5-2496\" srcset=\"https:\/\/exposicioredescobrint.cornella.cat\/wp-content\/uploads\/2023\/09\/Pi-pinyer-Pinus-pinea-1.jpg 1500w, https:\/\/exposicioredescobrint.cornella.cat\/wp-content\/uploads\/2023\/09\/Pi-pinyer-Pinus-pinea-1-180x300.jpg 180w, https:\/\/exposicioredescobrint.cornella.cat\/wp-content\/uploads\/2023\/09\/Pi-pinyer-Pinus-pinea-1-614x1024.jpg 614w, https:\/\/exposicioredescobrint.cornella.cat\/wp-content\/uploads\/2023\/09\/Pi-pinyer-Pinus-pinea-1-768x1280.jpg 768w, https:\/\/exposicioredescobrint.cornella.cat\/wp-content\/uploads\/2023\/09\/Pi-pinyer-Pinus-pinea-1-922x1536.jpg 922w, https:\/\/exposicioredescobrint.cornella.cat\/wp-content\/uploads\/2023\/09\/Pi-pinyer-Pinus-pinea-1-1229x2048.jpg 1229w, https:\/\/exposicioredescobrint.cornella.cat\/wp-content\/uploads\/2023\/09\/Pi-pinyer-Pinus-pinea-1-7x12.jpg 7w\" sizes=\"(max-width: 1500px) 100vw, 1500px\" \/><\/a>\n\t\t\t<\/div>\n\t\t\t\t<figcaption class='wp-caption-text gallery-caption' id='gallery-5-2496'>\n\t\t\t\tPino pi\u00f1onero<\/br>(Pinus pinea)\n\t\t\t\t<\/figcaption><\/figure><figure class='gallery-item'>\n\t\t\t<div class='gallery-icon portrait'>\n\t\t\t\t<a data-elementor-open-lightbox=\"yes\" data-elementor-lightbox-slideshow=\"2baade9\" data-elementor-lightbox-title=\"Cica&lt;\/br&gt;(Cycas revoluta)\" data-e-action-hash=\"#elementor-action%3Aaction%3Dlightbox%26settings%3DeyJpZCI6MjQ5NywidXJsIjoiaHR0cHM6XC9cL2V4cG9zaWNpb3JlZGVzY29icmludC5jb3JuZWxsYS5jYXRcL3dwLWNvbnRlbnRcL3VwbG9hZHNcLzIwMjNcLzA5XC9DaWNhLUN5Y2FzLXJldm9sdXRhLmpwZyIsInNsaWRlc2hvdyI6IjJiYWFkZTkifQ%3D%3D\" href='https:\/\/exposicioredescobrint.cornella.cat\/wp-content\/uploads\/2023\/09\/Cica-Cycas-revoluta.jpg'><img loading=\"lazy\" decoding=\"async\" width=\"1500\" height=\"2500\" src=\"https:\/\/exposicioredescobrint.cornella.cat\/wp-content\/uploads\/2023\/09\/Cica-Cycas-revoluta.jpg\" class=\"attachment-full size-full\" alt=\"\" aria-describedby=\"gallery-5-2497\" srcset=\"https:\/\/exposicioredescobrint.cornella.cat\/wp-content\/uploads\/2023\/09\/Cica-Cycas-revoluta.jpg 1500w, https:\/\/exposicioredescobrint.cornella.cat\/wp-content\/uploads\/2023\/09\/Cica-Cycas-revoluta-180x300.jpg 180w, https:\/\/exposicioredescobrint.cornella.cat\/wp-content\/uploads\/2023\/09\/Cica-Cycas-revoluta-614x1024.jpg 614w, https:\/\/exposicioredescobrint.cornella.cat\/wp-content\/uploads\/2023\/09\/Cica-Cycas-revoluta-768x1280.jpg 768w, https:\/\/exposicioredescobrint.cornella.cat\/wp-content\/uploads\/2023\/09\/Cica-Cycas-revoluta-922x1536.jpg 922w, https:\/\/exposicioredescobrint.cornella.cat\/wp-content\/uploads\/2023\/09\/Cica-Cycas-revoluta-1229x2048.jpg 1229w, https:\/\/exposicioredescobrint.cornella.cat\/wp-content\/uploads\/2023\/09\/Cica-Cycas-revoluta-7x12.jpg 7w\" sizes=\"(max-width: 1500px) 100vw, 1500px\" \/><\/a>\n\t\t\t<\/div>\n\t\t\t\t<figcaption class='wp-caption-text gallery-caption' id='gallery-5-2497'>\n\t\t\t\tCica<\/br>(Cycas revoluta)\n\t\t\t\t<\/figcaption><\/figure>\n\t\t<\/div>\n\t\t<\/div>\n\t\t\t\t\t\t<\/div>\n\t\t\t\t<\/div>\n\t\t\t\t\t<\/div>\n\t\t<\/div>\n\t\t\t\t\t<\/div>\n\t\t<\/section>\n\t\t\t\t<div class=\"elementor-element elementor-element-32c2e71 elementor-widget-divider--view-line elementor-widget elementor-widget-divider\" data-id=\"32c2e71\" data-element_type=\"widget\" data-widget_type=\"divider.default\">\n\t\t\t\t<div class=\"elementor-widget-container\">\n\t\t\t\t\t\t\t<div class=\"elementor-divider\">\n\t\t\t<span class=\"elementor-divider-separator\">\n\t\t\t\t\t\t<\/span>\n\t\t<\/div>\n\t\t\t\t\t\t<\/div>\n\t\t\t\t<\/div>\n\t\t\t\t<section class=\"elementor-section elementor-inner-section elementor-element elementor-element-cbacbb0 elementor-section-full_width elementor-section-height-default elementor-section-height-default\" data-id=\"cbacbb0\" data-element_type=\"section\">\n\t\t\t\t\t\t<div class=\"elementor-container elementor-column-gap-wide\">\n\t\t\t\t\t<div class=\"elementor-column elementor-col-50 elementor-inner-column elementor-element elementor-element-5559d90\" data-id=\"5559d90\" data-element_type=\"column\">\n\t\t\t<div class=\"elementor-widget-wrap elementor-element-populated\">\n\t\t\t\t\t\t<div class=\"elementor-element elementor-element-b5c04cd elementor-widget elementor-widget-heading\" data-id=\"b5c04cd\" data-element_type=\"widget\" data-widget_type=\"heading.default\">\n\t\t\t\t<div class=\"elementor-widget-container\">\n\t\t\t\t\t<h2 class=\"elementor-heading-title elementor-size-large\">La zona de los antiguos viveros <\/h2>\t\t\t\t<\/div>\n\t\t\t\t<\/div>\n\t\t\t\t<div class=\"elementor-element elementor-element-3315e68 elementor-widget elementor-widget-image\" data-id=\"3315e68\" data-element_type=\"widget\" data-widget_type=\"image.default\">\n\t\t\t\t<div class=\"elementor-widget-container\">\n\t\t\t\t\t\t\t\t\t\t\t\t<figure class=\"wp-caption\">\n\t\t\t\t\t\t\t\t\t\t\t<a href=\"https:\/\/exposicioredescobrint.cornella.cat\/wp-content\/uploads\/2023\/07\/AMBIT-5-final_Pagina_2_Imagen_0022.jpg\" data-elementor-open-lightbox=\"yes\" data-elementor-lightbox-title=\"Pl\u00e0nol: Institut Cartogr\u00e0fic i Geol\u00f2gic de Catalunya. Proposta gr\u00e0fica: Rr. \" data-e-action-hash=\"#elementor-action%3Aaction%3Dlightbox%26settings%3DeyJpZCI6MzI4LCJ1cmwiOiJodHRwczpcL1wvZXhwb3NpY2lvcmVkZXNjb2JyaW50LmNvcm5lbGxhLmNhdFwvd3AtY29udGVudFwvdXBsb2Fkc1wvMjAyM1wvMDdcL0FNQklULTUtZmluYWxfUGFnaW5hXzJfSW1hZ2VuXzAwMjIuanBnIn0%3D\">\n\t\t\t\t\t\t\t<img loading=\"lazy\" decoding=\"async\" width=\"300\" height=\"229\" src=\"https:\/\/exposicioredescobrint.cornella.cat\/wp-content\/uploads\/2023\/07\/AMBIT-5-final_Pagina_2_Imagen_0022-300x229.jpg\" class=\"attachment-medium size-medium wp-image-328\" alt=\"\" srcset=\"https:\/\/exposicioredescobrint.cornella.cat\/wp-content\/uploads\/2023\/07\/AMBIT-5-final_Pagina_2_Imagen_0022-300x229.jpg 300w, https:\/\/exposicioredescobrint.cornella.cat\/wp-content\/uploads\/2023\/07\/AMBIT-5-final_Pagina_2_Imagen_0022-1024x781.jpg 1024w, https:\/\/exposicioredescobrint.cornella.cat\/wp-content\/uploads\/2023\/07\/AMBIT-5-final_Pagina_2_Imagen_0022-768x586.jpg 768w, https:\/\/exposicioredescobrint.cornella.cat\/wp-content\/uploads\/2023\/07\/AMBIT-5-final_Pagina_2_Imagen_0022.jpg 1137w\" sizes=\"(max-width: 300px) 100vw, 300px\" \/>\t\t\t\t\t\t\t\t<\/a>\n\t\t\t\t\t\t\t\t\t\t\t<figcaption class=\"widget-image-caption wp-caption-text\">Plano: Institut Cartogr\u00e0fic i Geol\u00f2gic de Catalunya (ICGC) bajo licencia CC BY 4.0. Propuesta gr\u00e1fica: Rr. <\/figcaption>\n\t\t\t\t\t\t\t\t\t\t<\/figure>\n\t\t\t\t\t\t\t\t\t<\/div>\n\t\t\t\t<\/div>\n\t\t\t\t\t<\/div>\n\t\t<\/div>\n\t\t\t\t<div class=\"elementor-column elementor-col-50 elementor-inner-column elementor-element elementor-element-d57f7b1\" data-id=\"d57f7b1\" data-element_type=\"column\">\n\t\t\t<div class=\"elementor-widget-wrap elementor-element-populated\">\n\t\t\t\t\t\t<div class=\"elementor-element elementor-element-f7bc5e5 elementor-widget elementor-widget-spacer\" data-id=\"f7bc5e5\" data-element_type=\"widget\" data-widget_type=\"spacer.default\">\n\t\t\t\t<div class=\"elementor-widget-container\">\n\t\t\t\t\t\t\t<div class=\"elementor-spacer\">\n\t\t\t<div class=\"elementor-spacer-inner\"><\/div>\n\t\t<\/div>\n\t\t\t\t\t\t<\/div>\n\t\t\t\t<\/div>\n\t\t\t\t<div class=\"elementor-element elementor-element-20d44a8 elementor-widget elementor-widget-text-editor\" data-id=\"20d44a8\" data-element_type=\"widget\" data-widget_type=\"text-editor.default\">\n\t\t\t\t<div class=\"elementor-widget-container\">\n\t\t\t\t\t\t\t\t\t<p><span data-contrast=\"auto\">Se trata de las terrazas llanas de la finca, situadas entre la carretera de L\u2019Hospitalet y el Canal de la Infanta, en donde los Mercader hac\u00edan cultivar una gran variedad de \u00e1rboles frutales en la primera mitad del siglo XIX. Actualmente han perdurado numerosos \u00e1rboles procedentes de los viveros de plantas que cultivaban los arrendatarios. Entre ellos, cabe destacar el conjunto de palmeras washingtonias de excepcional altura, situadas al este de la finca y que se han convertido en un distintivo del parque.<\/span><span data-ccp-props=\"{&quot;335551550&quot;:6,&quot;335551620&quot;:6,&quot;335559738&quot;:240,&quot;335559739&quot;:240}\">\u00a0<\/span><\/p>\t\t\t\t\t\t\t\t<\/div>\n\t\t\t\t<\/div>\n\t\t\t\t\t<\/div>\n\t\t<\/div>\n\t\t\t\t\t<\/div>\n\t\t<\/section>\n\t\t\t\t<section class=\"elementor-section elementor-inner-section elementor-element elementor-element-4ad052f elementor-section-full_width elementor-section-height-default elementor-section-height-default\" data-id=\"4ad052f\" data-element_type=\"section\">\n\t\t\t\t\t\t<div class=\"elementor-container elementor-column-gap-wide\">\n\t\t\t\t\t<div class=\"elementor-column elementor-col-50 elementor-inner-column elementor-element elementor-element-ce8042e\" data-id=\"ce8042e\" data-element_type=\"column\">\n\t\t\t<div class=\"elementor-widget-wrap elementor-element-populated\">\n\t\t\t\t\t\t<div class=\"elementor-element elementor-element-5e923d9 elementor-widget elementor-widget-image\" data-id=\"5e923d9\" data-element_type=\"widget\" data-widget_type=\"image.default\">\n\t\t\t\t<div class=\"elementor-widget-container\">\n\t\t\t\t\t\t\t\t\t\t\t\t<figure class=\"wp-caption\">\n\t\t\t\t\t\t\t\t\t\t\t<a href=\"https:\/\/exposicioredescobrint.cornella.cat\/wp-content\/uploads\/2023\/07\/AMBIT-5-final_Pagina_2_Imagen_0006-scaled.jpg\" data-elementor-open-lightbox=\"yes\" data-elementor-lightbox-title=\"Conjunt de 31 palmeres washingt\u00f2nies (Washingtonia robusta).   Fotografia: Rr. \" data-e-action-hash=\"#elementor-action%3Aaction%3Dlightbox%26settings%3DeyJpZCI6MzI1LCJ1cmwiOiJodHRwczpcL1wvZXhwb3NpY2lvcmVkZXNjb2JyaW50LmNvcm5lbGxhLmNhdFwvd3AtY29udGVudFwvdXBsb2Fkc1wvMjAyM1wvMDdcL0FNQklULTUtZmluYWxfUGFnaW5hXzJfSW1hZ2VuXzAwMDYtc2NhbGVkLmpwZyJ9\">\n\t\t\t\t\t\t\t<img loading=\"lazy\" decoding=\"async\" width=\"1508\" height=\"2560\" src=\"https:\/\/exposicioredescobrint.cornella.cat\/wp-content\/uploads\/2023\/07\/AMBIT-5-final_Pagina_2_Imagen_0006-scaled.jpg\" class=\"attachment-full size-full wp-image-325\" alt=\"\" srcset=\"https:\/\/exposicioredescobrint.cornella.cat\/wp-content\/uploads\/2023\/07\/AMBIT-5-final_Pagina_2_Imagen_0006-scaled.jpg 1508w, https:\/\/exposicioredescobrint.cornella.cat\/wp-content\/uploads\/2023\/07\/AMBIT-5-final_Pagina_2_Imagen_0006-177x300.jpg 177w, https:\/\/exposicioredescobrint.cornella.cat\/wp-content\/uploads\/2023\/07\/AMBIT-5-final_Pagina_2_Imagen_0006-603x1024.jpg 603w, https:\/\/exposicioredescobrint.cornella.cat\/wp-content\/uploads\/2023\/07\/AMBIT-5-final_Pagina_2_Imagen_0006-768x1304.jpg 768w, https:\/\/exposicioredescobrint.cornella.cat\/wp-content\/uploads\/2023\/07\/AMBIT-5-final_Pagina_2_Imagen_0006-905x1536.jpg 905w, https:\/\/exposicioredescobrint.cornella.cat\/wp-content\/uploads\/2023\/07\/AMBIT-5-final_Pagina_2_Imagen_0006-1207x2048.jpg 1207w\" sizes=\"(max-width: 1508px) 100vw, 1508px\" \/>\t\t\t\t\t\t\t\t<\/a>\n\t\t\t\t\t\t\t\t\t\t\t<figcaption class=\"widget-image-caption wp-caption-text\">Conjunto de 31 palmeras washingtonias (Washingtonia robusta).\nFotograf\u00eda: Rr. <\/figcaption>\n\t\t\t\t\t\t\t\t\t\t<\/figure>\n\t\t\t\t\t\t\t\t\t<\/div>\n\t\t\t\t<\/div>\n\t\t\t\t\t<\/div>\n\t\t<\/div>\n\t\t\t\t<div class=\"elementor-column elementor-col-50 elementor-inner-column elementor-element elementor-element-6ad054a\" data-id=\"6ad054a\" data-element_type=\"column\">\n\t\t\t<div class=\"elementor-widget-wrap elementor-element-populated\">\n\t\t\t\t\t\t<div class=\"elementor-element elementor-element-3783c6e elementor-widget elementor-widget-heading\" data-id=\"3783c6e\" data-element_type=\"widget\" data-widget_type=\"heading.default\">\n\t\t\t\t<div class=\"elementor-widget-container\">\n\t\t\t\t\t<h2 class=\"elementor-heading-title elementor-size-medium\">Otros ejemplares interesantes<\/h2>\t\t\t\t<\/div>\n\t\t\t\t<\/div>\n\t\t\t\t<div class=\"elementor-element elementor-element-9c97408 elementor-widget elementor-widget-text-editor\" data-id=\"9c97408\" data-element_type=\"widget\" data-widget_type=\"text-editor.default\">\n\t\t\t\t<div class=\"elementor-widget-container\">\n\t\t\t\t\t\t\t\t\t<p>Del algarrobo de los antiguos cultivos a los ejemplares plantados en \u00e9pocas m\u00e1s recientes en la zona de los viveros, hay toda una variedad de \u00e1rboles que enriquecen la flora de Can Mercader.<\/p>\t\t\t\t\t\t\t\t<\/div>\n\t\t\t\t<\/div>\n\t\t\t\t<div class=\"elementor-element elementor-element-05f8d30 gallery-spacing-custom elementor-widget elementor-widget-image-gallery\" data-id=\"05f8d30\" data-element_type=\"widget\" data-widget_type=\"image-gallery.default\">\n\t\t\t\t<div class=\"elementor-widget-container\">\n\t\t\t\t\t\t\t<div class=\"elementor-image-gallery\">\n\t\t\t<div id='gallery-6' class='gallery galleryid-14 gallery-columns-6 gallery-size-full'><figure class='gallery-item'>\n\t\t\t<div class='gallery-icon portrait'>\n\t\t\t\t<a data-elementor-open-lightbox=\"yes\" data-elementor-lightbox-slideshow=\"05f8d30\" data-elementor-lightbox-title=\"Grev\u00edl\u00b7lea&lt;\/br&gt;(Grevillea robusta)\" data-e-action-hash=\"#elementor-action%3Aaction%3Dlightbox%26settings%3DeyJpZCI6MjUwMiwidXJsIjoiaHR0cHM6XC9cL2V4cG9zaWNpb3JlZGVzY29icmludC5jb3JuZWxsYS5jYXRcL3dwLWNvbnRlbnRcL3VwbG9hZHNcLzIwMjNcLzA5XC9HcmV2aWxsZWEtR3JldmlsbGVhLXJvYnVzdGEtMS5qcGciLCJzbGlkZXNob3ciOiIwNWY4ZDMwIn0%3D\" href='https:\/\/exposicioredescobrint.cornella.cat\/wp-content\/uploads\/2023\/09\/Grevillea-Grevillea-robusta-1.jpg'><img loading=\"lazy\" decoding=\"async\" width=\"1500\" height=\"2500\" src=\"https:\/\/exposicioredescobrint.cornella.cat\/wp-content\/uploads\/2023\/09\/Grevillea-Grevillea-robusta-1.jpg\" class=\"attachment-full size-full\" alt=\"\" aria-describedby=\"gallery-6-2502\" srcset=\"https:\/\/exposicioredescobrint.cornella.cat\/wp-content\/uploads\/2023\/09\/Grevillea-Grevillea-robusta-1.jpg 1500w, https:\/\/exposicioredescobrint.cornella.cat\/wp-content\/uploads\/2023\/09\/Grevillea-Grevillea-robusta-1-180x300.jpg 180w, https:\/\/exposicioredescobrint.cornella.cat\/wp-content\/uploads\/2023\/09\/Grevillea-Grevillea-robusta-1-614x1024.jpg 614w, https:\/\/exposicioredescobrint.cornella.cat\/wp-content\/uploads\/2023\/09\/Grevillea-Grevillea-robusta-1-768x1280.jpg 768w, https:\/\/exposicioredescobrint.cornella.cat\/wp-content\/uploads\/2023\/09\/Grevillea-Grevillea-robusta-1-922x1536.jpg 922w, https:\/\/exposicioredescobrint.cornella.cat\/wp-content\/uploads\/2023\/09\/Grevillea-Grevillea-robusta-1-1229x2048.jpg 1229w, https:\/\/exposicioredescobrint.cornella.cat\/wp-content\/uploads\/2023\/09\/Grevillea-Grevillea-robusta-1-7x12.jpg 7w\" sizes=\"(max-width: 1500px) 100vw, 1500px\" \/><\/a>\n\t\t\t<\/div>\n\t\t\t\t<figcaption class='wp-caption-text gallery-caption' id='gallery-6-2502'>\n\t\t\t\tGrev\u00edl\u00b7lea<\/br>(Grevillea robusta)\n\t\t\t\t<\/figcaption><\/figure><figure class='gallery-item'>\n\t\t\t<div class='gallery-icon portrait'>\n\t\t\t\t<a data-elementor-open-lightbox=\"yes\" data-elementor-lightbox-slideshow=\"05f8d30\" data-elementor-lightbox-title=\"Garrofer&lt;\/br&gt;(Ceratonia siliqua)\" data-e-action-hash=\"#elementor-action%3Aaction%3Dlightbox%26settings%3DeyJpZCI6MjUwMywidXJsIjoiaHR0cHM6XC9cL2V4cG9zaWNpb3JlZGVzY29icmludC5jb3JuZWxsYS5jYXRcL3dwLWNvbnRlbnRcL3VwbG9hZHNcLzIwMjNcLzA5XC9HYXJyb2Zlci1DZXJhdG9uaWEtc2lsaXF1YS0yLmpwZyIsInNsaWRlc2hvdyI6IjA1ZjhkMzAifQ%3D%3D\" href='https:\/\/exposicioredescobrint.cornella.cat\/wp-content\/uploads\/2023\/09\/Garrofer-Ceratonia-siliqua-2.jpg'><img loading=\"lazy\" decoding=\"async\" width=\"1500\" height=\"2500\" src=\"https:\/\/exposicioredescobrint.cornella.cat\/wp-content\/uploads\/2023\/09\/Garrofer-Ceratonia-siliqua-2.jpg\" class=\"attachment-full size-full\" alt=\"\" aria-describedby=\"gallery-6-2503\" srcset=\"https:\/\/exposicioredescobrint.cornella.cat\/wp-content\/uploads\/2023\/09\/Garrofer-Ceratonia-siliqua-2.jpg 1500w, https:\/\/exposicioredescobrint.cornella.cat\/wp-content\/uploads\/2023\/09\/Garrofer-Ceratonia-siliqua-2-180x300.jpg 180w, https:\/\/exposicioredescobrint.cornella.cat\/wp-content\/uploads\/2023\/09\/Garrofer-Ceratonia-siliqua-2-614x1024.jpg 614w, https:\/\/exposicioredescobrint.cornella.cat\/wp-content\/uploads\/2023\/09\/Garrofer-Ceratonia-siliqua-2-768x1280.jpg 768w, https:\/\/exposicioredescobrint.cornella.cat\/wp-content\/uploads\/2023\/09\/Garrofer-Ceratonia-siliqua-2-922x1536.jpg 922w, https:\/\/exposicioredescobrint.cornella.cat\/wp-content\/uploads\/2023\/09\/Garrofer-Ceratonia-siliqua-2-1229x2048.jpg 1229w, https:\/\/exposicioredescobrint.cornella.cat\/wp-content\/uploads\/2023\/09\/Garrofer-Ceratonia-siliqua-2-7x12.jpg 7w\" sizes=\"(max-width: 1500px) 100vw, 1500px\" \/><\/a>\n\t\t\t<\/div>\n\t\t\t\t<figcaption class='wp-caption-text gallery-caption' id='gallery-6-2503'>\n\t\t\t\tGarrofer<\/br>(Ceratonia siliqua)\n\t\t\t\t<\/figcaption><\/figure><figure class='gallery-item'>\n\t\t\t<div class='gallery-icon portrait'>\n\t\t\t\t<a data-elementor-open-lightbox=\"yes\" data-elementor-lightbox-slideshow=\"05f8d30\" data-elementor-lightbox-title=\"Roure martinenc&lt;\/br&gt;(Quercus pubescents)\" data-e-action-hash=\"#elementor-action%3Aaction%3Dlightbox%26settings%3DeyJpZCI6MjUwNCwidXJsIjoiaHR0cHM6XC9cL2V4cG9zaWNpb3JlZGVzY29icmludC5jb3JuZWxsYS5jYXRcL3dwLWNvbnRlbnRcL3VwbG9hZHNcLzIwMjNcLzA5XC9Sb3VyZS1tYXJ0aW5lbmMtUXVlcmN1cy1wdWJlc2NlbnRzLmpwZyIsInNsaWRlc2hvdyI6IjA1ZjhkMzAifQ%3D%3D\" href='https:\/\/exposicioredescobrint.cornella.cat\/wp-content\/uploads\/2023\/09\/Roure-martinenc-Quercus-pubescents.jpg'><img loading=\"lazy\" decoding=\"async\" width=\"1500\" height=\"2500\" src=\"https:\/\/exposicioredescobrint.cornella.cat\/wp-content\/uploads\/2023\/09\/Roure-martinenc-Quercus-pubescents.jpg\" class=\"attachment-full size-full\" alt=\"\" aria-describedby=\"gallery-6-2504\" srcset=\"https:\/\/exposicioredescobrint.cornella.cat\/wp-content\/uploads\/2023\/09\/Roure-martinenc-Quercus-pubescents.jpg 1500w, https:\/\/exposicioredescobrint.cornella.cat\/wp-content\/uploads\/2023\/09\/Roure-martinenc-Quercus-pubescents-180x300.jpg 180w, https:\/\/exposicioredescobrint.cornella.cat\/wp-content\/uploads\/2023\/09\/Roure-martinenc-Quercus-pubescents-614x1024.jpg 614w, https:\/\/exposicioredescobrint.cornella.cat\/wp-content\/uploads\/2023\/09\/Roure-martinenc-Quercus-pubescents-768x1280.jpg 768w, https:\/\/exposicioredescobrint.cornella.cat\/wp-content\/uploads\/2023\/09\/Roure-martinenc-Quercus-pubescents-922x1536.jpg 922w, https:\/\/exposicioredescobrint.cornella.cat\/wp-content\/uploads\/2023\/09\/Roure-martinenc-Quercus-pubescents-1229x2048.jpg 1229w, https:\/\/exposicioredescobrint.cornella.cat\/wp-content\/uploads\/2023\/09\/Roure-martinenc-Quercus-pubescents-7x12.jpg 7w\" sizes=\"(max-width: 1500px) 100vw, 1500px\" \/><\/a>\n\t\t\t<\/div>\n\t\t\t\t<figcaption class='wp-caption-text gallery-caption' id='gallery-6-2504'>\n\t\t\t\tRoure martinenc<\/br>(Quercus pubescents)\n\t\t\t\t<\/figcaption><\/figure><figure class='gallery-item'>\n\t\t\t<div class='gallery-icon portrait'>\n\t\t\t\t<a data-elementor-open-lightbox=\"yes\" data-elementor-lightbox-slideshow=\"05f8d30\" data-elementor-lightbox-title=\"Casuarina&lt;\/br&gt;(Casuarina cunninghamiana)\" data-e-action-hash=\"#elementor-action%3Aaction%3Dlightbox%26settings%3DeyJpZCI6MjUwNSwidXJsIjoiaHR0cHM6XC9cL2V4cG9zaWNpb3JlZGVzY29icmludC5jb3JuZWxsYS5jYXRcL3dwLWNvbnRlbnRcL3VwbG9hZHNcLzIwMjNcLzA5XC9DYXN1YXJpbmEtQ2FzdWFyaW5hLWN1bm5pbmdoYW1pYW5hLTEuanBnIiwic2xpZGVzaG93IjoiMDVmOGQzMCJ9\" href='https:\/\/exposicioredescobrint.cornella.cat\/wp-content\/uploads\/2023\/09\/Casuarina-Casuarina-cunninghamiana-1.jpg'><img loading=\"lazy\" decoding=\"async\" width=\"1500\" height=\"2500\" src=\"https:\/\/exposicioredescobrint.cornella.cat\/wp-content\/uploads\/2023\/09\/Casuarina-Casuarina-cunninghamiana-1.jpg\" class=\"attachment-full size-full\" alt=\"\" aria-describedby=\"gallery-6-2505\" srcset=\"https:\/\/exposicioredescobrint.cornella.cat\/wp-content\/uploads\/2023\/09\/Casuarina-Casuarina-cunninghamiana-1.jpg 1500w, https:\/\/exposicioredescobrint.cornella.cat\/wp-content\/uploads\/2023\/09\/Casuarina-Casuarina-cunninghamiana-1-180x300.jpg 180w, https:\/\/exposicioredescobrint.cornella.cat\/wp-content\/uploads\/2023\/09\/Casuarina-Casuarina-cunninghamiana-1-614x1024.jpg 614w, https:\/\/exposicioredescobrint.cornella.cat\/wp-content\/uploads\/2023\/09\/Casuarina-Casuarina-cunninghamiana-1-768x1280.jpg 768w, https:\/\/exposicioredescobrint.cornella.cat\/wp-content\/uploads\/2023\/09\/Casuarina-Casuarina-cunninghamiana-1-922x1536.jpg 922w, https:\/\/exposicioredescobrint.cornella.cat\/wp-content\/uploads\/2023\/09\/Casuarina-Casuarina-cunninghamiana-1-1229x2048.jpg 1229w, https:\/\/exposicioredescobrint.cornella.cat\/wp-content\/uploads\/2023\/09\/Casuarina-Casuarina-cunninghamiana-1-7x12.jpg 7w\" sizes=\"(max-width: 1500px) 100vw, 1500px\" \/><\/a>\n\t\t\t<\/div>\n\t\t\t\t<figcaption class='wp-caption-text gallery-caption' id='gallery-6-2505'>\n\t\t\t\tCasuarina<\/br>(Casuarina cunninghamiana)\n\t\t\t\t<\/figcaption><\/figure><figure class='gallery-item'>\n\t\t\t<div class='gallery-icon portrait'>\n\t\t\t\t<a data-elementor-open-lightbox=\"yes\" data-elementor-lightbox-slideshow=\"05f8d30\" data-elementor-lightbox-title=\"Cedre de l&#039;Him\u00e0laia&lt;\/br&gt;(Cedrus deodara)\" data-e-action-hash=\"#elementor-action%3Aaction%3Dlightbox%26settings%3DeyJpZCI6MjUwNiwidXJsIjoiaHR0cHM6XC9cL2V4cG9zaWNpb3JlZGVzY29icmludC5jb3JuZWxsYS5jYXRcL3dwLWNvbnRlbnRcL3VwbG9hZHNcLzIwMjNcLzA5XC9DZWRyZS1kZS1sSGltYWxhaWEtQ2VkcnVzLWRlb2RhcmEuanBnIiwic2xpZGVzaG93IjoiMDVmOGQzMCJ9\" href='https:\/\/exposicioredescobrint.cornella.cat\/wp-content\/uploads\/2023\/09\/Cedre-de-lHimalaia-Cedrus-deodara.jpg'><img loading=\"lazy\" decoding=\"async\" width=\"1500\" height=\"2500\" src=\"https:\/\/exposicioredescobrint.cornella.cat\/wp-content\/uploads\/2023\/09\/Cedre-de-lHimalaia-Cedrus-deodara.jpg\" class=\"attachment-full size-full\" alt=\"\" aria-describedby=\"gallery-6-2506\" srcset=\"https:\/\/exposicioredescobrint.cornella.cat\/wp-content\/uploads\/2023\/09\/Cedre-de-lHimalaia-Cedrus-deodara.jpg 1500w, https:\/\/exposicioredescobrint.cornella.cat\/wp-content\/uploads\/2023\/09\/Cedre-de-lHimalaia-Cedrus-deodara-180x300.jpg 180w, https:\/\/exposicioredescobrint.cornella.cat\/wp-content\/uploads\/2023\/09\/Cedre-de-lHimalaia-Cedrus-deodara-614x1024.jpg 614w, https:\/\/exposicioredescobrint.cornella.cat\/wp-content\/uploads\/2023\/09\/Cedre-de-lHimalaia-Cedrus-deodara-768x1280.jpg 768w, https:\/\/exposicioredescobrint.cornella.cat\/wp-content\/uploads\/2023\/09\/Cedre-de-lHimalaia-Cedrus-deodara-922x1536.jpg 922w, https:\/\/exposicioredescobrint.cornella.cat\/wp-content\/uploads\/2023\/09\/Cedre-de-lHimalaia-Cedrus-deodara-1229x2048.jpg 1229w, https:\/\/exposicioredescobrint.cornella.cat\/wp-content\/uploads\/2023\/09\/Cedre-de-lHimalaia-Cedrus-deodara-7x12.jpg 7w\" sizes=\"(max-width: 1500px) 100vw, 1500px\" \/><\/a>\n\t\t\t<\/div>\n\t\t\t\t<figcaption class='wp-caption-text gallery-caption' id='gallery-6-2506'>\n\t\t\t\tCedre de l&#8217;Him\u00e0laia<\/br>(Cedrus deodara)\n\t\t\t\t<\/figcaption><\/figure><figure class='gallery-item'>\n\t\t\t<div class='gallery-icon portrait'>\n\t\t\t\t<a data-elementor-open-lightbox=\"yes\" data-elementor-lightbox-slideshow=\"05f8d30\" data-elementor-lightbox-title=\"Bellaombra&lt;\/br&gt;(Phytolacca dioica)\" data-e-action-hash=\"#elementor-action%3Aaction%3Dlightbox%26settings%3DeyJpZCI6MjUwNywidXJsIjoiaHR0cHM6XC9cL2V4cG9zaWNpb3JlZGVzY29icmludC5jb3JuZWxsYS5jYXRcL3dwLWNvbnRlbnRcL3VwbG9hZHNcLzIwMjNcLzA5XC9CZWxsYW9tYnJhLVBoeXRvbGFjY2EtZGlvaWNhLmpwZyIsInNsaWRlc2hvdyI6IjA1ZjhkMzAifQ%3D%3D\" href='https:\/\/exposicioredescobrint.cornella.cat\/wp-content\/uploads\/2023\/09\/Bellaombra-Phytolacca-dioica.jpg'><img loading=\"lazy\" decoding=\"async\" width=\"1500\" height=\"2500\" src=\"https:\/\/exposicioredescobrint.cornella.cat\/wp-content\/uploads\/2023\/09\/Bellaombra-Phytolacca-dioica.jpg\" class=\"attachment-full size-full\" alt=\"\" aria-describedby=\"gallery-6-2507\" srcset=\"https:\/\/exposicioredescobrint.cornella.cat\/wp-content\/uploads\/2023\/09\/Bellaombra-Phytolacca-dioica.jpg 1500w, https:\/\/exposicioredescobrint.cornella.cat\/wp-content\/uploads\/2023\/09\/Bellaombra-Phytolacca-dioica-180x300.jpg 180w, https:\/\/exposicioredescobrint.cornella.cat\/wp-content\/uploads\/2023\/09\/Bellaombra-Phytolacca-dioica-614x1024.jpg 614w, https:\/\/exposicioredescobrint.cornella.cat\/wp-content\/uploads\/2023\/09\/Bellaombra-Phytolacca-dioica-768x1280.jpg 768w, https:\/\/exposicioredescobrint.cornella.cat\/wp-content\/uploads\/2023\/09\/Bellaombra-Phytolacca-dioica-922x1536.jpg 922w, https:\/\/exposicioredescobrint.cornella.cat\/wp-content\/uploads\/2023\/09\/Bellaombra-Phytolacca-dioica-1229x2048.jpg 1229w, https:\/\/exposicioredescobrint.cornella.cat\/wp-content\/uploads\/2023\/09\/Bellaombra-Phytolacca-dioica-7x12.jpg 7w\" sizes=\"(max-width: 1500px) 100vw, 1500px\" \/><\/a>\n\t\t\t<\/div>\n\t\t\t\t<figcaption class='wp-caption-text gallery-caption' id='gallery-6-2507'>\n\t\t\t\tBellaombra<\/br>(Phytolacca dioica)\n\t\t\t\t<\/figcaption><\/figure>\n\t\t<\/div>\n\t\t<\/div>\n\t\t\t\t\t\t<\/div>\n\t\t\t\t<\/div>\n\t\t\t\t\t<\/div>\n\t\t<\/div>\n\t\t\t\t\t<\/div>\n\t\t<\/section>\n\t\t\t\t<section class=\"elementor-section elementor-inner-section elementor-element elementor-element-a9e7bd9 elementor-section-full_width elementor-section-height-default elementor-section-height-default\" data-id=\"a9e7bd9\" data-element_type=\"section\">\n\t\t\t\t\t\t<div class=\"elementor-container elementor-column-gap-wide\">\n\t\t\t\t\t<div class=\"elementor-column elementor-col-50 elementor-inner-column elementor-element elementor-element-52425d8\" data-id=\"52425d8\" data-element_type=\"column\">\n\t\t\t<div class=\"elementor-widget-wrap elementor-element-populated\">\n\t\t\t\t\t\t<div class=\"elementor-element elementor-element-acd9f72 elementor-widget elementor-widget-text-editor\" data-id=\"acd9f72\" data-element_type=\"widget\" data-widget_type=\"text-editor.default\">\n\t\t\t\t<div class=\"elementor-widget-container\">\n\t\t\t\t\t\t\t\t\t<p><span data-contrast=\"auto\">Con la urbanizaci\u00f3n del parque (1986-1989), se plantaron nuevas especies de \u00e1rboles que enriquecieron la diversidad vegetal con cedros, bellasombras y jacarandas, entre otros.<\/span><\/p>\t\t\t\t\t\t\t\t<\/div>\n\t\t\t\t<\/div>\n\t\t\t\t\t<\/div>\n\t\t<\/div>\n\t\t\t\t<div class=\"elementor-column elementor-col-50 elementor-inner-column elementor-element elementor-element-cd178f6\" data-id=\"cd178f6\" data-element_type=\"column\">\n\t\t\t<div class=\"elementor-widget-wrap elementor-element-populated\">\n\t\t\t\t\t\t<div class=\"elementor-element elementor-element-d7fa662 elementor-widget elementor-widget-image-gallery\" data-id=\"d7fa662\" data-element_type=\"widget\" data-widget_type=\"image-gallery.default\">\n\t\t\t\t<div class=\"elementor-widget-container\">\n\t\t\t\t\t\t\t<div class=\"elementor-image-gallery\">\n\t\t\t<div id='gallery-7' class='gallery galleryid-14 gallery-columns-2 gallery-size-large'><figure class='gallery-item'>\n\t\t\t<div class='gallery-icon landscape'>\n\t\t\t\t<a data-elementor-open-lightbox=\"yes\" data-elementor-lightbox-slideshow=\"d7fa662\" data-elementor-lightbox-title=\"A la part baixa del parc, a l\u2019oest, un grup de lliris africans (Agapanthus africanus) acompanyen el monument a Pau Casals; al fons, s\u2019hi distingeix un grup de pollancres (Populus nigra).\" data-e-action-hash=\"#elementor-action%3Aaction%3Dlightbox%26settings%3DeyJpZCI6MjUwOCwidXJsIjoiaHR0cHM6XC9cL2V4cG9zaWNpb3JlZGVzY29icmludC5jb3JuZWxsYS5jYXRcL3dwLWNvbnRlbnRcL3VwbG9hZHNcLzIwMjNcLzA5XC9sbGlyaXMtYWZyaWNhbnMuanBnIiwic2xpZGVzaG93IjoiZDdmYTY2MiJ9\" href='https:\/\/exposicioredescobrint.cornella.cat\/wp-content\/uploads\/2023\/09\/lliris-africans.jpg'><img loading=\"lazy\" decoding=\"async\" width=\"800\" height=\"520\" src=\"https:\/\/exposicioredescobrint.cornella.cat\/wp-content\/uploads\/2023\/09\/lliris-africans-1024x666.jpg\" class=\"attachment-large size-large\" alt=\"\" aria-describedby=\"gallery-7-2508\" srcset=\"https:\/\/exposicioredescobrint.cornella.cat\/wp-content\/uploads\/2023\/09\/lliris-africans-1024x666.jpg 1024w, https:\/\/exposicioredescobrint.cornella.cat\/wp-content\/uploads\/2023\/09\/lliris-africans-300x195.jpg 300w, https:\/\/exposicioredescobrint.cornella.cat\/wp-content\/uploads\/2023\/09\/lliris-africans-768x499.jpg 768w, https:\/\/exposicioredescobrint.cornella.cat\/wp-content\/uploads\/2023\/09\/lliris-africans-1536x998.jpg 1536w, https:\/\/exposicioredescobrint.cornella.cat\/wp-content\/uploads\/2023\/09\/lliris-africans-18x12.jpg 18w, https:\/\/exposicioredescobrint.cornella.cat\/wp-content\/uploads\/2023\/09\/lliris-africans.jpg 2000w\" sizes=\"(max-width: 800px) 100vw, 800px\" \/><\/a>\n\t\t\t<\/div>\n\t\t\t\t<figcaption class='wp-caption-text gallery-caption' id='gallery-7-2508'>\n\t\t\t\tEn la parte baja del parque, en el oeste, un grupo de lirios africanos (Agapanthus africanus) acompa\u00f1an el monumento a Pau Casals; al fondo, se distingue un grupo de chopos (Populus nigra).\n\t\t\t\t<\/figcaption><\/figure><figure class='gallery-item'>\n\t\t\t<div class='gallery-icon landscape'>\n\t\t\t\t<a data-elementor-open-lightbox=\"yes\" data-elementor-lightbox-slideshow=\"d7fa662\" data-elementor-lightbox-title=\"Grup de tipuanes (Tipuana tipu), a tocar de la carretera de l&#039;Hospitalet, a l\u2019est del parc. \" data-e-action-hash=\"#elementor-action%3Aaction%3Dlightbox%26settings%3DeyJpZCI6MjUwOSwidXJsIjoiaHR0cHM6XC9cL2V4cG9zaWNpb3JlZGVzY29icmludC5jb3JuZWxsYS5jYXRcL3dwLWNvbnRlbnRcL3VwbG9hZHNcLzIwMjNcLzA5XC90aXB1YW5lcy5qcGciLCJzbGlkZXNob3ciOiJkN2ZhNjYyIn0%3D\" href='https:\/\/exposicioredescobrint.cornella.cat\/wp-content\/uploads\/2023\/09\/tipuanes.jpg'><img loading=\"lazy\" decoding=\"async\" width=\"800\" height=\"520\" src=\"https:\/\/exposicioredescobrint.cornella.cat\/wp-content\/uploads\/2023\/09\/tipuanes-1024x666.jpg\" class=\"attachment-large size-large\" alt=\"\" aria-describedby=\"gallery-7-2509\" srcset=\"https:\/\/exposicioredescobrint.cornella.cat\/wp-content\/uploads\/2023\/09\/tipuanes-1024x666.jpg 1024w, https:\/\/exposicioredescobrint.cornella.cat\/wp-content\/uploads\/2023\/09\/tipuanes-300x195.jpg 300w, https:\/\/exposicioredescobrint.cornella.cat\/wp-content\/uploads\/2023\/09\/tipuanes-768x499.jpg 768w, https:\/\/exposicioredescobrint.cornella.cat\/wp-content\/uploads\/2023\/09\/tipuanes-1536x998.jpg 1536w, https:\/\/exposicioredescobrint.cornella.cat\/wp-content\/uploads\/2023\/09\/tipuanes-18x12.jpg 18w, https:\/\/exposicioredescobrint.cornella.cat\/wp-content\/uploads\/2023\/09\/tipuanes.jpg 2000w\" sizes=\"(max-width: 800px) 100vw, 800px\" \/><\/a>\n\t\t\t<\/div>\n\t\t\t\t<figcaption class='wp-caption-text gallery-caption' id='gallery-7-2509'>\n\t\t\t\tGrupo de tipuanas (Tipuana tipu), junto a la carretera de L'Hospitalet, al este del parque. \n\t\t\t\t<\/figcaption><\/figure>\n\t\t<\/div>\n\t\t<\/div>\n\t\t\t\t\t\t<\/div>\n\t\t\t\t<\/div>\n\t\t\t\t\t<\/div>\n\t\t<\/div>\n\t\t\t\t\t<\/div>\n\t\t<\/section>\n\t\t\t\t<div class=\"elementor-element elementor-element-545f549 elementor-widget-divider--view-line elementor-widget elementor-widget-divider\" data-id=\"545f549\" data-element_type=\"widget\" data-widget_type=\"divider.default\">\n\t\t\t\t<div class=\"elementor-widget-container\">\n\t\t\t\t\t\t\t<div class=\"elementor-divider\">\n\t\t\t<span class=\"elementor-divider-separator\">\n\t\t\t\t\t\t<\/span>\n\t\t<\/div>\n\t\t\t\t\t\t<\/div>\n\t\t\t\t<\/div>\n\t\t\t\t<section class=\"elementor-section elementor-inner-section elementor-element elementor-element-acd6e45 elementor-section-full_width elementor-section-height-default elementor-section-height-default\" data-id=\"acd6e45\" data-element_type=\"section\">\n\t\t\t\t\t\t<div class=\"elementor-container elementor-column-gap-wide\">\n\t\t\t\t\t<div class=\"elementor-column elementor-col-50 elementor-inner-column elementor-element elementor-element-ca00ed3\" data-id=\"ca00ed3\" data-element_type=\"column\">\n\t\t\t<div class=\"elementor-widget-wrap elementor-element-populated\">\n\t\t\t\t\t\t<div class=\"elementor-element elementor-element-5a6d8c2 elementor-widget elementor-widget-heading\" data-id=\"5a6d8c2\" data-element_type=\"widget\" data-widget_type=\"heading.default\">\n\t\t\t\t<div class=\"elementor-widget-container\">\n\t\t\t\t\t<h2 class=\"elementor-heading-title elementor-size-large\">La zona alta del parc<\/h2>\t\t\t\t<\/div>\n\t\t\t\t<\/div>\n\t\t\t\t<div class=\"elementor-element elementor-element-5a1d5dc elementor-widget elementor-widget-image\" data-id=\"5a1d5dc\" data-element_type=\"widget\" data-widget_type=\"image.default\">\n\t\t\t\t<div class=\"elementor-widget-container\">\n\t\t\t\t\t\t\t\t\t\t\t\t<figure class=\"wp-caption\">\n\t\t\t\t\t\t\t\t\t\t\t<a href=\"https:\/\/exposicioredescobrint.cornella.cat\/wp-content\/uploads\/2023\/07\/AMBIT-5-final_Pagina_3_Imagen_0011.jpg\" data-elementor-open-lightbox=\"yes\" data-elementor-lightbox-title=\"Pl\u00e0nol: Institut Cartogr\u00e0fic i Geol\u00f2gic de Catalunya (ICGC) sota una llic\u00e8ncia CC BY 4.0.. Proposta gr\u00e0fica: Rr. \" data-e-action-hash=\"#elementor-action%3Aaction%3Dlightbox%26settings%3DeyJpZCI6MzQwLCJ1cmwiOiJodHRwczpcL1wvZXhwb3NpY2lvcmVkZXNjb2JyaW50LmNvcm5lbGxhLmNhdFwvd3AtY29udGVudFwvdXBsb2Fkc1wvMjAyM1wvMDdcL0FNQklULTUtZmluYWxfUGFnaW5hXzNfSW1hZ2VuXzAwMTEuanBnIn0%3D\">\n\t\t\t\t\t\t\t<img loading=\"lazy\" decoding=\"async\" width=\"300\" height=\"219\" src=\"https:\/\/exposicioredescobrint.cornella.cat\/wp-content\/uploads\/2023\/07\/AMBIT-5-final_Pagina_3_Imagen_0011-300x219.jpg\" class=\"attachment-medium size-medium wp-image-340\" alt=\"\" srcset=\"https:\/\/exposicioredescobrint.cornella.cat\/wp-content\/uploads\/2023\/07\/AMBIT-5-final_Pagina_3_Imagen_0011-300x219.jpg 300w, https:\/\/exposicioredescobrint.cornella.cat\/wp-content\/uploads\/2023\/07\/AMBIT-5-final_Pagina_3_Imagen_0011-1024x749.jpg 1024w, https:\/\/exposicioredescobrint.cornella.cat\/wp-content\/uploads\/2023\/07\/AMBIT-5-final_Pagina_3_Imagen_0011-768x562.jpg 768w, https:\/\/exposicioredescobrint.cornella.cat\/wp-content\/uploads\/2023\/07\/AMBIT-5-final_Pagina_3_Imagen_0011.jpg 1240w\" sizes=\"(max-width: 300px) 100vw, 300px\" \/>\t\t\t\t\t\t\t\t<\/a>\n\t\t\t\t\t\t\t\t\t\t\t<figcaption class=\"widget-image-caption wp-caption-text\">Plano: Institut Cartogr\u00e0fic i Geol\u00f2gic de Catalunya (ICGC) bajo licencia CC BY 4.0. Propuesta gr\u00e1fica: Rr. <\/figcaption>\n\t\t\t\t\t\t\t\t\t\t<\/figure>\n\t\t\t\t\t\t\t\t\t<\/div>\n\t\t\t\t<\/div>\n\t\t\t\t\t<\/div>\n\t\t<\/div>\n\t\t\t\t<div class=\"elementor-column elementor-col-50 elementor-inner-column elementor-element elementor-element-8c3040a\" data-id=\"8c3040a\" data-element_type=\"column\">\n\t\t\t<div class=\"elementor-widget-wrap elementor-element-populated\">\n\t\t\t\t\t\t<div class=\"elementor-element elementor-element-cea3f3b elementor-widget elementor-widget-text-editor\" data-id=\"cea3f3b\" data-element_type=\"widget\" data-widget_type=\"text-editor.default\">\n\t\t\t\t<div class=\"elementor-widget-container\">\n\t\t\t\t\t\t\t\t\t<p><span data-contrast=\"auto\">Entre el Canal de la Infanta y la Torre de la Miranda encontramos la zona de solana, de pendiente muy pronunciada. Esta parte nunca dispuso de agua, es la zona m\u00e1s seca y donde se cultivaron algarrobos y vi\u00f1a. La urbanizaci\u00f3n de esta zona (1996-1998), a cargo de la Mancomunidad de Municipios del \u00c1rea Metropolitana de Barcelona, supuso la mejora de los accesos al parque desde los barrios de Sant Ildefons y de la Gavarra. La cobertura de una parte de la v\u00eda del tren, la apertura de un paso bajo la v\u00eda y la construcci\u00f3n de rampas, escaleras y zonas de paseo eliminaron las \u00faltimas barreras y dignificaron estos accesos desde la Avenida de Salvador Allende, actualmente convertida en un amplio y soleado paseo-mirador sobre buena parte del Delta del Llobregat.<\/span><span data-ccp-props=\"{&quot;335551550&quot;:6,&quot;335551620&quot;:6,&quot;335559738&quot;:240,&quot;335559739&quot;:240}\">\u00a0<\/span><\/p><p><span data-contrast=\"auto\">Esta intervenci\u00f3n fue acompa\u00f1ada por una vegetaci\u00f3n compacta formada mayoritariamente por arbustos y \u00e1rboles de clima mediterr\u00e1neo seco, como la retama y los pinos, que fijan el suelo e impiden su erosi\u00f3n<\/span><span data-ccp-props=\"{&quot;335551550&quot;:6,&quot;335551620&quot;:6,&quot;335559738&quot;:240,&quot;335559739&quot;:240}\">\u00a0<\/span><\/p>\t\t\t\t\t\t\t\t<\/div>\n\t\t\t\t<\/div>\n\t\t\t\t\t<\/div>\n\t\t<\/div>\n\t\t\t\t\t<\/div>\n\t\t<\/section>\n\t\t\t\t<section class=\"elementor-section elementor-inner-section elementor-element elementor-element-35b6078 elementor-section-full_width elementor-section-height-default elementor-section-height-default\" data-id=\"35b6078\" data-element_type=\"section\">\n\t\t\t\t\t\t<div class=\"elementor-container elementor-column-gap-wide\">\n\t\t\t\t\t<div class=\"elementor-column elementor-col-33 elementor-inner-column elementor-element elementor-element-0dad611\" data-id=\"0dad611\" data-element_type=\"column\">\n\t\t\t<div class=\"elementor-widget-wrap elementor-element-populated\">\n\t\t\t\t\t\t<div class=\"elementor-element elementor-element-fccef05 elementor-widget__width-initial elementor-widget elementor-widget-image\" data-id=\"fccef05\" data-element_type=\"widget\" data-widget_type=\"image.default\">\n\t\t\t\t<div class=\"elementor-widget-container\">\n\t\t\t\t\t\t\t\t\t\t\t\t<figure class=\"wp-caption\">\n\t\t\t\t\t\t\t\t\t\t\t<a href=\"https:\/\/exposicioredescobrint.cornella.cat\/wp-content\/uploads\/2023\/07\/AMBIT-5-final_Pagina_3_Imagen_0010-scaled.jpg\" data-elementor-open-lightbox=\"yes\" data-elementor-lightbox-title=\"Porta actual d\u2019acc\u00e9s a la part alta de Can Mercader. Antigament, just despr\u00e9s d\u2019aquesta porta, un pont permetia salvar el Canal de la Infanta. Fotografia: Rr. \" data-e-action-hash=\"#elementor-action%3Aaction%3Dlightbox%26settings%3DeyJpZCI6MzQxLCJ1cmwiOiJodHRwczpcL1wvZXhwb3NpY2lvcmVkZXNjb2JyaW50LmNvcm5lbGxhLmNhdFwvd3AtY29udGVudFwvdXBsb2Fkc1wvMjAyM1wvMDdcL0FNQklULTUtZmluYWxfUGFnaW5hXzNfSW1hZ2VuXzAwMTAtc2NhbGVkLmpwZyJ9\">\n\t\t\t\t\t\t\t<img loading=\"lazy\" decoding=\"async\" width=\"2560\" height=\"1706\" src=\"https:\/\/exposicioredescobrint.cornella.cat\/wp-content\/uploads\/2023\/07\/AMBIT-5-final_Pagina_3_Imagen_0010-scaled.jpg\" class=\"attachment-full size-full wp-image-341\" alt=\"\" srcset=\"https:\/\/exposicioredescobrint.cornella.cat\/wp-content\/uploads\/2023\/07\/AMBIT-5-final_Pagina_3_Imagen_0010-scaled.jpg 2560w, https:\/\/exposicioredescobrint.cornella.cat\/wp-content\/uploads\/2023\/07\/AMBIT-5-final_Pagina_3_Imagen_0010-300x200.jpg 300w, https:\/\/exposicioredescobrint.cornella.cat\/wp-content\/uploads\/2023\/07\/AMBIT-5-final_Pagina_3_Imagen_0010-1024x683.jpg 1024w, https:\/\/exposicioredescobrint.cornella.cat\/wp-content\/uploads\/2023\/07\/AMBIT-5-final_Pagina_3_Imagen_0010-768x512.jpg 768w, https:\/\/exposicioredescobrint.cornella.cat\/wp-content\/uploads\/2023\/07\/AMBIT-5-final_Pagina_3_Imagen_0010-1536x1024.jpg 1536w, https:\/\/exposicioredescobrint.cornella.cat\/wp-content\/uploads\/2023\/07\/AMBIT-5-final_Pagina_3_Imagen_0010-2048x1365.jpg 2048w\" sizes=\"(max-width: 2560px) 100vw, 2560px\" \/>\t\t\t\t\t\t\t\t<\/a>\n\t\t\t\t\t\t\t\t\t\t\t<figcaption class=\"widget-image-caption wp-caption-text\">Puerta actual de acceso a la parte alta de Can Mercader. Antiguamente, justo despu\u00e9s de esta puerta, un puente permit\u00eda salvar el Canal de la Infanta.\nFotograf\u00eda: Rr. <\/figcaption>\n\t\t\t\t\t\t\t\t\t\t<\/figure>\n\t\t\t\t\t\t\t\t\t<\/div>\n\t\t\t\t<\/div>\n\t\t\t\t\t<\/div>\n\t\t<\/div>\n\t\t\t\t<div class=\"elementor-column elementor-col-33 elementor-inner-column elementor-element elementor-element-ee50039\" data-id=\"ee50039\" data-element_type=\"column\">\n\t\t\t<div class=\"elementor-widget-wrap elementor-element-populated\">\n\t\t\t\t\t\t<div class=\"elementor-element elementor-element-62e7f47 elementor-widget elementor-widget-image-gallery\" data-id=\"62e7f47\" data-element_type=\"widget\" data-widget_type=\"image-gallery.default\">\n\t\t\t\t<div class=\"elementor-widget-container\">\n\t\t\t\t\t\t\t<div class=\"elementor-image-gallery\">\n\t\t\t<div id='gallery-8' class='gallery galleryid-14 gallery-columns-4 gallery-size-full'><figure class='gallery-item'>\n\t\t\t<div class='gallery-icon landscape'>\n\t\t\t\t<a data-elementor-open-lightbox=\"yes\" data-elementor-lightbox-slideshow=\"62e7f47\" data-elementor-lightbox-title=\"Pas per sota la via de la RENFE.Fotografia: Rr.\" data-e-action-hash=\"#elementor-action%3Aaction%3Dlightbox%26settings%3DeyJpZCI6MzQyLCJ1cmwiOiJodHRwczpcL1wvZXhwb3NpY2lvcmVkZXNjb2JyaW50LmNvcm5lbGxhLmNhdFwvd3AtY29udGVudFwvdXBsb2Fkc1wvMjAyM1wvMDdcL0FNQklULTUtZmluYWxfUGFnaW5hXzNfSW1hZ2VuXzAwMDEtc2NhbGVkLmpwZyIsInNsaWRlc2hvdyI6IjYyZTdmNDcifQ%3D%3D\" href='https:\/\/exposicioredescobrint.cornella.cat\/wp-content\/uploads\/2023\/07\/AMBIT-5-final_Pagina_3_Imagen_0001-scaled.jpg'><img loading=\"lazy\" decoding=\"async\" width=\"2560\" height=\"1689\" src=\"https:\/\/exposicioredescobrint.cornella.cat\/wp-content\/uploads\/2023\/07\/AMBIT-5-final_Pagina_3_Imagen_0001-scaled.jpg\" class=\"attachment-full size-full\" alt=\"\" aria-describedby=\"gallery-8-342\" srcset=\"https:\/\/exposicioredescobrint.cornella.cat\/wp-content\/uploads\/2023\/07\/AMBIT-5-final_Pagina_3_Imagen_0001-scaled.jpg 2560w, https:\/\/exposicioredescobrint.cornella.cat\/wp-content\/uploads\/2023\/07\/AMBIT-5-final_Pagina_3_Imagen_0001-300x198.jpg 300w, https:\/\/exposicioredescobrint.cornella.cat\/wp-content\/uploads\/2023\/07\/AMBIT-5-final_Pagina_3_Imagen_0001-1024x675.jpg 1024w, https:\/\/exposicioredescobrint.cornella.cat\/wp-content\/uploads\/2023\/07\/AMBIT-5-final_Pagina_3_Imagen_0001-768x507.jpg 768w, https:\/\/exposicioredescobrint.cornella.cat\/wp-content\/uploads\/2023\/07\/AMBIT-5-final_Pagina_3_Imagen_0001-1536x1013.jpg 1536w, https:\/\/exposicioredescobrint.cornella.cat\/wp-content\/uploads\/2023\/07\/AMBIT-5-final_Pagina_3_Imagen_0001-2048x1351.jpg 2048w\" sizes=\"(max-width: 2560px) 100vw, 2560px\" \/><\/a>\n\t\t\t<\/div>\n\t\t\t\t<figcaption class='wp-caption-text gallery-caption' id='gallery-8-342'>\n\t\t\t\tPaso bajo la v\u00eda de la RENFE.\nFotograf\u00eda: Rr.\n\t\t\t\t<\/figcaption><\/figure><figure class='gallery-item'>\n\t\t\t<div class='gallery-icon landscape'>\n\t\t\t\t<a data-elementor-open-lightbox=\"yes\" data-elementor-lightbox-slideshow=\"62e7f47\" data-elementor-lightbox-title=\"Passeig de pl\u00e0tans (Platanus x hispanica) entre el Canal de la Infanta i la via del tren.   Fotografia: R\" data-e-action-hash=\"#elementor-action%3Aaction%3Dlightbox%26settings%3DeyJpZCI6MzQ3LCJ1cmwiOiJodHRwczpcL1wvZXhwb3NpY2lvcmVkZXNjb2JyaW50LmNvcm5lbGxhLmNhdFwvd3AtY29udGVudFwvdXBsb2Fkc1wvMjAyM1wvMDdcL0FNQklULTUtZmluYWxfUGFnaW5hXzNfSW1hZ2VuXzAwMDYtc2NhbGVkLmpwZyIsInNsaWRlc2hvdyI6IjYyZTdmNDcifQ%3D%3D\" href='https:\/\/exposicioredescobrint.cornella.cat\/wp-content\/uploads\/2023\/07\/AMBIT-5-final_Pagina_3_Imagen_0006-scaled.jpg'><img loading=\"lazy\" decoding=\"async\" width=\"2560\" height=\"1651\" src=\"https:\/\/exposicioredescobrint.cornella.cat\/wp-content\/uploads\/2023\/07\/AMBIT-5-final_Pagina_3_Imagen_0006-scaled.jpg\" class=\"attachment-full size-full\" alt=\"\" aria-describedby=\"gallery-8-347\" srcset=\"https:\/\/exposicioredescobrint.cornella.cat\/wp-content\/uploads\/2023\/07\/AMBIT-5-final_Pagina_3_Imagen_0006-scaled.jpg 2560w, https:\/\/exposicioredescobrint.cornella.cat\/wp-content\/uploads\/2023\/07\/AMBIT-5-final_Pagina_3_Imagen_0006-300x193.jpg 300w, https:\/\/exposicioredescobrint.cornella.cat\/wp-content\/uploads\/2023\/07\/AMBIT-5-final_Pagina_3_Imagen_0006-1024x660.jpg 1024w, https:\/\/exposicioredescobrint.cornella.cat\/wp-content\/uploads\/2023\/07\/AMBIT-5-final_Pagina_3_Imagen_0006-768x495.jpg 768w, https:\/\/exposicioredescobrint.cornella.cat\/wp-content\/uploads\/2023\/07\/AMBIT-5-final_Pagina_3_Imagen_0006-1536x991.jpg 1536w, https:\/\/exposicioredescobrint.cornella.cat\/wp-content\/uploads\/2023\/07\/AMBIT-5-final_Pagina_3_Imagen_0006-2048x1321.jpg 2048w\" sizes=\"(max-width: 2560px) 100vw, 2560px\" \/><\/a>\n\t\t\t<\/div>\n\t\t\t\t<figcaption class='wp-caption-text gallery-caption' id='gallery-8-347'>\n\t\t\t\tPaseo de pl\u00e1tanos (Platanus x hispanica) entre el Canal de la Infanta y la v\u00eda del tren.\nFotograf\u00eda: Rr.\n\t\t\t\t<\/figcaption><\/figure><figure class='gallery-item'>\n\t\t\t<div class='gallery-icon landscape'>\n\t\t\t\t<a data-elementor-open-lightbox=\"yes\" data-elementor-lightbox-slideshow=\"62e7f47\" data-elementor-lightbox-title=\"El pi pinyoner (Pinus pinea) i el pi blanc (Pinus halepensis) dominen tota aquesta part del parc.   Fotografia: Rr. \" data-e-action-hash=\"#elementor-action%3Aaction%3Dlightbox%26settings%3DeyJpZCI6MzQzLCJ1cmwiOiJodHRwczpcL1wvZXhwb3NpY2lvcmVkZXNjb2JyaW50LmNvcm5lbGxhLmNhdFwvd3AtY29udGVudFwvdXBsb2Fkc1wvMjAyM1wvMDdcL0FNQklULTUtZmluYWxfUGFnaW5hXzNfSW1hZ2VuXzAwMDItc2NhbGVkLmpwZyIsInNsaWRlc2hvdyI6IjYyZTdmNDcifQ%3D%3D\" href='https:\/\/exposicioredescobrint.cornella.cat\/wp-content\/uploads\/2023\/07\/AMBIT-5-final_Pagina_3_Imagen_0002-scaled.jpg'><img loading=\"lazy\" decoding=\"async\" width=\"2560\" height=\"1668\" src=\"https:\/\/exposicioredescobrint.cornella.cat\/wp-content\/uploads\/2023\/07\/AMBIT-5-final_Pagina_3_Imagen_0002-scaled.jpg\" class=\"attachment-full size-full\" alt=\"\" aria-describedby=\"gallery-8-343\" srcset=\"https:\/\/exposicioredescobrint.cornella.cat\/wp-content\/uploads\/2023\/07\/AMBIT-5-final_Pagina_3_Imagen_0002-scaled.jpg 2560w, https:\/\/exposicioredescobrint.cornella.cat\/wp-content\/uploads\/2023\/07\/AMBIT-5-final_Pagina_3_Imagen_0002-300x196.jpg 300w, https:\/\/exposicioredescobrint.cornella.cat\/wp-content\/uploads\/2023\/07\/AMBIT-5-final_Pagina_3_Imagen_0002-1024x667.jpg 1024w, https:\/\/exposicioredescobrint.cornella.cat\/wp-content\/uploads\/2023\/07\/AMBIT-5-final_Pagina_3_Imagen_0002-768x501.jpg 768w, https:\/\/exposicioredescobrint.cornella.cat\/wp-content\/uploads\/2023\/07\/AMBIT-5-final_Pagina_3_Imagen_0002-1536x1001.jpg 1536w, https:\/\/exposicioredescobrint.cornella.cat\/wp-content\/uploads\/2023\/07\/AMBIT-5-final_Pagina_3_Imagen_0002-2048x1335.jpg 2048w\" sizes=\"(max-width: 2560px) 100vw, 2560px\" \/><\/a>\n\t\t\t<\/div>\n\t\t\t\t<figcaption class='wp-caption-text gallery-caption' id='gallery-8-343'>\n\t\t\t\tEl pino pi\u00f1onero (Pinus pinea) y el pino carrasco (Pinus halepensis) dominan toda esta parte del parque.\nFotograf\u00eda: Rr \n\t\t\t\t<\/figcaption><\/figure><figure class='gallery-item'>\n\t\t\t<div class='gallery-icon landscape'>\n\t\t\t\t<a data-elementor-open-lightbox=\"yes\" data-elementor-lightbox-slideshow=\"62e7f47\" data-elementor-lightbox-title=\"Passeig-mirador de l\u2019Avinguda Salvador Allende, popularment conegut com el passeig del colesterol.   Fotografia: Rr. \" data-e-action-hash=\"#elementor-action%3Aaction%3Dlightbox%26settings%3DeyJpZCI6MzQ5LCJ1cmwiOiJodHRwczpcL1wvZXhwb3NpY2lvcmVkZXNjb2JyaW50LmNvcm5lbGxhLmNhdFwvd3AtY29udGVudFwvdXBsb2Fkc1wvMjAyM1wvMDdcL0FNQklULTUtZmluYWxfUGFnaW5hXzNfSW1hZ2VuXzAwMDgtc2NhbGVkLmpwZyIsInNsaWRlc2hvdyI6IjYyZTdmNDcifQ%3D%3D\" href='https:\/\/exposicioredescobrint.cornella.cat\/wp-content\/uploads\/2023\/07\/AMBIT-5-final_Pagina_3_Imagen_0008-scaled.jpg'><img loading=\"lazy\" decoding=\"async\" width=\"2560\" height=\"1642\" src=\"https:\/\/exposicioredescobrint.cornella.cat\/wp-content\/uploads\/2023\/07\/AMBIT-5-final_Pagina_3_Imagen_0008-scaled.jpg\" class=\"attachment-full size-full\" alt=\"\" aria-describedby=\"gallery-8-349\" srcset=\"https:\/\/exposicioredescobrint.cornella.cat\/wp-content\/uploads\/2023\/07\/AMBIT-5-final_Pagina_3_Imagen_0008-scaled.jpg 2560w, https:\/\/exposicioredescobrint.cornella.cat\/wp-content\/uploads\/2023\/07\/AMBIT-5-final_Pagina_3_Imagen_0008-300x192.jpg 300w, https:\/\/exposicioredescobrint.cornella.cat\/wp-content\/uploads\/2023\/07\/AMBIT-5-final_Pagina_3_Imagen_0008-1024x657.jpg 1024w, https:\/\/exposicioredescobrint.cornella.cat\/wp-content\/uploads\/2023\/07\/AMBIT-5-final_Pagina_3_Imagen_0008-768x493.jpg 768w, https:\/\/exposicioredescobrint.cornella.cat\/wp-content\/uploads\/2023\/07\/AMBIT-5-final_Pagina_3_Imagen_0008-1536x985.jpg 1536w, https:\/\/exposicioredescobrint.cornella.cat\/wp-content\/uploads\/2023\/07\/AMBIT-5-final_Pagina_3_Imagen_0008-2048x1313.jpg 2048w\" sizes=\"(max-width: 2560px) 100vw, 2560px\" \/><\/a>\n\t\t\t<\/div>\n\t\t\t\t<figcaption class='wp-caption-text gallery-caption' id='gallery-8-349'>\n\t\t\t\tPaseo-mirador de la Avenida Salvador Allende, popularmente conocido como el paseo del colesterol.\nFotograf\u00eda: Rr \n\t\t\t\t<\/figcaption><\/figure><figure class='gallery-item'>\n\t\t\t<div class='gallery-icon landscape'>\n\t\t\t\t<a data-elementor-open-lightbox=\"yes\" data-elementor-lightbox-slideshow=\"62e7f47\" data-elementor-lightbox-title=\"Passeig al tal\u00fas entre la via del tren i la Torre de la Miranda. Fotografia: Rr. \" data-e-action-hash=\"#elementor-action%3Aaction%3Dlightbox%26settings%3DeyJpZCI6MzQ4LCJ1cmwiOiJodHRwczpcL1wvZXhwb3NpY2lvcmVkZXNjb2JyaW50LmNvcm5lbGxhLmNhdFwvd3AtY29udGVudFwvdXBsb2Fkc1wvMjAyM1wvMDdcL0FNQklULTUtZmluYWxfUGFnaW5hXzNfSW1hZ2VuXzAwMDctc2NhbGVkLmpwZyIsInNsaWRlc2hvdyI6IjYyZTdmNDcifQ%3D%3D\" href='https:\/\/exposicioredescobrint.cornella.cat\/wp-content\/uploads\/2023\/07\/AMBIT-5-final_Pagina_3_Imagen_0007-scaled.jpg'><img loading=\"lazy\" decoding=\"async\" width=\"2560\" height=\"1706\" src=\"https:\/\/exposicioredescobrint.cornella.cat\/wp-content\/uploads\/2023\/07\/AMBIT-5-final_Pagina_3_Imagen_0007-scaled.jpg\" class=\"attachment-full size-full\" alt=\"\" aria-describedby=\"gallery-8-348\" srcset=\"https:\/\/exposicioredescobrint.cornella.cat\/wp-content\/uploads\/2023\/07\/AMBIT-5-final_Pagina_3_Imagen_0007-scaled.jpg 2560w, https:\/\/exposicioredescobrint.cornella.cat\/wp-content\/uploads\/2023\/07\/AMBIT-5-final_Pagina_3_Imagen_0007-300x200.jpg 300w, https:\/\/exposicioredescobrint.cornella.cat\/wp-content\/uploads\/2023\/07\/AMBIT-5-final_Pagina_3_Imagen_0007-1024x683.jpg 1024w, https:\/\/exposicioredescobrint.cornella.cat\/wp-content\/uploads\/2023\/07\/AMBIT-5-final_Pagina_3_Imagen_0007-768x512.jpg 768w, https:\/\/exposicioredescobrint.cornella.cat\/wp-content\/uploads\/2023\/07\/AMBIT-5-final_Pagina_3_Imagen_0007-1536x1024.jpg 1536w, https:\/\/exposicioredescobrint.cornella.cat\/wp-content\/uploads\/2023\/07\/AMBIT-5-final_Pagina_3_Imagen_0007-2048x1365.jpg 2048w\" sizes=\"(max-width: 2560px) 100vw, 2560px\" \/><\/a>\n\t\t\t<\/div>\n\t\t\t\t<figcaption class='wp-caption-text gallery-caption' id='gallery-8-348'>\n\t\t\t\tPaseo en el talud entre la v\u00eda del tren y la Torre de la Miranda.\nFotograf\u00eda: Rr. \n\t\t\t\t<\/figcaption><\/figure><figure class='gallery-item'>\n\t\t\t<div class='gallery-icon landscape'>\n\t\t\t\t<a data-elementor-open-lightbox=\"yes\" data-elementor-lightbox-slideshow=\"62e7f47\" data-elementor-lightbox-title=\"Placeta per a seure a l&#039; ombra. Fotografia: Rr.\" data-e-action-hash=\"#elementor-action%3Aaction%3Dlightbox%26settings%3DeyJpZCI6MzUwLCJ1cmwiOiJodHRwczpcL1wvZXhwb3NpY2lvcmVkZXNjb2JyaW50LmNvcm5lbGxhLmNhdFwvd3AtY29udGVudFwvdXBsb2Fkc1wvMjAyM1wvMDdcL0FNQklULTUtZmluYWxfUGFnaW5hXzNfSW1hZ2VuXzAwMDktc2NhbGVkLmpwZyIsInNsaWRlc2hvdyI6IjYyZTdmNDcifQ%3D%3D\" href='https:\/\/exposicioredescobrint.cornella.cat\/wp-content\/uploads\/2023\/07\/AMBIT-5-final_Pagina_3_Imagen_0009-scaled.jpg'><img loading=\"lazy\" decoding=\"async\" width=\"2560\" height=\"1706\" src=\"https:\/\/exposicioredescobrint.cornella.cat\/wp-content\/uploads\/2023\/07\/AMBIT-5-final_Pagina_3_Imagen_0009-scaled.jpg\" class=\"attachment-full size-full\" alt=\"\" aria-describedby=\"gallery-8-350\" srcset=\"https:\/\/exposicioredescobrint.cornella.cat\/wp-content\/uploads\/2023\/07\/AMBIT-5-final_Pagina_3_Imagen_0009-scaled.jpg 2560w, https:\/\/exposicioredescobrint.cornella.cat\/wp-content\/uploads\/2023\/07\/AMBIT-5-final_Pagina_3_Imagen_0009-300x200.jpg 300w, https:\/\/exposicioredescobrint.cornella.cat\/wp-content\/uploads\/2023\/07\/AMBIT-5-final_Pagina_3_Imagen_0009-1024x683.jpg 1024w, https:\/\/exposicioredescobrint.cornella.cat\/wp-content\/uploads\/2023\/07\/AMBIT-5-final_Pagina_3_Imagen_0009-768x512.jpg 768w, https:\/\/exposicioredescobrint.cornella.cat\/wp-content\/uploads\/2023\/07\/AMBIT-5-final_Pagina_3_Imagen_0009-1536x1024.jpg 1536w, https:\/\/exposicioredescobrint.cornella.cat\/wp-content\/uploads\/2023\/07\/AMBIT-5-final_Pagina_3_Imagen_0009-2048x1365.jpg 2048w\" sizes=\"(max-width: 2560px) 100vw, 2560px\" \/><\/a>\n\t\t\t<\/div>\n\t\t\t\t<figcaption class='wp-caption-text gallery-caption' id='gallery-8-350'>\n\t\t\t\tPlacita para sentarse a la sombra. Fotograf\u00eda: Rr.\n\t\t\t\t<\/figcaption><\/figure><figure class='gallery-item'>\n\t\t\t<div class='gallery-icon landscape'>\n\t\t\t\t<a data-elementor-open-lightbox=\"yes\" data-elementor-lightbox-slideshow=\"62e7f47\" data-elementor-lightbox-title=\"Ginesta de flor blanca (Retama rhodorhizoides). Fotografia: Rr\" data-e-action-hash=\"#elementor-action%3Aaction%3Dlightbox%26settings%3DeyJpZCI6MjU5OSwidXJsIjoiaHR0cHM6XC9cL2V4cG9zaWNpb3JlZGVzY29icmludC5jb3JuZWxsYS5jYXRcL3dwLWNvbnRlbnRcL3VwbG9hZHNcLzIwMjNcLzA5XC8wMy5qcGciLCJzbGlkZXNob3ciOiI2MmU3ZjQ3In0%3D\" href='https:\/\/exposicioredescobrint.cornella.cat\/wp-content\/uploads\/2023\/09\/03.jpg'><img loading=\"lazy\" decoding=\"async\" width=\"2560\" height=\"1689\" src=\"https:\/\/exposicioredescobrint.cornella.cat\/wp-content\/uploads\/2023\/09\/03.jpg\" class=\"attachment-full size-full\" alt=\"\" aria-describedby=\"gallery-8-2599\" srcset=\"https:\/\/exposicioredescobrint.cornella.cat\/wp-content\/uploads\/2023\/09\/03.jpg 2560w, https:\/\/exposicioredescobrint.cornella.cat\/wp-content\/uploads\/2023\/09\/03-300x198.jpg 300w, https:\/\/exposicioredescobrint.cornella.cat\/wp-content\/uploads\/2023\/09\/03-1024x676.jpg 1024w, https:\/\/exposicioredescobrint.cornella.cat\/wp-content\/uploads\/2023\/09\/03-768x507.jpg 768w, https:\/\/exposicioredescobrint.cornella.cat\/wp-content\/uploads\/2023\/09\/03-1536x1013.jpg 1536w, https:\/\/exposicioredescobrint.cornella.cat\/wp-content\/uploads\/2023\/09\/03-2048x1351.jpg 2048w, https:\/\/exposicioredescobrint.cornella.cat\/wp-content\/uploads\/2023\/09\/03-18x12.jpg 18w\" sizes=\"(max-width: 2560px) 100vw, 2560px\" \/><\/a>\n\t\t\t<\/div>\n\t\t\t\t<figcaption class='wp-caption-text gallery-caption' id='gallery-8-2599'>\n\t\t\t\tRetama blanca canaria (Retama rhodorhizoides).\nFotograf\u00eda: Rr.\n\t\t\t\t<\/figcaption><\/figure><figure class='gallery-item'>\n\t\t\t<div class='gallery-icon landscape'>\n\t\t\t\t<a data-elementor-open-lightbox=\"yes\" data-elementor-lightbox-slideshow=\"62e7f47\" data-elementor-lightbox-title=\"Ginesta (Spartium junceum). Fotografia: Rr\" data-e-action-hash=\"#elementor-action%3Aaction%3Dlightbox%26settings%3DeyJpZCI6MjYwMCwidXJsIjoiaHR0cHM6XC9cL2V4cG9zaWNpb3JlZGVzY29icmludC5jb3JuZWxsYS5jYXRcL3dwLWNvbnRlbnRcL3VwbG9hZHNcLzIwMjNcLzA5XC8wNC5qcGciLCJzbGlkZXNob3ciOiI2MmU3ZjQ3In0%3D\" href='https:\/\/exposicioredescobrint.cornella.cat\/wp-content\/uploads\/2023\/09\/04.jpg'><img loading=\"lazy\" decoding=\"async\" width=\"2560\" height=\"1689\" src=\"https:\/\/exposicioredescobrint.cornella.cat\/wp-content\/uploads\/2023\/09\/04.jpg\" class=\"attachment-full size-full\" alt=\"\" aria-describedby=\"gallery-8-2600\" srcset=\"https:\/\/exposicioredescobrint.cornella.cat\/wp-content\/uploads\/2023\/09\/04.jpg 2560w, https:\/\/exposicioredescobrint.cornella.cat\/wp-content\/uploads\/2023\/09\/04-300x198.jpg 300w, https:\/\/exposicioredescobrint.cornella.cat\/wp-content\/uploads\/2023\/09\/04-1024x676.jpg 1024w, https:\/\/exposicioredescobrint.cornella.cat\/wp-content\/uploads\/2023\/09\/04-768x507.jpg 768w, https:\/\/exposicioredescobrint.cornella.cat\/wp-content\/uploads\/2023\/09\/04-1536x1013.jpg 1536w, https:\/\/exposicioredescobrint.cornella.cat\/wp-content\/uploads\/2023\/09\/04-2048x1351.jpg 2048w, https:\/\/exposicioredescobrint.cornella.cat\/wp-content\/uploads\/2023\/09\/04-18x12.jpg 18w\" sizes=\"(max-width: 2560px) 100vw, 2560px\" \/><\/a>\n\t\t\t<\/div>\n\t\t\t\t<figcaption class='wp-caption-text gallery-caption' id='gallery-8-2600'>\n\t\t\t\tRetama de olor (Spartium junceum).\nFotograf\u00eda: Rr.\n\t\t\t\t<\/figcaption><\/figure>\n\t\t<\/div>\n\t\t<\/div>\n\t\t\t\t\t\t<\/div>\n\t\t\t\t<\/div>\n\t\t\t\t\t<\/div>\n\t\t<\/div>\n\t\t\t\t<div class=\"elementor-column elementor-col-33 elementor-inner-column elementor-element elementor-element-e76ff16\" data-id=\"e76ff16\" data-element_type=\"column\">\n\t\t\t<div class=\"elementor-widget-wrap elementor-element-populated\">\n\t\t\t\t\t\t<div class=\"elementor-element elementor-element-6f77718 elementor-widget__width-initial elementor-widget elementor-widget-image\" data-id=\"6f77718\" data-element_type=\"widget\" data-widget_type=\"image.default\">\n\t\t\t\t<div class=\"elementor-widget-container\">\n\t\t\t\t\t\t\t\t\t\t\t\t<figure class=\"wp-caption\">\n\t\t\t\t\t\t\t\t\t\t\t<a href=\"https:\/\/exposicioredescobrint.cornella.cat\/wp-content\/uploads\/2023\/07\/AMBIT-5-final_Pagina_3_Imagen_0005-scaled.jpg\" data-elementor-open-lightbox=\"yes\" data-elementor-lightbox-title=\"A la part inferior esquerra, les iuques (Yucca filamentosa) i les atzavares (Agave americana), a recer de la Torre de la Miranda. Fotografia: Rr.\" data-e-action-hash=\"#elementor-action%3Aaction%3Dlightbox%26settings%3DeyJpZCI6MzQ2LCJ1cmwiOiJodHRwczpcL1wvZXhwb3NpY2lvcmVkZXNjb2JyaW50LmNvcm5lbGxhLmNhdFwvd3AtY29udGVudFwvdXBsb2Fkc1wvMjAyM1wvMDdcL0FNQklULTUtZmluYWxfUGFnaW5hXzNfSW1hZ2VuXzAwMDUtc2NhbGVkLmpwZyJ9\">\n\t\t\t\t\t\t\t<img loading=\"lazy\" decoding=\"async\" width=\"1764\" height=\"2560\" src=\"https:\/\/exposicioredescobrint.cornella.cat\/wp-content\/uploads\/2023\/07\/AMBIT-5-final_Pagina_3_Imagen_0005-scaled.jpg\" class=\"attachment-full size-full wp-image-346\" alt=\"\" srcset=\"https:\/\/exposicioredescobrint.cornella.cat\/wp-content\/uploads\/2023\/07\/AMBIT-5-final_Pagina_3_Imagen_0005-scaled.jpg 1764w, https:\/\/exposicioredescobrint.cornella.cat\/wp-content\/uploads\/2023\/07\/AMBIT-5-final_Pagina_3_Imagen_0005-207x300.jpg 207w, https:\/\/exposicioredescobrint.cornella.cat\/wp-content\/uploads\/2023\/07\/AMBIT-5-final_Pagina_3_Imagen_0005-706x1024.jpg 706w, https:\/\/exposicioredescobrint.cornella.cat\/wp-content\/uploads\/2023\/07\/AMBIT-5-final_Pagina_3_Imagen_0005-768x1115.jpg 768w, https:\/\/exposicioredescobrint.cornella.cat\/wp-content\/uploads\/2023\/07\/AMBIT-5-final_Pagina_3_Imagen_0005-1058x1536.jpg 1058w, https:\/\/exposicioredescobrint.cornella.cat\/wp-content\/uploads\/2023\/07\/AMBIT-5-final_Pagina_3_Imagen_0005-1411x2048.jpg 1411w\" sizes=\"(max-width: 1764px) 100vw, 1764px\" \/>\t\t\t\t\t\t\t\t<\/a>\n\t\t\t\t\t\t\t\t\t\t\t<figcaption class=\"widget-image-caption wp-caption-text\">En la parte inferior izquierda, las yucas (Yucca filamentosa) y los agaves (Agave americana), al abrigo de la Torre de la Miranda.\nFotograf\u00eda: Rr<\/figcaption>\n\t\t\t\t\t\t\t\t\t\t<\/figure>\n\t\t\t\t\t\t\t\t\t<\/div>\n\t\t\t\t<\/div>\n\t\t\t\t\t<\/div>\n\t\t<\/div>\n\t\t\t\t\t<\/div>\n\t\t<\/section>\n\t\t\t\t<section class=\"elementor-section elementor-inner-section elementor-element elementor-element-e2ffdaf elementor-section-full_width elementor-section-height-default elementor-section-height-default\" data-id=\"e2ffdaf\" data-element_type=\"section\">\n\t\t\t\t\t\t<div class=\"elementor-container elementor-column-gap-wide\">\n\t\t\t\t\t<div class=\"elementor-column elementor-col-50 elementor-inner-column elementor-element elementor-element-da773b1\" data-id=\"da773b1\" data-element_type=\"column\">\n\t\t\t<div class=\"elementor-widget-wrap elementor-element-populated\">\n\t\t\t\t\t\t<div class=\"elementor-element elementor-element-9671a95 elementor-widget elementor-widget-heading\" data-id=\"9671a95\" data-element_type=\"widget\" data-widget_type=\"heading.default\">\n\t\t\t\t<div class=\"elementor-widget-container\">\n\t\t\t\t\t<h2 class=\"elementor-heading-title elementor-size-large\">Semillas del Parque de Can Mercader<\/h2>\t\t\t\t<\/div>\n\t\t\t\t<\/div>\n\t\t\t\t<div class=\"elementor-element elementor-element-56ed4a1 elementor-widget elementor-widget-text-editor\" data-id=\"56ed4a1\" data-element_type=\"widget\" data-widget_type=\"text-editor.default\">\n\t\t\t\t<div class=\"elementor-widget-container\">\n\t\t\t\t\t\t\t\t\t<p>Para asegurarse la pervivencia, a\u00f1o tras a\u00f1o los \u00e1rboles diseminan cientos de semillas, cada una con los rasgos f\u00edsicos y biol\u00f3gicos que les son caracter\u00edsticos.<\/p><p>En estas im\u00e1genes se muestran algunas de las semillas que se encuentran en el parque identificadas con el nombre vulgar y cient\u00edfico de la especie de \u00e1rbol al que corresponden. Se pueden localizar f\u00e1cilmente en el parque a partir del plano del folleto del AMB o de su circuito bot\u00e1nico:<\/p>\t\t\t\t\t\t\t\t<\/div>\n\t\t\t\t<\/div>\n\t\t\t\t<div class=\"elementor-element elementor-element-09e85c5 elementor-widget elementor-widget-text-editor\" data-id=\"09e85c5\" data-element_type=\"widget\" data-widget_type=\"text-editor.default\">\n\t\t\t\t<div class=\"elementor-widget-container\">\n\t\t\t\t\t\t\t\t\t<p>Se pueden localizar f\u00e1cilmente en el parque a partir del plano del folleto del AMB o de su circuito bot\u00e1nico:<\/p>\t\t\t\t\t\t\t\t<\/div>\n\t\t\t\t<\/div>\n\t\t\t\t\t<\/div>\n\t\t<\/div>\n\t\t\t\t<div class=\"elementor-column elementor-col-25 elementor-inner-column elementor-element elementor-element-7e959bb\" data-id=\"7e959bb\" data-element_type=\"column\">\n\t\t\t<div class=\"elementor-widget-wrap elementor-element-populated\">\n\t\t\t\t\t\t<div class=\"elementor-element elementor-element-ac68cf4 elementor-widget elementor-widget-image\" data-id=\"ac68cf4\" data-element_type=\"widget\" data-widget_type=\"image.default\">\n\t\t\t\t<div class=\"elementor-widget-container\">\n\t\t\t\t\t\t\t\t\t\t\t\t\t\t\t<img loading=\"lazy\" decoding=\"async\" width=\"721\" height=\"1024\" src=\"https:\/\/exposicioredescobrint.cornella.cat\/wp-content\/uploads\/2023\/09\/itinerari_mercader_doblepag_DEF-1-721x1024.jpg\" class=\"attachment-large size-large wp-image-2522\" alt=\"\" srcset=\"https:\/\/exposicioredescobrint.cornella.cat\/wp-content\/uploads\/2023\/09\/itinerari_mercader_doblepag_DEF-1-721x1024.jpg 721w, https:\/\/exposicioredescobrint.cornella.cat\/wp-content\/uploads\/2023\/09\/itinerari_mercader_doblepag_DEF-1-211x300.jpg 211w, https:\/\/exposicioredescobrint.cornella.cat\/wp-content\/uploads\/2023\/09\/itinerari_mercader_doblepag_DEF-1-768x1090.jpg 768w, https:\/\/exposicioredescobrint.cornella.cat\/wp-content\/uploads\/2023\/09\/itinerari_mercader_doblepag_DEF-1-1082x1536.jpg 1082w, https:\/\/exposicioredescobrint.cornella.cat\/wp-content\/uploads\/2023\/09\/itinerari_mercader_doblepag_DEF-1-1443x2048.jpg 1443w, https:\/\/exposicioredescobrint.cornella.cat\/wp-content\/uploads\/2023\/09\/itinerari_mercader_doblepag_DEF-1-8x12.jpg 8w, https:\/\/exposicioredescobrint.cornella.cat\/wp-content\/uploads\/2023\/09\/itinerari_mercader_doblepag_DEF-1.jpg 1457w\" sizes=\"(max-width: 721px) 100vw, 721px\" \/>\t\t\t\t\t\t\t\t\t\t\t\t\t\t\t<\/div>\n\t\t\t\t<\/div>\n\t\t\t\t<div class=\"elementor-element elementor-element-7a54053 elementor-align-center elementor-widget elementor-widget-button\" data-id=\"7a54053\" data-element_type=\"widget\" data-widget_type=\"button.default\">\n\t\t\t\t<div class=\"elementor-widget-container\">\n\t\t\t\t\t\t\t\t\t<div class=\"elementor-button-wrapper\">\n\t\t\t\t\t<a class=\"elementor-button elementor-button-link elementor-size-xs\" href=\"https:\/\/docs.amb.cat\/alfresco\/api\/-default-\/public\/alfresco\/versions\/1\/nodes\/2087acaa-9bd6-4ac0-82b1-8db9cc27f8fd\/content\/itinerari_mercader_doblepag_DEF.pdf?attachment=false&#038;mimeType=application\/pdf&#038;sizeInBytes=3014076\" target=\"_blank\">\n\t\t\t\t\t\t<span class=\"elementor-button-content-wrapper\">\n\t\t\t\t\t\t<span class=\"elementor-button-icon\">\n\t\t\t\t<i aria-hidden=\"true\" class=\"fas fa-arrow-down\"><\/i>\t\t\t<\/span>\n\t\t\t\t\t\t\t\t\t<span class=\"elementor-button-text\">Descargar   <\/span>\n\t\t\t\t\t<\/span>\n\t\t\t\t\t<\/a>\n\t\t\t\t<\/div>\n\t\t\t\t\t\t\t\t<\/div>\n\t\t\t\t<\/div>\n\t\t\t\t\t<\/div>\n\t\t<\/div>\n\t\t\t\t<div class=\"elementor-column elementor-col-25 elementor-inner-column elementor-element elementor-element-a9486e9\" data-id=\"a9486e9\" data-element_type=\"column\">\n\t\t\t<div class=\"elementor-widget-wrap elementor-element-populated\">\n\t\t\t\t\t\t<div class=\"elementor-element elementor-element-972d57d elementor-widget elementor-widget-image\" data-id=\"972d57d\" data-element_type=\"widget\" data-widget_type=\"image.default\">\n\t\t\t\t<div class=\"elementor-widget-container\">\n\t\t\t\t\t\t\t\t\t\t\t\t\t\t\t<img loading=\"lazy\" decoding=\"async\" width=\"724\" height=\"1024\" src=\"https:\/\/exposicioredescobrint.cornella.cat\/wp-content\/uploads\/2023\/09\/PublicacioParcCanMercader-1-724x1024.jpg\" class=\"attachment-large size-large wp-image-2523\" alt=\"\" srcset=\"https:\/\/exposicioredescobrint.cornella.cat\/wp-content\/uploads\/2023\/09\/PublicacioParcCanMercader-1-724x1024.jpg 724w, https:\/\/exposicioredescobrint.cornella.cat\/wp-content\/uploads\/2023\/09\/PublicacioParcCanMercader-1-212x300.jpg 212w, https:\/\/exposicioredescobrint.cornella.cat\/wp-content\/uploads\/2023\/09\/PublicacioParcCanMercader-1-768x1086.jpg 768w, https:\/\/exposicioredescobrint.cornella.cat\/wp-content\/uploads\/2023\/09\/PublicacioParcCanMercader-1-1086x1536.jpg 1086w, https:\/\/exposicioredescobrint.cornella.cat\/wp-content\/uploads\/2023\/09\/PublicacioParcCanMercader-1-1448x2048.jpg 1448w, https:\/\/exposicioredescobrint.cornella.cat\/wp-content\/uploads\/2023\/09\/PublicacioParcCanMercader-1-8x12.jpg 8w, https:\/\/exposicioredescobrint.cornella.cat\/wp-content\/uploads\/2023\/09\/PublicacioParcCanMercader-1.jpg 1462w\" sizes=\"(max-width: 724px) 100vw, 724px\" \/>\t\t\t\t\t\t\t\t\t\t\t\t\t\t\t<\/div>\n\t\t\t\t<\/div>\n\t\t\t\t<div class=\"elementor-element elementor-element-9453a74 elementor-align-center elementor-widget elementor-widget-button\" data-id=\"9453a74\" data-element_type=\"widget\" data-widget_type=\"button.default\">\n\t\t\t\t<div class=\"elementor-widget-container\">\n\t\t\t\t\t\t\t\t\t<div class=\"elementor-button-wrapper\">\n\t\t\t\t\t<a class=\"elementor-button elementor-button-link elementor-size-xs\" href=\"https:\/\/ajuntament.cornella.cat\/AgendaDocs\/Llocs\/265\/PublicacioParcCanMercader.pdf\" target=\"_blank\">\n\t\t\t\t\t\t<span class=\"elementor-button-content-wrapper\">\n\t\t\t\t\t\t<span class=\"elementor-button-icon\">\n\t\t\t\t<i aria-hidden=\"true\" class=\"fas fa-arrow-down\"><\/i>\t\t\t<\/span>\n\t\t\t\t\t\t\t\t\t<span class=\"elementor-button-text\">Descargar   <\/span>\n\t\t\t\t\t<\/span>\n\t\t\t\t\t<\/a>\n\t\t\t\t<\/div>\n\t\t\t\t\t\t\t\t<\/div>\n\t\t\t\t<\/div>\n\t\t\t\t\t<\/div>\n\t\t<\/div>\n\t\t\t\t\t<\/div>\n\t\t<\/section>\n\t\t\t\t<section class=\"elementor-section elementor-inner-section elementor-element elementor-element-bab4552 elementor-section-full_width elementor-section-height-default elementor-section-height-default\" data-id=\"bab4552\" data-element_type=\"section\">\n\t\t\t\t\t\t<div class=\"elementor-container elementor-column-gap-wide\">\n\t\t\t\t\t<div class=\"elementor-column elementor-col-100 elementor-inner-column elementor-element elementor-element-a8c3ee7\" data-id=\"a8c3ee7\" data-element_type=\"column\">\n\t\t\t<div class=\"elementor-widget-wrap elementor-element-populated\">\n\t\t\t\t\t\t<div class=\"elementor-element elementor-element-0cd8d80 elementor-widget elementor-widget-image-gallery\" data-id=\"0cd8d80\" data-element_type=\"widget\" data-widget_type=\"image-gallery.default\">\n\t\t\t\t<div class=\"elementor-widget-container\">\n\t\t\t\t\t\t\t<div class=\"elementor-image-gallery\">\n\t\t\t<div id='gallery-9' class='gallery galleryid-14 gallery-columns-7 gallery-size-full'><figure class='gallery-item'>\n\t\t\t<div class='gallery-icon landscape'>\n\t\t\t\t<a data-elementor-open-lightbox=\"yes\" data-elementor-lightbox-slideshow=\"0cd8d80\" data-elementor-lightbox-title=\"Garrofer - Ceratonia siliqua\" data-e-action-hash=\"#elementor-action%3Aaction%3Dlightbox%26settings%3DeyJpZCI6MjQ0NywidXJsIjoiaHR0cHM6XC9cL2V4cG9zaWNpb3JlZGVzY29icmludC5jb3JuZWxsYS5jYXRcL3dwLWNvbnRlbnRcL3VwbG9hZHNcLzIwMjNcLzA5XC9HYXJyb2Zlci1DZXJhdG9uaWEtc2lsaXF1YS5qcGciLCJzbGlkZXNob3ciOiIwY2Q4ZDgwIn0%3D\" href='https:\/\/exposicioredescobrint.cornella.cat\/wp-content\/uploads\/2023\/09\/Garrofer-Ceratonia-siliqua.jpg'><img loading=\"lazy\" decoding=\"async\" width=\"1024\" height=\"768\" src=\"https:\/\/exposicioredescobrint.cornella.cat\/wp-content\/uploads\/2023\/09\/Garrofer-Ceratonia-siliqua.jpg\" class=\"attachment-full size-full\" alt=\"\" aria-describedby=\"gallery-9-2447\" srcset=\"https:\/\/exposicioredescobrint.cornella.cat\/wp-content\/uploads\/2023\/09\/Garrofer-Ceratonia-siliqua.jpg 1024w, https:\/\/exposicioredescobrint.cornella.cat\/wp-content\/uploads\/2023\/09\/Garrofer-Ceratonia-siliqua-300x225.jpg 300w, https:\/\/exposicioredescobrint.cornella.cat\/wp-content\/uploads\/2023\/09\/Garrofer-Ceratonia-siliqua-768x576.jpg 768w, https:\/\/exposicioredescobrint.cornella.cat\/wp-content\/uploads\/2023\/09\/Garrofer-Ceratonia-siliqua-16x12.jpg 16w\" sizes=\"(max-width: 1024px) 100vw, 1024px\" \/><\/a>\n\t\t\t<\/div>\n\t\t\t\t<figcaption class='wp-caption-text gallery-caption' id='gallery-9-2447'>\n\t\t\t\tAlgarrobo \u2013 Ceratonia siliqua\n\t\t\t\t<\/figcaption><\/figure><figure class='gallery-item'>\n\t\t\t<div class='gallery-icon landscape'>\n\t\t\t\t<a data-elementor-open-lightbox=\"yes\" data-elementor-lightbox-slideshow=\"0cd8d80\" data-elementor-lightbox-title=\"Ac\u00e0cia de les tres punxes - Gleditsia triacanthos\" data-e-action-hash=\"#elementor-action%3Aaction%3Dlightbox%26settings%3DeyJpZCI6MjQ0OCwidXJsIjoiaHR0cHM6XC9cL2V4cG9zaWNpb3JlZGVzY29icmludC5jb3JuZWxsYS5jYXRcL3dwLWNvbnRlbnRcL3VwbG9hZHNcLzIwMjNcLzA5XC9BY2FjaWEtZGUtbGVzLXRyZXMtcHVueGVzLUdsZWRpdHNpYS10cmlhY2FudGhvcy5qcGciLCJzbGlkZXNob3ciOiIwY2Q4ZDgwIn0%3D\" href='https:\/\/exposicioredescobrint.cornella.cat\/wp-content\/uploads\/2023\/09\/Acacia-de-les-tres-punxes-Gleditsia-triacanthos.jpg'><img loading=\"lazy\" decoding=\"async\" width=\"1024\" height=\"768\" src=\"https:\/\/exposicioredescobrint.cornella.cat\/wp-content\/uploads\/2023\/09\/Acacia-de-les-tres-punxes-Gleditsia-triacanthos.jpg\" class=\"attachment-full size-full\" alt=\"\" aria-describedby=\"gallery-9-2448\" srcset=\"https:\/\/exposicioredescobrint.cornella.cat\/wp-content\/uploads\/2023\/09\/Acacia-de-les-tres-punxes-Gleditsia-triacanthos.jpg 1024w, https:\/\/exposicioredescobrint.cornella.cat\/wp-content\/uploads\/2023\/09\/Acacia-de-les-tres-punxes-Gleditsia-triacanthos-300x225.jpg 300w, https:\/\/exposicioredescobrint.cornella.cat\/wp-content\/uploads\/2023\/09\/Acacia-de-les-tres-punxes-Gleditsia-triacanthos-768x576.jpg 768w, https:\/\/exposicioredescobrint.cornella.cat\/wp-content\/uploads\/2023\/09\/Acacia-de-les-tres-punxes-Gleditsia-triacanthos-16x12.jpg 16w\" sizes=\"(max-width: 1024px) 100vw, 1024px\" \/><\/a>\n\t\t\t<\/div>\n\t\t\t\t<figcaption class='wp-caption-text gallery-caption' id='gallery-9-2448'>\n\t\t\t\tAcacia de los tres pinchos \u2013 Gleditsia triacanthos\n\t\t\t\t<\/figcaption><\/figure><figure class='gallery-item'>\n\t\t\t<div class='gallery-icon landscape'>\n\t\t\t\t<a data-elementor-open-lightbox=\"yes\" data-elementor-lightbox-slideshow=\"0cd8d80\" data-elementor-lightbox-title=\"Alzina - Quercus ilex\" data-e-action-hash=\"#elementor-action%3Aaction%3Dlightbox%26settings%3DeyJpZCI6MjQ0OSwidXJsIjoiaHR0cHM6XC9cL2V4cG9zaWNpb3JlZGVzY29icmludC5jb3JuZWxsYS5jYXRcL3dwLWNvbnRlbnRcL3VwbG9hZHNcLzIwMjNcLzA5XC9BbHppbmEtUXVlcmN1cy1pbGV4LmpwZyIsInNsaWRlc2hvdyI6IjBjZDhkODAifQ%3D%3D\" href='https:\/\/exposicioredescobrint.cornella.cat\/wp-content\/uploads\/2023\/09\/Alzina-Quercus-ilex.jpg'><img loading=\"lazy\" decoding=\"async\" width=\"1024\" height=\"768\" src=\"https:\/\/exposicioredescobrint.cornella.cat\/wp-content\/uploads\/2023\/09\/Alzina-Quercus-ilex.jpg\" class=\"attachment-full size-full\" alt=\"\" aria-describedby=\"gallery-9-2449\" srcset=\"https:\/\/exposicioredescobrint.cornella.cat\/wp-content\/uploads\/2023\/09\/Alzina-Quercus-ilex.jpg 1024w, https:\/\/exposicioredescobrint.cornella.cat\/wp-content\/uploads\/2023\/09\/Alzina-Quercus-ilex-300x225.jpg 300w, https:\/\/exposicioredescobrint.cornella.cat\/wp-content\/uploads\/2023\/09\/Alzina-Quercus-ilex-768x576.jpg 768w, https:\/\/exposicioredescobrint.cornella.cat\/wp-content\/uploads\/2023\/09\/Alzina-Quercus-ilex-16x12.jpg 16w\" sizes=\"(max-width: 1024px) 100vw, 1024px\" \/><\/a>\n\t\t\t<\/div>\n\t\t\t\t<figcaption class='wp-caption-text gallery-caption' id='gallery-9-2449'>\n\t\t\t\tEncina \u2013 Quercus ilex\n\t\t\t\t<\/figcaption><\/figure><figure class='gallery-item'>\n\t\t\t<div class='gallery-icon landscape'>\n\t\t\t\t<a data-elementor-open-lightbox=\"yes\" data-elementor-lightbox-slideshow=\"0cd8d80\" data-elementor-lightbox-title=\"Casuarina - Casuarina cunninghamiana\" data-e-action-hash=\"#elementor-action%3Aaction%3Dlightbox%26settings%3DeyJpZCI6MjQ1MCwidXJsIjoiaHR0cHM6XC9cL2V4cG9zaWNpb3JlZGVzY29icmludC5jb3JuZWxsYS5jYXRcL3dwLWNvbnRlbnRcL3VwbG9hZHNcLzIwMjNcLzA5XC9DYXN1YXJpbmEtQ2FzdWFyaW5hLWN1bm5pbmdoYW1pYW5hLmpwZyIsInNsaWRlc2hvdyI6IjBjZDhkODAifQ%3D%3D\" href='https:\/\/exposicioredescobrint.cornella.cat\/wp-content\/uploads\/2023\/09\/Casuarina-Casuarina-cunninghamiana.jpg'><img loading=\"lazy\" decoding=\"async\" width=\"1024\" height=\"768\" src=\"https:\/\/exposicioredescobrint.cornella.cat\/wp-content\/uploads\/2023\/09\/Casuarina-Casuarina-cunninghamiana.jpg\" class=\"attachment-full size-full\" alt=\"\" aria-describedby=\"gallery-9-2450\" srcset=\"https:\/\/exposicioredescobrint.cornella.cat\/wp-content\/uploads\/2023\/09\/Casuarina-Casuarina-cunninghamiana.jpg 1024w, https:\/\/exposicioredescobrint.cornella.cat\/wp-content\/uploads\/2023\/09\/Casuarina-Casuarina-cunninghamiana-300x225.jpg 300w, https:\/\/exposicioredescobrint.cornella.cat\/wp-content\/uploads\/2023\/09\/Casuarina-Casuarina-cunninghamiana-768x576.jpg 768w, https:\/\/exposicioredescobrint.cornella.cat\/wp-content\/uploads\/2023\/09\/Casuarina-Casuarina-cunninghamiana-16x12.jpg 16w\" sizes=\"(max-width: 1024px) 100vw, 1024px\" \/><\/a>\n\t\t\t<\/div>\n\t\t\t\t<figcaption class='wp-caption-text gallery-caption' id='gallery-9-2450'>\n\t\t\t\tCasuarina &#8211; Casuarina cunninghamiana\n\t\t\t\t<\/figcaption><\/figure><figure class='gallery-item'>\n\t\t\t<div class='gallery-icon landscape'>\n\t\t\t\t<a data-elementor-open-lightbox=\"yes\" data-elementor-lightbox-slideshow=\"0cd8d80\" data-elementor-lightbox-title=\"Cica - Robinia pseudoacacia\" data-e-action-hash=\"#elementor-action%3Aaction%3Dlightbox%26settings%3DeyJpZCI6MjQ1MSwidXJsIjoiaHR0cHM6XC9cL2V4cG9zaWNpb3JlZGVzY29icmludC5jb3JuZWxsYS5jYXRcL3dwLWNvbnRlbnRcL3VwbG9hZHNcLzIwMjNcLzA5XC9DaWNhLVJvYmluaWEtcHNldWRvYWNhY2lhLmpwZyIsInNsaWRlc2hvdyI6IjBjZDhkODAifQ%3D%3D\" href='https:\/\/exposicioredescobrint.cornella.cat\/wp-content\/uploads\/2023\/09\/Cica-Robinia-pseudoacacia.jpg'><img loading=\"lazy\" decoding=\"async\" width=\"1024\" height=\"768\" src=\"https:\/\/exposicioredescobrint.cornella.cat\/wp-content\/uploads\/2023\/09\/Cica-Robinia-pseudoacacia.jpg\" class=\"attachment-full size-full\" alt=\"\" aria-describedby=\"gallery-9-2451\" srcset=\"https:\/\/exposicioredescobrint.cornella.cat\/wp-content\/uploads\/2023\/09\/Cica-Robinia-pseudoacacia.jpg 1024w, https:\/\/exposicioredescobrint.cornella.cat\/wp-content\/uploads\/2023\/09\/Cica-Robinia-pseudoacacia-300x225.jpg 300w, https:\/\/exposicioredescobrint.cornella.cat\/wp-content\/uploads\/2023\/09\/Cica-Robinia-pseudoacacia-768x576.jpg 768w, https:\/\/exposicioredescobrint.cornella.cat\/wp-content\/uploads\/2023\/09\/Cica-Robinia-pseudoacacia-16x12.jpg 16w\" sizes=\"(max-width: 1024px) 100vw, 1024px\" \/><\/a>\n\t\t\t<\/div>\n\t\t\t\t<figcaption class='wp-caption-text gallery-caption' id='gallery-9-2451'>\n\t\t\t\tCica &#8211; Robinia pseudoacacia\n\t\t\t\t<\/figcaption><\/figure><figure class='gallery-item'>\n\t\t\t<div class='gallery-icon landscape'>\n\t\t\t\t<a data-elementor-open-lightbox=\"yes\" data-elementor-lightbox-slideshow=\"0cd8d80\" data-elementor-lightbox-title=\"Falsa ac\u00e0cia - Robinia pseudoacacia\" data-e-action-hash=\"#elementor-action%3Aaction%3Dlightbox%26settings%3DeyJpZCI6MjQ1MiwidXJsIjoiaHR0cHM6XC9cL2V4cG9zaWNpb3JlZGVzY29icmludC5jb3JuZWxsYS5jYXRcL3dwLWNvbnRlbnRcL3VwbG9hZHNcLzIwMjNcLzA5XC9GYWxzYS1hY2FjaWEtUm9iaW5pYS1wc2V1ZG9hY2FjaWEuanBnIiwic2xpZGVzaG93IjoiMGNkOGQ4MCJ9\" href='https:\/\/exposicioredescobrint.cornella.cat\/wp-content\/uploads\/2023\/09\/Falsa-acacia-Robinia-pseudoacacia.jpg'><img loading=\"lazy\" decoding=\"async\" width=\"1024\" height=\"768\" src=\"https:\/\/exposicioredescobrint.cornella.cat\/wp-content\/uploads\/2023\/09\/Falsa-acacia-Robinia-pseudoacacia.jpg\" class=\"attachment-full size-full\" alt=\"\" aria-describedby=\"gallery-9-2452\" srcset=\"https:\/\/exposicioredescobrint.cornella.cat\/wp-content\/uploads\/2023\/09\/Falsa-acacia-Robinia-pseudoacacia.jpg 1024w, https:\/\/exposicioredescobrint.cornella.cat\/wp-content\/uploads\/2023\/09\/Falsa-acacia-Robinia-pseudoacacia-300x225.jpg 300w, https:\/\/exposicioredescobrint.cornella.cat\/wp-content\/uploads\/2023\/09\/Falsa-acacia-Robinia-pseudoacacia-768x576.jpg 768w, https:\/\/exposicioredescobrint.cornella.cat\/wp-content\/uploads\/2023\/09\/Falsa-acacia-Robinia-pseudoacacia-16x12.jpg 16w\" sizes=\"(max-width: 1024px) 100vw, 1024px\" \/><\/a>\n\t\t\t<\/div>\n\t\t\t\t<figcaption class='wp-caption-text gallery-caption' id='gallery-9-2452'>\n\t\t\t\tFalsa acacia \u2013 Robinia pseudoacacia\n\t\t\t\t<\/figcaption><\/figure><figure class='gallery-item'>\n\t\t\t<div class='gallery-icon landscape'>\n\t\t\t\t<a data-elementor-open-lightbox=\"yes\" data-elementor-lightbox-slideshow=\"0cd8d80\" data-elementor-lightbox-title=\"Grevil\u00b7lea - Grevil\u00b7lea robusta\" data-e-action-hash=\"#elementor-action%3Aaction%3Dlightbox%26settings%3DeyJpZCI6MjQ1NCwidXJsIjoiaHR0cHM6XC9cL2V4cG9zaWNpb3JlZGVzY29icmludC5jb3JuZWxsYS5jYXRcL3dwLWNvbnRlbnRcL3VwbG9hZHNcLzIwMjNcLzA5XC9HcmV2aWxsZWEtR3JldmlsbGVhLXJvYnVzdGEuanBnIiwic2xpZGVzaG93IjoiMGNkOGQ4MCJ9\" href='https:\/\/exposicioredescobrint.cornella.cat\/wp-content\/uploads\/2023\/09\/Grevillea-Grevillea-robusta.jpg'><img loading=\"lazy\" decoding=\"async\" width=\"1024\" height=\"768\" src=\"https:\/\/exposicioredescobrint.cornella.cat\/wp-content\/uploads\/2023\/09\/Grevillea-Grevillea-robusta.jpg\" class=\"attachment-full size-full\" alt=\"\" aria-describedby=\"gallery-9-2454\" srcset=\"https:\/\/exposicioredescobrint.cornella.cat\/wp-content\/uploads\/2023\/09\/Grevillea-Grevillea-robusta.jpg 1024w, https:\/\/exposicioredescobrint.cornella.cat\/wp-content\/uploads\/2023\/09\/Grevillea-Grevillea-robusta-300x225.jpg 300w, https:\/\/exposicioredescobrint.cornella.cat\/wp-content\/uploads\/2023\/09\/Grevillea-Grevillea-robusta-768x576.jpg 768w, https:\/\/exposicioredescobrint.cornella.cat\/wp-content\/uploads\/2023\/09\/Grevillea-Grevillea-robusta-16x12.jpg 16w\" sizes=\"(max-width: 1024px) 100vw, 1024px\" \/><\/a>\n\t\t\t<\/div>\n\t\t\t\t<figcaption class='wp-caption-text gallery-caption' id='gallery-9-2454'>\n\t\t\t\tGrevilea \u2013 Grevilea robusta\n\t\t\t\t<\/figcaption><\/figure><figure class='gallery-item'>\n\t\t\t<div class='gallery-icon landscape'>\n\t\t\t\t<a data-elementor-open-lightbox=\"yes\" data-elementor-lightbox-slideshow=\"0cd8d80\" data-elementor-lightbox-title=\"Margall\u00f3 - Chamaerops humilis\" data-e-action-hash=\"#elementor-action%3Aaction%3Dlightbox%26settings%3DeyJpZCI6MjQ1NSwidXJsIjoiaHR0cHM6XC9cL2V4cG9zaWNpb3JlZGVzY29icmludC5jb3JuZWxsYS5jYXRcL3dwLWNvbnRlbnRcL3VwbG9hZHNcLzIwMjNcLzA5XC9NYXJnYWxsby1DaGFtYWVyb3BzLWh1bWlsaXMuanBnIiwic2xpZGVzaG93IjoiMGNkOGQ4MCJ9\" href='https:\/\/exposicioredescobrint.cornella.cat\/wp-content\/uploads\/2023\/09\/Margallo-Chamaerops-humilis.jpg'><img loading=\"lazy\" decoding=\"async\" width=\"1024\" height=\"768\" src=\"https:\/\/exposicioredescobrint.cornella.cat\/wp-content\/uploads\/2023\/09\/Margallo-Chamaerops-humilis.jpg\" class=\"attachment-full size-full\" alt=\"\" aria-describedby=\"gallery-9-2455\" srcset=\"https:\/\/exposicioredescobrint.cornella.cat\/wp-content\/uploads\/2023\/09\/Margallo-Chamaerops-humilis.jpg 1024w, https:\/\/exposicioredescobrint.cornella.cat\/wp-content\/uploads\/2023\/09\/Margallo-Chamaerops-humilis-300x225.jpg 300w, https:\/\/exposicioredescobrint.cornella.cat\/wp-content\/uploads\/2023\/09\/Margallo-Chamaerops-humilis-768x576.jpg 768w, https:\/\/exposicioredescobrint.cornella.cat\/wp-content\/uploads\/2023\/09\/Margallo-Chamaerops-humilis-16x12.jpg 16w\" sizes=\"(max-width: 1024px) 100vw, 1024px\" \/><\/a>\n\t\t\t<\/div>\n\t\t\t\t<figcaption class='wp-caption-text gallery-caption' id='gallery-9-2455'>\n\t\t\t\tPalmito \u2013 Chamaerops humilis\n\t\t\t\t<\/figcaption><\/figure><figure class='gallery-item'>\n\t\t\t<div class='gallery-icon landscape'>\n\t\t\t\t<a data-elementor-open-lightbox=\"yes\" data-elementor-lightbox-slideshow=\"0cd8d80\" data-elementor-lightbox-title=\"M\u00e8lia - Melia azedarach\" data-e-action-hash=\"#elementor-action%3Aaction%3Dlightbox%26settings%3DeyJpZCI6MjQ1NiwidXJsIjoiaHR0cHM6XC9cL2V4cG9zaWNpb3JlZGVzY29icmludC5jb3JuZWxsYS5jYXRcL3dwLWNvbnRlbnRcL3VwbG9hZHNcLzIwMjNcLzA5XC9NZWxpYS1NZWxpYS1hemVkYXJhY2guanBnIiwic2xpZGVzaG93IjoiMGNkOGQ4MCJ9\" href='https:\/\/exposicioredescobrint.cornella.cat\/wp-content\/uploads\/2023\/09\/Melia-Melia-azedarach.jpg'><img loading=\"lazy\" decoding=\"async\" width=\"1024\" height=\"768\" src=\"https:\/\/exposicioredescobrint.cornella.cat\/wp-content\/uploads\/2023\/09\/Melia-Melia-azedarach.jpg\" class=\"attachment-full size-full\" alt=\"\" aria-describedby=\"gallery-9-2456\" srcset=\"https:\/\/exposicioredescobrint.cornella.cat\/wp-content\/uploads\/2023\/09\/Melia-Melia-azedarach.jpg 1024w, https:\/\/exposicioredescobrint.cornella.cat\/wp-content\/uploads\/2023\/09\/Melia-Melia-azedarach-300x225.jpg 300w, https:\/\/exposicioredescobrint.cornella.cat\/wp-content\/uploads\/2023\/09\/Melia-Melia-azedarach-768x576.jpg 768w, https:\/\/exposicioredescobrint.cornella.cat\/wp-content\/uploads\/2023\/09\/Melia-Melia-azedarach-16x12.jpg 16w\" sizes=\"(max-width: 1024px) 100vw, 1024px\" \/><\/a>\n\t\t\t<\/div>\n\t\t\t\t<figcaption class='wp-caption-text gallery-caption' id='gallery-9-2456'>\n\t\t\t\tM\u00e8lia &#8211; Melia azedarach\n\t\t\t\t<\/figcaption><\/figure><figure class='gallery-item'>\n\t\t\t<div class='gallery-icon landscape'>\n\t\t\t\t<a data-elementor-open-lightbox=\"yes\" data-elementor-lightbox-slideshow=\"0cd8d80\" data-elementor-lightbox-title=\"Palmera de Can\u00e0ries - Phoenix canariensis\" data-e-action-hash=\"#elementor-action%3Aaction%3Dlightbox%26settings%3DeyJpZCI6MjQ1NywidXJsIjoiaHR0cHM6XC9cL2V4cG9zaWNpb3JlZGVzY29icmludC5jb3JuZWxsYS5jYXRcL3dwLWNvbnRlbnRcL3VwbG9hZHNcLzIwMjNcLzA5XC9QYWxtZXJhLWRlLUNhbmFyaWVzLVBob2VuaXgtY2FuYXJpZW5zaXMuanBnIiwic2xpZGVzaG93IjoiMGNkOGQ4MCJ9\" href='https:\/\/exposicioredescobrint.cornella.cat\/wp-content\/uploads\/2023\/09\/Palmera-de-Canaries-Phoenix-canariensis.jpg'><img loading=\"lazy\" decoding=\"async\" width=\"1024\" height=\"768\" src=\"https:\/\/exposicioredescobrint.cornella.cat\/wp-content\/uploads\/2023\/09\/Palmera-de-Canaries-Phoenix-canariensis.jpg\" class=\"attachment-full size-full\" alt=\"\" aria-describedby=\"gallery-9-2457\" srcset=\"https:\/\/exposicioredescobrint.cornella.cat\/wp-content\/uploads\/2023\/09\/Palmera-de-Canaries-Phoenix-canariensis.jpg 1024w, https:\/\/exposicioredescobrint.cornella.cat\/wp-content\/uploads\/2023\/09\/Palmera-de-Canaries-Phoenix-canariensis-300x225.jpg 300w, https:\/\/exposicioredescobrint.cornella.cat\/wp-content\/uploads\/2023\/09\/Palmera-de-Canaries-Phoenix-canariensis-768x576.jpg 768w, https:\/\/exposicioredescobrint.cornella.cat\/wp-content\/uploads\/2023\/09\/Palmera-de-Canaries-Phoenix-canariensis-16x12.jpg 16w\" sizes=\"(max-width: 1024px) 100vw, 1024px\" \/><\/a>\n\t\t\t<\/div>\n\t\t\t\t<figcaption class='wp-caption-text gallery-caption' id='gallery-9-2457'>\n\t\t\t\tPalmera de Can\u00e0ries &#8211; Phoenix canariensis\n\t\t\t\t<\/figcaption><\/figure><figure class='gallery-item'>\n\t\t\t<div class='gallery-icon landscape'>\n\t\t\t\t<a data-elementor-open-lightbox=\"yes\" data-elementor-lightbox-slideshow=\"0cd8d80\" data-elementor-lightbox-title=\"Palmera excelsa - Trachycarpus fortunei\" data-e-action-hash=\"#elementor-action%3Aaction%3Dlightbox%26settings%3DeyJpZCI6MjQ1OCwidXJsIjoiaHR0cHM6XC9cL2V4cG9zaWNpb3JlZGVzY29icmludC5jb3JuZWxsYS5jYXRcL3dwLWNvbnRlbnRcL3VwbG9hZHNcLzIwMjNcLzA5XC9QYWxtZXJhLWV4Y2Vsc2EtVHJhY2h5Y2FycHVzLWZvcnR1bmVpLmpwZyIsInNsaWRlc2hvdyI6IjBjZDhkODAifQ%3D%3D\" href='https:\/\/exposicioredescobrint.cornella.cat\/wp-content\/uploads\/2023\/09\/Palmera-excelsa-Trachycarpus-fortunei.jpg'><img loading=\"lazy\" decoding=\"async\" width=\"1024\" height=\"768\" src=\"https:\/\/exposicioredescobrint.cornella.cat\/wp-content\/uploads\/2023\/09\/Palmera-excelsa-Trachycarpus-fortunei.jpg\" class=\"attachment-full size-full\" alt=\"\" aria-describedby=\"gallery-9-2458\" srcset=\"https:\/\/exposicioredescobrint.cornella.cat\/wp-content\/uploads\/2023\/09\/Palmera-excelsa-Trachycarpus-fortunei.jpg 1024w, https:\/\/exposicioredescobrint.cornella.cat\/wp-content\/uploads\/2023\/09\/Palmera-excelsa-Trachycarpus-fortunei-300x225.jpg 300w, https:\/\/exposicioredescobrint.cornella.cat\/wp-content\/uploads\/2023\/09\/Palmera-excelsa-Trachycarpus-fortunei-768x576.jpg 768w, https:\/\/exposicioredescobrint.cornella.cat\/wp-content\/uploads\/2023\/09\/Palmera-excelsa-Trachycarpus-fortunei-16x12.jpg 16w\" sizes=\"(max-width: 1024px) 100vw, 1024px\" \/><\/a>\n\t\t\t<\/div>\n\t\t\t\t<figcaption class='wp-caption-text gallery-caption' id='gallery-9-2458'>\n\t\t\t\tPalmera excelsa &#8211; Trachycarpus fortunei\n\t\t\t\t<\/figcaption><\/figure><figure class='gallery-item'>\n\t\t\t<div class='gallery-icon landscape'>\n\t\t\t\t<a data-elementor-open-lightbox=\"yes\" data-elementor-lightbox-slideshow=\"0cd8d80\" data-elementor-lightbox-title=\"Pi blanc - Pinus halepensis\" data-e-action-hash=\"#elementor-action%3Aaction%3Dlightbox%26settings%3DeyJpZCI6MjQ1OSwidXJsIjoiaHR0cHM6XC9cL2V4cG9zaWNpb3JlZGVzY29icmludC5jb3JuZWxsYS5jYXRcL3dwLWNvbnRlbnRcL3VwbG9hZHNcLzIwMjNcLzA5XC9QaS1ibGFuYy1QaW51cy1oYWxlcGVuc2lzLmpwZyIsInNsaWRlc2hvdyI6IjBjZDhkODAifQ%3D%3D\" href='https:\/\/exposicioredescobrint.cornella.cat\/wp-content\/uploads\/2023\/09\/Pi-blanc-Pinus-halepensis.jpg'><img loading=\"lazy\" decoding=\"async\" width=\"1024\" height=\"768\" src=\"https:\/\/exposicioredescobrint.cornella.cat\/wp-content\/uploads\/2023\/09\/Pi-blanc-Pinus-halepensis.jpg\" class=\"attachment-full size-full\" alt=\"\" aria-describedby=\"gallery-9-2459\" srcset=\"https:\/\/exposicioredescobrint.cornella.cat\/wp-content\/uploads\/2023\/09\/Pi-blanc-Pinus-halepensis.jpg 1024w, https:\/\/exposicioredescobrint.cornella.cat\/wp-content\/uploads\/2023\/09\/Pi-blanc-Pinus-halepensis-300x225.jpg 300w, https:\/\/exposicioredescobrint.cornella.cat\/wp-content\/uploads\/2023\/09\/Pi-blanc-Pinus-halepensis-768x576.jpg 768w, https:\/\/exposicioredescobrint.cornella.cat\/wp-content\/uploads\/2023\/09\/Pi-blanc-Pinus-halepensis-16x12.jpg 16w\" sizes=\"(max-width: 1024px) 100vw, 1024px\" \/><\/a>\n\t\t\t<\/div>\n\t\t\t\t<figcaption class='wp-caption-text gallery-caption' id='gallery-9-2459'>\n\t\t\t\tPino blanco \u2013 Pinus halepensis\n\t\t\t\t<\/figcaption><\/figure><figure class='gallery-item'>\n\t\t\t<div class='gallery-icon landscape'>\n\t\t\t\t<a data-elementor-open-lightbox=\"yes\" data-elementor-lightbox-slideshow=\"0cd8d80\" data-elementor-lightbox-title=\"Pi de Can\u00e0ries - Pinus canariensis\" data-e-action-hash=\"#elementor-action%3Aaction%3Dlightbox%26settings%3DeyJpZCI6MjQ2MCwidXJsIjoiaHR0cHM6XC9cL2V4cG9zaWNpb3JlZGVzY29icmludC5jb3JuZWxsYS5jYXRcL3dwLWNvbnRlbnRcL3VwbG9hZHNcLzIwMjNcLzA5XC9QaS1kZS1DYW5hcmllcy1QaW51cy1jYW5hcmllbnNpcy5qcGciLCJzbGlkZXNob3ciOiIwY2Q4ZDgwIn0%3D\" href='https:\/\/exposicioredescobrint.cornella.cat\/wp-content\/uploads\/2023\/09\/Pi-de-Canaries-Pinus-canariensis.jpg'><img loading=\"lazy\" decoding=\"async\" width=\"1024\" height=\"768\" src=\"https:\/\/exposicioredescobrint.cornella.cat\/wp-content\/uploads\/2023\/09\/Pi-de-Canaries-Pinus-canariensis.jpg\" class=\"attachment-full size-full\" alt=\"\" aria-describedby=\"gallery-9-2460\" srcset=\"https:\/\/exposicioredescobrint.cornella.cat\/wp-content\/uploads\/2023\/09\/Pi-de-Canaries-Pinus-canariensis.jpg 1024w, https:\/\/exposicioredescobrint.cornella.cat\/wp-content\/uploads\/2023\/09\/Pi-de-Canaries-Pinus-canariensis-300x225.jpg 300w, https:\/\/exposicioredescobrint.cornella.cat\/wp-content\/uploads\/2023\/09\/Pi-de-Canaries-Pinus-canariensis-768x576.jpg 768w, https:\/\/exposicioredescobrint.cornella.cat\/wp-content\/uploads\/2023\/09\/Pi-de-Canaries-Pinus-canariensis-16x12.jpg 16w\" sizes=\"(max-width: 1024px) 100vw, 1024px\" \/><\/a>\n\t\t\t<\/div>\n\t\t\t\t<figcaption class='wp-caption-text gallery-caption' id='gallery-9-2460'>\n\t\t\t\tPino de Canarias \u2013 Pinus canariensis\n\t\t\t\t<\/figcaption><\/figure><figure class='gallery-item'>\n\t\t\t<div class='gallery-icon landscape'>\n\t\t\t\t<a data-elementor-open-lightbox=\"yes\" data-elementor-lightbox-slideshow=\"0cd8d80\" data-elementor-lightbox-title=\"Pi pinyer - Pinus Pinea\" data-e-action-hash=\"#elementor-action%3Aaction%3Dlightbox%26settings%3DeyJpZCI6MjQ2MSwidXJsIjoiaHR0cHM6XC9cL2V4cG9zaWNpb3JlZGVzY29icmludC5jb3JuZWxsYS5jYXRcL3dwLWNvbnRlbnRcL3VwbG9hZHNcLzIwMjNcLzA5XC9QaS1waW55ZXItUGludXMtUGluZWEuanBnIiwic2xpZGVzaG93IjoiMGNkOGQ4MCJ9\" href='https:\/\/exposicioredescobrint.cornella.cat\/wp-content\/uploads\/2023\/09\/Pi-pinyer-Pinus-Pinea.jpg'><img loading=\"lazy\" decoding=\"async\" width=\"1024\" height=\"768\" src=\"https:\/\/exposicioredescobrint.cornella.cat\/wp-content\/uploads\/2023\/09\/Pi-pinyer-Pinus-Pinea.jpg\" class=\"attachment-full size-full\" alt=\"\" aria-describedby=\"gallery-9-2461\" srcset=\"https:\/\/exposicioredescobrint.cornella.cat\/wp-content\/uploads\/2023\/09\/Pi-pinyer-Pinus-Pinea.jpg 1024w, https:\/\/exposicioredescobrint.cornella.cat\/wp-content\/uploads\/2023\/09\/Pi-pinyer-Pinus-Pinea-300x225.jpg 300w, https:\/\/exposicioredescobrint.cornella.cat\/wp-content\/uploads\/2023\/09\/Pi-pinyer-Pinus-Pinea-768x576.jpg 768w, https:\/\/exposicioredescobrint.cornella.cat\/wp-content\/uploads\/2023\/09\/Pi-pinyer-Pinus-Pinea-16x12.jpg 16w\" sizes=\"(max-width: 1024px) 100vw, 1024px\" \/><\/a>\n\t\t\t<\/div>\n\t\t\t\t<figcaption class='wp-caption-text gallery-caption' id='gallery-9-2461'>\n\t\t\t\tPino pi\u00f1onero \u2013 Pinus Pinea\n\t\t\t\t<\/figcaption><\/figure><figure class='gallery-item'>\n\t\t\t<div class='gallery-icon landscape'>\n\t\t\t\t<a data-elementor-open-lightbox=\"yes\" data-elementor-lightbox-slideshow=\"0cd8d80\" data-elementor-lightbox-title=\"Pl\u00e0tan - Platanus x hispanica\" data-e-action-hash=\"#elementor-action%3Aaction%3Dlightbox%26settings%3DeyJpZCI6MjQ2MiwidXJsIjoiaHR0cHM6XC9cL2V4cG9zaWNpb3JlZGVzY29icmludC5jb3JuZWxsYS5jYXRcL3dwLWNvbnRlbnRcL3VwbG9hZHNcLzIwMjNcLzA5XC9QbGF0YW4tUGxhdGFudXMteC1oaXNwYW5pY2EuanBnIiwic2xpZGVzaG93IjoiMGNkOGQ4MCJ9\" href='https:\/\/exposicioredescobrint.cornella.cat\/wp-content\/uploads\/2023\/09\/Platan-Platanus-x-hispanica.jpg'><img loading=\"lazy\" decoding=\"async\" width=\"1024\" height=\"768\" src=\"https:\/\/exposicioredescobrint.cornella.cat\/wp-content\/uploads\/2023\/09\/Platan-Platanus-x-hispanica.jpg\" class=\"attachment-full size-full\" alt=\"\" aria-describedby=\"gallery-9-2462\" srcset=\"https:\/\/exposicioredescobrint.cornella.cat\/wp-content\/uploads\/2023\/09\/Platan-Platanus-x-hispanica.jpg 1024w, https:\/\/exposicioredescobrint.cornella.cat\/wp-content\/uploads\/2023\/09\/Platan-Platanus-x-hispanica-300x225.jpg 300w, https:\/\/exposicioredescobrint.cornella.cat\/wp-content\/uploads\/2023\/09\/Platan-Platanus-x-hispanica-768x576.jpg 768w, https:\/\/exposicioredescobrint.cornella.cat\/wp-content\/uploads\/2023\/09\/Platan-Platanus-x-hispanica-16x12.jpg 16w\" sizes=\"(max-width: 1024px) 100vw, 1024px\" \/><\/a>\n\t\t\t<\/div>\n\t\t\t\t<figcaption class='wp-caption-text gallery-caption' id='gallery-9-2462'>\n\t\t\t\tPl\u00e1tanero \u2013 Platanus x hisp\u00e1nica\n\t\t\t\t<\/figcaption><\/figure><figure class='gallery-item'>\n\t\t\t<div class='gallery-icon landscape'>\n\t\t\t\t<a data-elementor-open-lightbox=\"yes\" data-elementor-lightbox-slideshow=\"0cd8d80\" data-elementor-lightbox-title=\"Tell argentat - Tilia tomentosa\" data-e-action-hash=\"#elementor-action%3Aaction%3Dlightbox%26settings%3DeyJpZCI6MjQ2MywidXJsIjoiaHR0cHM6XC9cL2V4cG9zaWNpb3JlZGVzY29icmludC5jb3JuZWxsYS5jYXRcL3dwLWNvbnRlbnRcL3VwbG9hZHNcLzIwMjNcLzA5XC9UZWxsLWFyZ2VudGF0LVRpbGlhLXRvbWVudG9zYS5qcGciLCJzbGlkZXNob3ciOiIwY2Q4ZDgwIn0%3D\" href='https:\/\/exposicioredescobrint.cornella.cat\/wp-content\/uploads\/2023\/09\/Tell-argentat-Tilia-tomentosa.jpg'><img loading=\"lazy\" decoding=\"async\" width=\"1024\" height=\"768\" src=\"https:\/\/exposicioredescobrint.cornella.cat\/wp-content\/uploads\/2023\/09\/Tell-argentat-Tilia-tomentosa.jpg\" class=\"attachment-full size-full\" alt=\"\" aria-describedby=\"gallery-9-2463\" srcset=\"https:\/\/exposicioredescobrint.cornella.cat\/wp-content\/uploads\/2023\/09\/Tell-argentat-Tilia-tomentosa.jpg 1024w, https:\/\/exposicioredescobrint.cornella.cat\/wp-content\/uploads\/2023\/09\/Tell-argentat-Tilia-tomentosa-300x225.jpg 300w, https:\/\/exposicioredescobrint.cornella.cat\/wp-content\/uploads\/2023\/09\/Tell-argentat-Tilia-tomentosa-768x576.jpg 768w, https:\/\/exposicioredescobrint.cornella.cat\/wp-content\/uploads\/2023\/09\/Tell-argentat-Tilia-tomentosa-16x12.jpg 16w\" sizes=\"(max-width: 1024px) 100vw, 1024px\" \/><\/a>\n\t\t\t<\/div>\n\t\t\t\t<figcaption class='wp-caption-text gallery-caption' id='gallery-9-2463'>\n\t\t\t\tTell plateado \u2013 Tilia tomentosa\n\t\t\t\t<\/figcaption><\/figure><figure class='gallery-item'>\n\t\t\t<div class='gallery-icon landscape'>\n\t\t\t\t<a data-elementor-open-lightbox=\"yes\" data-elementor-lightbox-slideshow=\"0cd8d80\" data-elementor-lightbox-title=\"Tipuana - Tipuana tipu\" data-e-action-hash=\"#elementor-action%3Aaction%3Dlightbox%26settings%3DeyJpZCI6MjQ2NCwidXJsIjoiaHR0cHM6XC9cL2V4cG9zaWNpb3JlZGVzY29icmludC5jb3JuZWxsYS5jYXRcL3dwLWNvbnRlbnRcL3VwbG9hZHNcLzIwMjNcLzA5XC9UaXB1YW5hLVRpcHVhbmEtdGlwdS5qcGciLCJzbGlkZXNob3ciOiIwY2Q4ZDgwIn0%3D\" href='https:\/\/exposicioredescobrint.cornella.cat\/wp-content\/uploads\/2023\/09\/Tipuana-Tipuana-tipu.jpg'><img loading=\"lazy\" decoding=\"async\" width=\"1024\" height=\"768\" src=\"https:\/\/exposicioredescobrint.cornella.cat\/wp-content\/uploads\/2023\/09\/Tipuana-Tipuana-tipu.jpg\" class=\"attachment-full size-full\" alt=\"\" aria-describedby=\"gallery-9-2464\" srcset=\"https:\/\/exposicioredescobrint.cornella.cat\/wp-content\/uploads\/2023\/09\/Tipuana-Tipuana-tipu.jpg 1024w, https:\/\/exposicioredescobrint.cornella.cat\/wp-content\/uploads\/2023\/09\/Tipuana-Tipuana-tipu-300x225.jpg 300w, https:\/\/exposicioredescobrint.cornella.cat\/wp-content\/uploads\/2023\/09\/Tipuana-Tipuana-tipu-768x576.jpg 768w, https:\/\/exposicioredescobrint.cornella.cat\/wp-content\/uploads\/2023\/09\/Tipuana-Tipuana-tipu-16x12.jpg 16w\" sizes=\"(max-width: 1024px) 100vw, 1024px\" \/><\/a>\n\t\t\t<\/div>\n\t\t\t\t<figcaption class='wp-caption-text gallery-caption' id='gallery-9-2464'>\n\t\t\t\tTipuana &#8211; Tipuana tipu\n\t\t\t\t<\/figcaption><\/figure><figure class='gallery-item'>\n\t\t\t<div class='gallery-icon landscape'>\n\t\t\t\t<a data-elementor-open-lightbox=\"yes\" data-elementor-lightbox-slideshow=\"0cd8d80\" data-elementor-lightbox-title=\"Troana - Ligustrum Lucidum\" data-e-action-hash=\"#elementor-action%3Aaction%3Dlightbox%26settings%3DeyJpZCI6MjQ2NSwidXJsIjoiaHR0cHM6XC9cL2V4cG9zaWNpb3JlZGVzY29icmludC5jb3JuZWxsYS5jYXRcL3dwLWNvbnRlbnRcL3VwbG9hZHNcLzIwMjNcLzA5XC9Ucm9hbmEtTGlndXN0cnVtLUx1Y2lkdW0uanBnIiwic2xpZGVzaG93IjoiMGNkOGQ4MCJ9\" href='https:\/\/exposicioredescobrint.cornella.cat\/wp-content\/uploads\/2023\/09\/Troana-Ligustrum-Lucidum.jpg'><img loading=\"lazy\" decoding=\"async\" width=\"1024\" height=\"768\" src=\"https:\/\/exposicioredescobrint.cornella.cat\/wp-content\/uploads\/2023\/09\/Troana-Ligustrum-Lucidum.jpg\" class=\"attachment-full size-full\" alt=\"\" aria-describedby=\"gallery-9-2465\" srcset=\"https:\/\/exposicioredescobrint.cornella.cat\/wp-content\/uploads\/2023\/09\/Troana-Ligustrum-Lucidum.jpg 1024w, https:\/\/exposicioredescobrint.cornella.cat\/wp-content\/uploads\/2023\/09\/Troana-Ligustrum-Lucidum-300x225.jpg 300w, https:\/\/exposicioredescobrint.cornella.cat\/wp-content\/uploads\/2023\/09\/Troana-Ligustrum-Lucidum-768x576.jpg 768w, https:\/\/exposicioredescobrint.cornella.cat\/wp-content\/uploads\/2023\/09\/Troana-Ligustrum-Lucidum-16x12.jpg 16w\" sizes=\"(max-width: 1024px) 100vw, 1024px\" \/><\/a>\n\t\t\t<\/div>\n\t\t\t\t<figcaption class='wp-caption-text gallery-caption' id='gallery-9-2465'>\n\t\t\t\tTroana &#8211; Ligustrum Lucidum\n\t\t\t\t<\/figcaption><\/figure><figure class='gallery-item'>\n\t\t\t<div class='gallery-icon landscape'>\n\t\t\t\t<a data-elementor-open-lightbox=\"yes\" data-elementor-lightbox-slideshow=\"0cd8d80\" data-elementor-lightbox-title=\"Washingt\u00f2nia - Washingtonia robusta\" data-e-action-hash=\"#elementor-action%3Aaction%3Dlightbox%26settings%3DeyJpZCI6MjQ2NiwidXJsIjoiaHR0cHM6XC9cL2V4cG9zaWNpb3JlZGVzY29icmludC5jb3JuZWxsYS5jYXRcL3dwLWNvbnRlbnRcL3VwbG9hZHNcLzIwMjNcLzA5XC9XYXNoaW5ndG9uaWEtV2FzaGluZ3RvbmlhLXJvYnVzdGEuanBnIiwic2xpZGVzaG93IjoiMGNkOGQ4MCJ9\" href='https:\/\/exposicioredescobrint.cornella.cat\/wp-content\/uploads\/2023\/09\/Washingtonia-Washingtonia-robusta.jpg'><img loading=\"lazy\" decoding=\"async\" width=\"1024\" height=\"768\" src=\"https:\/\/exposicioredescobrint.cornella.cat\/wp-content\/uploads\/2023\/09\/Washingtonia-Washingtonia-robusta.jpg\" class=\"attachment-full size-full\" alt=\"\" aria-describedby=\"gallery-9-2466\" srcset=\"https:\/\/exposicioredescobrint.cornella.cat\/wp-content\/uploads\/2023\/09\/Washingtonia-Washingtonia-robusta.jpg 1024w, https:\/\/exposicioredescobrint.cornella.cat\/wp-content\/uploads\/2023\/09\/Washingtonia-Washingtonia-robusta-300x225.jpg 300w, https:\/\/exposicioredescobrint.cornella.cat\/wp-content\/uploads\/2023\/09\/Washingtonia-Washingtonia-robusta-768x576.jpg 768w, https:\/\/exposicioredescobrint.cornella.cat\/wp-content\/uploads\/2023\/09\/Washingtonia-Washingtonia-robusta-16x12.jpg 16w\" sizes=\"(max-width: 1024px) 100vw, 1024px\" \/><\/a>\n\t\t\t<\/div>\n\t\t\t\t<figcaption class='wp-caption-text gallery-caption' id='gallery-9-2466'>\n\t\t\t\tWashingt\u00f2nia &#8211; Washingtonia robusta\n\t\t\t\t<\/figcaption><\/figure><figure class='gallery-item'>\n\t\t\t<div class='gallery-icon landscape'>\n\t\t\t\t<a data-elementor-open-lightbox=\"yes\" data-elementor-lightbox-slideshow=\"0cd8d80\" data-elementor-lightbox-title=\"Xicandra - Jacaranda mimosifolia\" data-e-action-hash=\"#elementor-action%3Aaction%3Dlightbox%26settings%3DeyJpZCI6MjQ2NywidXJsIjoiaHR0cHM6XC9cL2V4cG9zaWNpb3JlZGVzY29icmludC5jb3JuZWxsYS5jYXRcL3dwLWNvbnRlbnRcL3VwbG9hZHNcLzIwMjNcLzA5XC9YaWNhbmRyYS1KYWNhcmFuZGEtbWltb3NpZm9saWEuanBnIiwic2xpZGVzaG93IjoiMGNkOGQ4MCJ9\" href='https:\/\/exposicioredescobrint.cornella.cat\/wp-content\/uploads\/2023\/09\/Xicandra-Jacaranda-mimosifolia.jpg'><img loading=\"lazy\" decoding=\"async\" width=\"1024\" height=\"768\" src=\"https:\/\/exposicioredescobrint.cornella.cat\/wp-content\/uploads\/2023\/09\/Xicandra-Jacaranda-mimosifolia.jpg\" class=\"attachment-full size-full\" alt=\"\" aria-describedby=\"gallery-9-2467\" srcset=\"https:\/\/exposicioredescobrint.cornella.cat\/wp-content\/uploads\/2023\/09\/Xicandra-Jacaranda-mimosifolia.jpg 1024w, https:\/\/exposicioredescobrint.cornella.cat\/wp-content\/uploads\/2023\/09\/Xicandra-Jacaranda-mimosifolia-300x225.jpg 300w, https:\/\/exposicioredescobrint.cornella.cat\/wp-content\/uploads\/2023\/09\/Xicandra-Jacaranda-mimosifolia-768x576.jpg 768w, https:\/\/exposicioredescobrint.cornella.cat\/wp-content\/uploads\/2023\/09\/Xicandra-Jacaranda-mimosifolia-16x12.jpg 16w\" sizes=\"(max-width: 1024px) 100vw, 1024px\" \/><\/a>\n\t\t\t<\/div>\n\t\t\t\t<figcaption class='wp-caption-text gallery-caption' id='gallery-9-2467'>\n\t\t\t\tChicandra \u2013 Jacaranda mimosifolia\n\t\t\t\t<\/figcaption><\/figure><figure class='gallery-item'>\n\t\t\t<div class='gallery-icon landscape'>\n\t\t\t\t<a data-elementor-open-lightbox=\"yes\" data-elementor-lightbox-slideshow=\"0cd8d80\" data-elementor-lightbox-title=\"Xiprer - Cupressus sempervirens\" data-e-action-hash=\"#elementor-action%3Aaction%3Dlightbox%26settings%3DeyJpZCI6MjQ2OCwidXJsIjoiaHR0cHM6XC9cL2V4cG9zaWNpb3JlZGVzY29icmludC5jb3JuZWxsYS5jYXRcL3dwLWNvbnRlbnRcL3VwbG9hZHNcLzIwMjNcLzA5XC9YaXByZXItQ3VwcmVzc3VzLXNlbXBlcnZpcmVucy5qcGciLCJzbGlkZXNob3ciOiIwY2Q4ZDgwIn0%3D\" href='https:\/\/exposicioredescobrint.cornella.cat\/wp-content\/uploads\/2023\/09\/Xiprer-Cupressus-sempervirens.jpg'><img loading=\"lazy\" decoding=\"async\" width=\"1024\" height=\"768\" src=\"https:\/\/exposicioredescobrint.cornella.cat\/wp-content\/uploads\/2023\/09\/Xiprer-Cupressus-sempervirens.jpg\" class=\"attachment-full size-full\" alt=\"\" aria-describedby=\"gallery-9-2468\" srcset=\"https:\/\/exposicioredescobrint.cornella.cat\/wp-content\/uploads\/2023\/09\/Xiprer-Cupressus-sempervirens.jpg 1024w, https:\/\/exposicioredescobrint.cornella.cat\/wp-content\/uploads\/2023\/09\/Xiprer-Cupressus-sempervirens-300x225.jpg 300w, https:\/\/exposicioredescobrint.cornella.cat\/wp-content\/uploads\/2023\/09\/Xiprer-Cupressus-sempervirens-768x576.jpg 768w, https:\/\/exposicioredescobrint.cornella.cat\/wp-content\/uploads\/2023\/09\/Xiprer-Cupressus-sempervirens-16x12.jpg 16w\" sizes=\"(max-width: 1024px) 100vw, 1024px\" \/><\/a>\n\t\t\t<\/div>\n\t\t\t\t<figcaption class='wp-caption-text gallery-caption' id='gallery-9-2468'>\n\t\t\t\tChiprer \u2013 Cupressus sempervirens\n\t\t\t\t<\/figcaption><\/figure>\n\t\t<\/div>\n\t\t<\/div>\n\t\t\t\t\t\t<\/div>\n\t\t\t\t<\/div>\n\t\t\t\t\t<\/div>\n\t\t<\/div>\n\t\t\t\t\t<\/div>\n\t\t<\/section>\n\t\t\t\t<section class=\"elementor-section elementor-inner-section elementor-element elementor-element-6eab7d2 elementor-section-full_width elementor-section-height-default elementor-section-height-default\" data-id=\"6eab7d2\" data-element_type=\"section\">\n\t\t\t\t\t\t<div class=\"elementor-container elementor-column-gap-wide\">\n\t\t\t\t\t<div class=\"elementor-column elementor-col-100 elementor-inner-column elementor-element elementor-element-168683a\" data-id=\"168683a\" data-element_type=\"column\">\n\t\t\t<div class=\"elementor-widget-wrap\">\n\t\t\t\t\t\t\t<\/div>\n\t\t<\/div>\n\t\t\t\t\t<\/div>\n\t\t<\/section>\n\t\t\t\t<div class=\"elementor-element elementor-element-aa34027 elementor-widget elementor-widget-image\" data-id=\"aa34027\" data-element_type=\"widget\" data-widget_type=\"image.default\">\n\t\t\t\t<div class=\"elementor-widget-container\">\n\t\t\t\t\t\t\t\t\t\t\t\t\t\t\t<img loading=\"lazy\" decoding=\"async\" width=\"3870\" height=\"109\" src=\"https:\/\/exposicioredescobrint.cornella.cat\/wp-content\/uploads\/2023\/09\/MuroLinea.png\" class=\"attachment-full size-full wp-image-2373\" alt=\"\" srcset=\"https:\/\/exposicioredescobrint.cornella.cat\/wp-content\/uploads\/2023\/09\/MuroLinea.png 3870w, https:\/\/exposicioredescobrint.cornella.cat\/wp-content\/uploads\/2023\/09\/MuroLinea-300x8.png 300w, https:\/\/exposicioredescobrint.cornella.cat\/wp-content\/uploads\/2023\/09\/MuroLinea-1024x29.png 1024w, https:\/\/exposicioredescobrint.cornella.cat\/wp-content\/uploads\/2023\/09\/MuroLinea-768x22.png 768w, https:\/\/exposicioredescobrint.cornella.cat\/wp-content\/uploads\/2023\/09\/MuroLinea-1536x43.png 1536w, https:\/\/exposicioredescobrint.cornella.cat\/wp-content\/uploads\/2023\/09\/MuroLinea-2048x58.png 2048w, https:\/\/exposicioredescobrint.cornella.cat\/wp-content\/uploads\/2023\/09\/MuroLinea-18x1.png 18w\" sizes=\"(max-width: 3870px) 100vw, 3870px\" \/>\t\t\t\t\t\t\t\t\t\t\t\t\t\t\t<\/div>\n\t\t\t\t<\/div>\n\t\t\t\t<section class=\"elementor-section elementor-inner-section elementor-element elementor-element-a689b91 elementor-section-full_width elementor-section-height-default elementor-section-height-default\" data-id=\"a689b91\" data-element_type=\"section\">\n\t\t\t\t\t\t<div class=\"elementor-container elementor-column-gap-wide\">\n\t\t\t\t\t<div class=\"elementor-column elementor-col-50 elementor-inner-column elementor-element elementor-element-9764ca4\" data-id=\"9764ca4\" data-element_type=\"column\">\n\t\t\t<div class=\"elementor-widget-wrap elementor-element-populated\">\n\t\t\t\t\t\t<div class=\"elementor-element elementor-element-7daef66 elementor-widget__width-initial elementor-widget elementor-widget-heading\" data-id=\"7daef66\" data-element_type=\"widget\" data-widget_type=\"heading.default\">\n\t\t\t\t<div class=\"elementor-widget-container\">\n\t\t\t\t\t<h2 class=\"elementor-heading-title elementor-size-xl\">La Fauna <\/h2>\t\t\t\t<\/div>\n\t\t\t\t<\/div>\n\t\t\t\t\t<\/div>\n\t\t<\/div>\n\t\t\t\t<div class=\"elementor-column elementor-col-50 elementor-inner-column elementor-element elementor-element-08d38b6\" data-id=\"08d38b6\" data-element_type=\"column\">\n\t\t\t<div class=\"elementor-widget-wrap\">\n\t\t\t\t\t\t\t<\/div>\n\t\t<\/div>\n\t\t\t\t\t<\/div>\n\t\t<\/section>\n\t\t\t\t<section class=\"elementor-section elementor-inner-section elementor-element elementor-element-f7a1ead elementor-section-full_width elementor-section-height-default elementor-section-height-default\" data-id=\"f7a1ead\" data-element_type=\"section\">\n\t\t\t\t\t\t<div class=\"elementor-container elementor-column-gap-wide\">\n\t\t\t\t\t<div class=\"elementor-column elementor-col-50 elementor-inner-column elementor-element elementor-element-c577cda\" data-id=\"c577cda\" data-element_type=\"column\">\n\t\t\t<div class=\"elementor-widget-wrap elementor-element-populated\">\n\t\t\t\t\t\t<div class=\"elementor-element elementor-element-425f13b elementor-widget elementor-widget-text-editor\" data-id=\"425f13b\" data-element_type=\"widget\" data-widget_type=\"text-editor.default\">\n\t\t\t\t<div class=\"elementor-widget-container\">\n\t\t\t\t\t\t\t\t\t<p><span data-contrast=\"auto\">El parque es uno de los lugares de Cornell\u00e0 donde a\u00fan se pasean los esquivos erizos y las escurridizas serpientes pero, si cabe destacar a un grupo de animales, es el de las aves. La presencia de un gran n\u00famero de \u00e1rboles antiguos y de enorme tama\u00f1o, imposibles de encontrar en otros lugares de la ciudad, permite que en sus cavidades muchos p\u00e1jaros hagan su nido.<\/span><span data-ccp-props=\"{&quot;335551550&quot;:6,&quot;335551620&quot;:6,&quot;335559738&quot;:240,&quot;335559739&quot;:240}\">\u00a0<\/span><\/p><p aria-level=\"2\"><span data-contrast=\"auto\">Este gran pulm\u00f3n verde es tambi\u00e9n un oasis entre el cemento. Durante la migraci\u00f3n, muchas aves lo utilizan para beber y comer alg\u00fan pececillo en los distintos puntos de agua del parque.<\/span><span data-ccp-props=\"{&quot;134245418&quot;:true,&quot;134245529&quot;:true,&quot;335551550&quot;:6,&quot;335551620&quot;:6,&quot;335559738&quot;:240,&quot;335559739&quot;:240}\">\u00a0<\/span><\/p>\t\t\t\t\t\t\t\t<\/div>\n\t\t\t\t<\/div>\n\t\t\t\t\t<\/div>\n\t\t<\/div>\n\t\t\t\t<div class=\"elementor-column elementor-col-50 elementor-inner-column elementor-element elementor-element-b1ad1d7\" data-id=\"b1ad1d7\" data-element_type=\"column\">\n\t\t\t<div class=\"elementor-widget-wrap elementor-element-populated\">\n\t\t\t\t\t\t<div class=\"elementor-element elementor-element-1609c41 elementor-widget elementor-widget-image-gallery\" data-id=\"1609c41\" data-element_type=\"widget\" data-widget_type=\"image-gallery.default\">\n\t\t\t\t<div class=\"elementor-widget-container\">\n\t\t\t\t\t\t\t<div class=\"elementor-image-gallery\">\n\t\t\t<div id='gallery-10' class='gallery galleryid-14 gallery-columns-4 gallery-size-full'><figure class='gallery-item'>\n\t\t\t<div class='gallery-icon portrait'>\n\t\t\t\t<a data-elementor-open-lightbox=\"yes\" data-elementor-lightbox-slideshow=\"1609c41\" data-elementor-lightbox-title=\"Puput (Upupa epops).   Fotografia: Edgar Madrenys Pallar\u00e8s.  \" data-e-action-hash=\"#elementor-action%3Aaction%3Dlightbox%26settings%3DeyJpZCI6MzYzLCJ1cmwiOiJodHRwczpcL1wvZXhwb3NpY2lvcmVkZXNjb2JyaW50LmNvcm5lbGxhLmNhdFwvd3AtY29udGVudFwvdXBsb2Fkc1wvMjAyM1wvMDdcL0FNQklULTUtZmluYWxfUGFnaW5hXzRfSW1hZ2VuXzAwMDktc2NhbGVkLmpwZyIsInNsaWRlc2hvdyI6IjE2MDljNDEifQ%3D%3D\" href='https:\/\/exposicioredescobrint.cornella.cat\/wp-content\/uploads\/2023\/07\/AMBIT-5-final_Pagina_4_Imagen_0009-scaled.jpg'><img loading=\"lazy\" decoding=\"async\" width=\"1707\" height=\"2560\" src=\"https:\/\/exposicioredescobrint.cornella.cat\/wp-content\/uploads\/2023\/07\/AMBIT-5-final_Pagina_4_Imagen_0009-scaled.jpg\" class=\"attachment-full size-full\" alt=\"\" aria-describedby=\"gallery-10-363\" srcset=\"https:\/\/exposicioredescobrint.cornella.cat\/wp-content\/uploads\/2023\/07\/AMBIT-5-final_Pagina_4_Imagen_0009-scaled.jpg 1707w, https:\/\/exposicioredescobrint.cornella.cat\/wp-content\/uploads\/2023\/07\/AMBIT-5-final_Pagina_4_Imagen_0009-200x300.jpg 200w, https:\/\/exposicioredescobrint.cornella.cat\/wp-content\/uploads\/2023\/07\/AMBIT-5-final_Pagina_4_Imagen_0009-683x1024.jpg 683w, https:\/\/exposicioredescobrint.cornella.cat\/wp-content\/uploads\/2023\/07\/AMBIT-5-final_Pagina_4_Imagen_0009-768x1152.jpg 768w, https:\/\/exposicioredescobrint.cornella.cat\/wp-content\/uploads\/2023\/07\/AMBIT-5-final_Pagina_4_Imagen_0009-1024x1536.jpg 1024w, https:\/\/exposicioredescobrint.cornella.cat\/wp-content\/uploads\/2023\/07\/AMBIT-5-final_Pagina_4_Imagen_0009-1366x2048.jpg 1366w\" sizes=\"(max-width: 1707px) 100vw, 1707px\" \/><\/a>\n\t\t\t<\/div>\n\t\t\t\t<figcaption class='wp-caption-text gallery-caption' id='gallery-10-363'>\n\t\t\t\tAbubilla (Upupa epops).\nFotograf\u00eda: Edgar Madrenys Pallar\u00e8s.  \n\t\t\t\t<\/figcaption><\/figure><figure class='gallery-item'>\n\t\t\t<div class='gallery-icon portrait'>\n\t\t\t\t<a data-elementor-open-lightbox=\"yes\" data-elementor-lightbox-slideshow=\"1609c41\" data-elementor-lightbox-title=\"Blauet (Alcedo atthis). Fotografia: Edgar Madrenys Pallar\u00e8s. \" data-e-action-hash=\"#elementor-action%3Aaction%3Dlightbox%26settings%3DeyJpZCI6MzYyLCJ1cmwiOiJodHRwczpcL1wvZXhwb3NpY2lvcmVkZXNjb2JyaW50LmNvcm5lbGxhLmNhdFwvd3AtY29udGVudFwvdXBsb2Fkc1wvMjAyM1wvMDdcL0FNQklULTUtZmluYWxfUGFnaW5hXzRfSW1hZ2VuXzAwMDgtc2NhbGVkLmpwZyIsInNsaWRlc2hvdyI6IjE2MDljNDEifQ%3D%3D\" href='https:\/\/exposicioredescobrint.cornella.cat\/wp-content\/uploads\/2023\/07\/AMBIT-5-final_Pagina_4_Imagen_0008-scaled.jpg'><img loading=\"lazy\" decoding=\"async\" width=\"1707\" height=\"2560\" src=\"https:\/\/exposicioredescobrint.cornella.cat\/wp-content\/uploads\/2023\/07\/AMBIT-5-final_Pagina_4_Imagen_0008-scaled.jpg\" class=\"attachment-full size-full\" alt=\"\" aria-describedby=\"gallery-10-362\" srcset=\"https:\/\/exposicioredescobrint.cornella.cat\/wp-content\/uploads\/2023\/07\/AMBIT-5-final_Pagina_4_Imagen_0008-scaled.jpg 1707w, https:\/\/exposicioredescobrint.cornella.cat\/wp-content\/uploads\/2023\/07\/AMBIT-5-final_Pagina_4_Imagen_0008-200x300.jpg 200w, https:\/\/exposicioredescobrint.cornella.cat\/wp-content\/uploads\/2023\/07\/AMBIT-5-final_Pagina_4_Imagen_0008-683x1024.jpg 683w, https:\/\/exposicioredescobrint.cornella.cat\/wp-content\/uploads\/2023\/07\/AMBIT-5-final_Pagina_4_Imagen_0008-768x1152.jpg 768w, https:\/\/exposicioredescobrint.cornella.cat\/wp-content\/uploads\/2023\/07\/AMBIT-5-final_Pagina_4_Imagen_0008-1024x1536.jpg 1024w, https:\/\/exposicioredescobrint.cornella.cat\/wp-content\/uploads\/2023\/07\/AMBIT-5-final_Pagina_4_Imagen_0008-1365x2048.jpg 1365w\" sizes=\"(max-width: 1707px) 100vw, 1707px\" \/><\/a>\n\t\t\t<\/div>\n\t\t\t\t<figcaption class='wp-caption-text gallery-caption' id='gallery-10-362'>\n\t\t\t\tMart\u00edn pescador (Alcedo atthis).\nFotograf\u00eda: Edgar Madrenys Pallar\u00e8s. \n\t\t\t\t<\/figcaption><\/figure><figure class='gallery-item'>\n\t\t\t<div class='gallery-icon portrait'>\n\t\t\t\t<a data-elementor-open-lightbox=\"yes\" data-elementor-lightbox-slideshow=\"1609c41\" data-elementor-lightbox-title=\"\u00c0nec mut (Cairina moschata).   Fotografia: Edgar Madrenys Pallar\u00e8s.\" data-e-action-hash=\"#elementor-action%3Aaction%3Dlightbox%26settings%3DeyJpZCI6MzU5LCJ1cmwiOiJodHRwczpcL1wvZXhwb3NpY2lvcmVkZXNjb2JyaW50LmNvcm5lbGxhLmNhdFwvd3AtY29udGVudFwvdXBsb2Fkc1wvMjAyM1wvMDdcL0FNQklULTUtZmluYWxfUGFnaW5hXzRfSW1hZ2VuXzAwMDUtc2NhbGVkLmpwZyIsInNsaWRlc2hvdyI6IjE2MDljNDEifQ%3D%3D\" href='https:\/\/exposicioredescobrint.cornella.cat\/wp-content\/uploads\/2023\/07\/AMBIT-5-final_Pagina_4_Imagen_0005-scaled.jpg'><img loading=\"lazy\" decoding=\"async\" width=\"1707\" height=\"2560\" src=\"https:\/\/exposicioredescobrint.cornella.cat\/wp-content\/uploads\/2023\/07\/AMBIT-5-final_Pagina_4_Imagen_0005-scaled.jpg\" class=\"attachment-full size-full\" alt=\"\" aria-describedby=\"gallery-10-359\" srcset=\"https:\/\/exposicioredescobrint.cornella.cat\/wp-content\/uploads\/2023\/07\/AMBIT-5-final_Pagina_4_Imagen_0005-scaled.jpg 1707w, https:\/\/exposicioredescobrint.cornella.cat\/wp-content\/uploads\/2023\/07\/AMBIT-5-final_Pagina_4_Imagen_0005-200x300.jpg 200w, https:\/\/exposicioredescobrint.cornella.cat\/wp-content\/uploads\/2023\/07\/AMBIT-5-final_Pagina_4_Imagen_0005-683x1024.jpg 683w, https:\/\/exposicioredescobrint.cornella.cat\/wp-content\/uploads\/2023\/07\/AMBIT-5-final_Pagina_4_Imagen_0005-768x1152.jpg 768w, https:\/\/exposicioredescobrint.cornella.cat\/wp-content\/uploads\/2023\/07\/AMBIT-5-final_Pagina_4_Imagen_0005-1024x1536.jpg 1024w, https:\/\/exposicioredescobrint.cornella.cat\/wp-content\/uploads\/2023\/07\/AMBIT-5-final_Pagina_4_Imagen_0005-1366x2048.jpg 1366w\" sizes=\"(max-width: 1707px) 100vw, 1707px\" \/><\/a>\n\t\t\t<\/div>\n\t\t\t\t<figcaption class='wp-caption-text gallery-caption' id='gallery-10-359'>\n\t\t\t\tPato criollo (Cairina moschata).\nFotograf\u00eda: Edgar Madrenys Pallar\u00e8s.\n\t\t\t\t<\/figcaption><\/figure><figure class='gallery-item'>\n\t\t\t<div class='gallery-icon portrait'>\n\t\t\t\t<a data-elementor-open-lightbox=\"yes\" data-elementor-lightbox-slideshow=\"1609c41\" data-elementor-lightbox-title=\"Gralla occidental (Coloeus monedula).   Fotografia: Edgar Madrenys Pallar\u00e8s.\" data-e-action-hash=\"#elementor-action%3Aaction%3Dlightbox%26settings%3DeyJpZCI6MzYxLCJ1cmwiOiJodHRwczpcL1wvZXhwb3NpY2lvcmVkZXNjb2JyaW50LmNvcm5lbGxhLmNhdFwvd3AtY29udGVudFwvdXBsb2Fkc1wvMjAyM1wvMDdcL0FNQklULTUtZmluYWxfUGFnaW5hXzRfSW1hZ2VuXzAwMDctc2NhbGVkLmpwZyIsInNsaWRlc2hvdyI6IjE2MDljNDEifQ%3D%3D\" href='https:\/\/exposicioredescobrint.cornella.cat\/wp-content\/uploads\/2023\/07\/AMBIT-5-final_Pagina_4_Imagen_0007-scaled.jpg'><img loading=\"lazy\" decoding=\"async\" width=\"1707\" height=\"2560\" src=\"https:\/\/exposicioredescobrint.cornella.cat\/wp-content\/uploads\/2023\/07\/AMBIT-5-final_Pagina_4_Imagen_0007-scaled.jpg\" class=\"attachment-full size-full\" alt=\"\" aria-describedby=\"gallery-10-361\" srcset=\"https:\/\/exposicioredescobrint.cornella.cat\/wp-content\/uploads\/2023\/07\/AMBIT-5-final_Pagina_4_Imagen_0007-scaled.jpg 1707w, https:\/\/exposicioredescobrint.cornella.cat\/wp-content\/uploads\/2023\/07\/AMBIT-5-final_Pagina_4_Imagen_0007-200x300.jpg 200w, https:\/\/exposicioredescobrint.cornella.cat\/wp-content\/uploads\/2023\/07\/AMBIT-5-final_Pagina_4_Imagen_0007-683x1024.jpg 683w, https:\/\/exposicioredescobrint.cornella.cat\/wp-content\/uploads\/2023\/07\/AMBIT-5-final_Pagina_4_Imagen_0007-768x1152.jpg 768w, https:\/\/exposicioredescobrint.cornella.cat\/wp-content\/uploads\/2023\/07\/AMBIT-5-final_Pagina_4_Imagen_0007-1024x1536.jpg 1024w, https:\/\/exposicioredescobrint.cornella.cat\/wp-content\/uploads\/2023\/07\/AMBIT-5-final_Pagina_4_Imagen_0007-1366x2048.jpg 1366w\" sizes=\"(max-width: 1707px) 100vw, 1707px\" \/><\/a>\n\t\t\t<\/div>\n\t\t\t\t<figcaption class='wp-caption-text gallery-caption' id='gallery-10-361'>\n\t\t\t\tGrajilla occidental (Coloeus monedula).\nFotograf\u00eda: Edgar Madrenys Pallar\u00e8s\n\t\t\t\t<\/figcaption><\/figure>\n\t\t<\/div>\n\t\t<\/div>\n\t\t\t\t\t\t<\/div>\n\t\t\t\t<\/div>\n\t\t\t\t\t<\/div>\n\t\t<\/div>\n\t\t\t\t\t<\/div>\n\t\t<\/section>\n\t\t\t\t<section class=\"elementor-section elementor-inner-section elementor-element elementor-element-aa9c0f2 elementor-section-full_width elementor-section-height-default elementor-section-height-default\" data-id=\"aa9c0f2\" data-element_type=\"section\">\n\t\t\t\t\t\t<div class=\"elementor-container elementor-column-gap-wide\">\n\t\t\t\t\t<div class=\"elementor-column elementor-col-100 elementor-inner-column elementor-element elementor-element-a89f110\" data-id=\"a89f110\" data-element_type=\"column\">\n\t\t\t<div class=\"elementor-widget-wrap elementor-element-populated\">\n\t\t\t\t\t\t<div class=\"elementor-element elementor-element-f6d5de3 elementor-widget elementor-widget-image-gallery\" data-id=\"f6d5de3\" data-element_type=\"widget\" data-widget_type=\"image-gallery.default\">\n\t\t\t\t<div class=\"elementor-widget-container\">\n\t\t\t\t\t\t\t<div class=\"elementor-image-gallery\">\n\t\t\t<div id='gallery-11' class='gallery galleryid-14 gallery-columns-6 gallery-size-full'><figure class='gallery-item'>\n\t\t\t<div class='gallery-icon landscape'>\n\t\t\t\t<a data-elementor-open-lightbox=\"yes\" data-elementor-lightbox-slideshow=\"f6d5de3\" data-elementor-lightbox-title=\"Mallerenga carbonera (Parus Major).   Fotografia: Edgar Madrenys Pallar\u00e8s. \" data-e-action-hash=\"#elementor-action%3Aaction%3Dlightbox%26settings%3DeyJpZCI6MzY0LCJ1cmwiOiJodHRwczpcL1wvZXhwb3NpY2lvcmVkZXNjb2JyaW50LmNvcm5lbGxhLmNhdFwvd3AtY29udGVudFwvdXBsb2Fkc1wvMjAyM1wvMDdcL0FNQklULTUtZmluYWxfUGFnaW5hXzRfSW1hZ2VuXzAwMTAuanBnIiwic2xpZGVzaG93IjoiZjZkNWRlMyJ9\" href='https:\/\/exposicioredescobrint.cornella.cat\/wp-content\/uploads\/2023\/07\/AMBIT-5-final_Pagina_4_Imagen_0010.jpg'><img loading=\"lazy\" decoding=\"async\" width=\"2362\" height=\"1575\" src=\"https:\/\/exposicioredescobrint.cornella.cat\/wp-content\/uploads\/2023\/07\/AMBIT-5-final_Pagina_4_Imagen_0010.jpg\" class=\"attachment-full size-full\" alt=\"\" aria-describedby=\"gallery-11-364\" srcset=\"https:\/\/exposicioredescobrint.cornella.cat\/wp-content\/uploads\/2023\/07\/AMBIT-5-final_Pagina_4_Imagen_0010.jpg 2362w, https:\/\/exposicioredescobrint.cornella.cat\/wp-content\/uploads\/2023\/07\/AMBIT-5-final_Pagina_4_Imagen_0010-300x200.jpg 300w, https:\/\/exposicioredescobrint.cornella.cat\/wp-content\/uploads\/2023\/07\/AMBIT-5-final_Pagina_4_Imagen_0010-1024x683.jpg 1024w, https:\/\/exposicioredescobrint.cornella.cat\/wp-content\/uploads\/2023\/07\/AMBIT-5-final_Pagina_4_Imagen_0010-768x512.jpg 768w, https:\/\/exposicioredescobrint.cornella.cat\/wp-content\/uploads\/2023\/07\/AMBIT-5-final_Pagina_4_Imagen_0010-1536x1024.jpg 1536w, https:\/\/exposicioredescobrint.cornella.cat\/wp-content\/uploads\/2023\/07\/AMBIT-5-final_Pagina_4_Imagen_0010-2048x1366.jpg 2048w\" sizes=\"(max-width: 2362px) 100vw, 2362px\" \/><\/a>\n\t\t\t<\/div>\n\t\t\t\t<figcaption class='wp-caption-text gallery-caption' id='gallery-11-364'>\n\t\t\t\tCarbonero com\u00fan (Parus Major).\nFotograf\u00eda: Edgar Madrenys Pallar\u00e8s. \n\t\t\t\t<\/figcaption><\/figure><figure class='gallery-item'>\n\t\t\t<div class='gallery-icon landscape'>\n\t\t\t\t<a data-elementor-open-lightbox=\"yes\" data-elementor-lightbox-slideshow=\"f6d5de3\" data-elementor-lightbox-title=\"Garsa (Pica pica).   Fotografia: Edgar Madrenys Pallar\u00e8s. \" data-e-action-hash=\"#elementor-action%3Aaction%3Dlightbox%26settings%3DeyJpZCI6MzU3LCJ1cmwiOiJodHRwczpcL1wvZXhwb3NpY2lvcmVkZXNjb2JyaW50LmNvcm5lbGxhLmNhdFwvd3AtY29udGVudFwvdXBsb2Fkc1wvMjAyM1wvMDdcL0FNQklULTUtZmluYWxfUGFnaW5hXzRfSW1hZ2VuXzAwMDMtc2NhbGVkLmpwZyIsInNsaWRlc2hvdyI6ImY2ZDVkZTMifQ%3D%3D\" href='https:\/\/exposicioredescobrint.cornella.cat\/wp-content\/uploads\/2023\/07\/AMBIT-5-final_Pagina_4_Imagen_0003-scaled.jpg'><img loading=\"lazy\" decoding=\"async\" width=\"2560\" height=\"1707\" src=\"https:\/\/exposicioredescobrint.cornella.cat\/wp-content\/uploads\/2023\/07\/AMBIT-5-final_Pagina_4_Imagen_0003-scaled.jpg\" class=\"attachment-full size-full\" alt=\"\" aria-describedby=\"gallery-11-357\" srcset=\"https:\/\/exposicioredescobrint.cornella.cat\/wp-content\/uploads\/2023\/07\/AMBIT-5-final_Pagina_4_Imagen_0003-scaled.jpg 2560w, https:\/\/exposicioredescobrint.cornella.cat\/wp-content\/uploads\/2023\/07\/AMBIT-5-final_Pagina_4_Imagen_0003-300x200.jpg 300w, https:\/\/exposicioredescobrint.cornella.cat\/wp-content\/uploads\/2023\/07\/AMBIT-5-final_Pagina_4_Imagen_0003-1024x683.jpg 1024w, https:\/\/exposicioredescobrint.cornella.cat\/wp-content\/uploads\/2023\/07\/AMBIT-5-final_Pagina_4_Imagen_0003-768x512.jpg 768w, https:\/\/exposicioredescobrint.cornella.cat\/wp-content\/uploads\/2023\/07\/AMBIT-5-final_Pagina_4_Imagen_0003-1536x1024.jpg 1536w, https:\/\/exposicioredescobrint.cornella.cat\/wp-content\/uploads\/2023\/07\/AMBIT-5-final_Pagina_4_Imagen_0003-2048x1366.jpg 2048w\" sizes=\"(max-width: 2560px) 100vw, 2560px\" \/><\/a>\n\t\t\t<\/div>\n\t\t\t\t<figcaption class='wp-caption-text gallery-caption' id='gallery-11-357'>\n\t\t\t\tUrraca com\u00fan (Pica pica).\nFotograf\u00eda: Edgar Madrenys Pallar\u00e8s. \n\t\t\t\t<\/figcaption><\/figure><figure class='gallery-item'>\n\t\t\t<div class='gallery-icon landscape'>\n\t\t\t\t<a data-elementor-open-lightbox=\"yes\" data-elementor-lightbox-slideshow=\"f6d5de3\" data-elementor-lightbox-title=\"Pardal com\u00fa (Passer domesticus). Fotografia: Edgar Madrenys Pallar\u00e8s. \" data-e-action-hash=\"#elementor-action%3Aaction%3Dlightbox%26settings%3DeyJpZCI6MzU0LCJ1cmwiOiJodHRwczpcL1wvZXhwb3NpY2lvcmVkZXNjb2JyaW50LmNvcm5lbGxhLmNhdFwvd3AtY29udGVudFwvdXBsb2Fkc1wvMjAyM1wvMDdcL0FNQklULTUtZmluYWxfUGFnaW5hXzRfSW1hZ2VuXzAwMDEuanBnIiwic2xpZGVzaG93IjoiZjZkNWRlMyJ9\" href='https:\/\/exposicioredescobrint.cornella.cat\/wp-content\/uploads\/2023\/07\/AMBIT-5-final_Pagina_4_Imagen_0001.jpg'><img loading=\"lazy\" decoding=\"async\" width=\"2510\" height=\"1673\" src=\"https:\/\/exposicioredescobrint.cornella.cat\/wp-content\/uploads\/2023\/07\/AMBIT-5-final_Pagina_4_Imagen_0001.jpg\" class=\"attachment-full size-full\" alt=\"\" aria-describedby=\"gallery-11-354\" srcset=\"https:\/\/exposicioredescobrint.cornella.cat\/wp-content\/uploads\/2023\/07\/AMBIT-5-final_Pagina_4_Imagen_0001.jpg 2510w, https:\/\/exposicioredescobrint.cornella.cat\/wp-content\/uploads\/2023\/07\/AMBIT-5-final_Pagina_4_Imagen_0001-300x200.jpg 300w, https:\/\/exposicioredescobrint.cornella.cat\/wp-content\/uploads\/2023\/07\/AMBIT-5-final_Pagina_4_Imagen_0001-1024x683.jpg 1024w, https:\/\/exposicioredescobrint.cornella.cat\/wp-content\/uploads\/2023\/07\/AMBIT-5-final_Pagina_4_Imagen_0001-768x512.jpg 768w, https:\/\/exposicioredescobrint.cornella.cat\/wp-content\/uploads\/2023\/07\/AMBIT-5-final_Pagina_4_Imagen_0001-1536x1024.jpg 1536w, https:\/\/exposicioredescobrint.cornella.cat\/wp-content\/uploads\/2023\/07\/AMBIT-5-final_Pagina_4_Imagen_0001-2048x1365.jpg 2048w\" sizes=\"(max-width: 2510px) 100vw, 2510px\" \/><\/a>\n\t\t\t<\/div>\n\t\t\t\t<figcaption class='wp-caption-text gallery-caption' id='gallery-11-354'>\n\t\t\t\tPardal com\u00fa (Passer domesticus). \nFotografia: Edgar Madrenys Pallar\u00e8s. \n\t\t\t\t<\/figcaption><\/figure><figure class='gallery-item'>\n\t\t\t<div class='gallery-icon landscape'>\n\t\t\t\t<a data-elementor-open-lightbox=\"yes\" data-elementor-lightbox-slideshow=\"f6d5de3\" data-elementor-lightbox-title=\"Cotorreta de pit gris (Myiopsitta monachus). Fotografia: Edgar Madrenys Pallar\u00e8s. \" data-e-action-hash=\"#elementor-action%3Aaction%3Dlightbox%26settings%3DeyJpZCI6MzU1LCJ1cmwiOiJodHRwczpcL1wvZXhwb3NpY2lvcmVkZXNjb2JyaW50LmNvcm5lbGxhLmNhdFwvd3AtY29udGVudFwvdXBsb2Fkc1wvMjAyM1wvMDdcL0FNQklULTUtZmluYWxfUGFnaW5hXzRfSW1hZ2VuXzAwMDItc2NhbGVkLmpwZyIsInNsaWRlc2hvdyI6ImY2ZDVkZTMifQ%3D%3D\" href='https:\/\/exposicioredescobrint.cornella.cat\/wp-content\/uploads\/2023\/07\/AMBIT-5-final_Pagina_4_Imagen_0002-scaled.jpg'><img loading=\"lazy\" decoding=\"async\" width=\"2560\" height=\"1707\" src=\"https:\/\/exposicioredescobrint.cornella.cat\/wp-content\/uploads\/2023\/07\/AMBIT-5-final_Pagina_4_Imagen_0002-scaled.jpg\" class=\"attachment-full size-full\" alt=\"\" aria-describedby=\"gallery-11-355\" srcset=\"https:\/\/exposicioredescobrint.cornella.cat\/wp-content\/uploads\/2023\/07\/AMBIT-5-final_Pagina_4_Imagen_0002-scaled.jpg 2560w, https:\/\/exposicioredescobrint.cornella.cat\/wp-content\/uploads\/2023\/07\/AMBIT-5-final_Pagina_4_Imagen_0002-300x200.jpg 300w, https:\/\/exposicioredescobrint.cornella.cat\/wp-content\/uploads\/2023\/07\/AMBIT-5-final_Pagina_4_Imagen_0002-1024x683.jpg 1024w, https:\/\/exposicioredescobrint.cornella.cat\/wp-content\/uploads\/2023\/07\/AMBIT-5-final_Pagina_4_Imagen_0002-768x512.jpg 768w, https:\/\/exposicioredescobrint.cornella.cat\/wp-content\/uploads\/2023\/07\/AMBIT-5-final_Pagina_4_Imagen_0002-1536x1024.jpg 1536w, https:\/\/exposicioredescobrint.cornella.cat\/wp-content\/uploads\/2023\/07\/AMBIT-5-final_Pagina_4_Imagen_0002-2048x1365.jpg 2048w\" sizes=\"(max-width: 2560px) 100vw, 2560px\" \/><\/a>\n\t\t\t<\/div>\n\t\t\t\t<figcaption class='wp-caption-text gallery-caption' id='gallery-11-355'>\n\t\t\t\tCotorreta de pit gris (Myiopsitta monachus). \nFotografia: Edgar Madrenys Pallar\u00e8s. \n\t\t\t\t<\/figcaption><\/figure><figure class='gallery-item'>\n\t\t\t<div class='gallery-icon landscape'>\n\t\t\t\t<a data-elementor-open-lightbox=\"yes\" data-elementor-lightbox-slideshow=\"f6d5de3\" data-elementor-lightbox-title=\"Gavina vulgar (Chroicocephalus ridibundus). Fotografia: Edgar Madrenys Pallar\u00e8s.  \" data-e-action-hash=\"#elementor-action%3Aaction%3Dlightbox%26settings%3DeyJpZCI6MzYwLCJ1cmwiOiJodHRwczpcL1wvZXhwb3NpY2lvcmVkZXNjb2JyaW50LmNvcm5lbGxhLmNhdFwvd3AtY29udGVudFwvdXBsb2Fkc1wvMjAyM1wvMDdcL0FNQklULTUtZmluYWxfUGFnaW5hXzRfSW1hZ2VuXzAwMDYuanBnIiwic2xpZGVzaG93IjoiZjZkNWRlMyJ9\" href='https:\/\/exposicioredescobrint.cornella.cat\/wp-content\/uploads\/2023\/07\/AMBIT-5-final_Pagina_4_Imagen_0006.jpg'><img loading=\"lazy\" decoding=\"async\" width=\"2333\" height=\"1556\" src=\"https:\/\/exposicioredescobrint.cornella.cat\/wp-content\/uploads\/2023\/07\/AMBIT-5-final_Pagina_4_Imagen_0006.jpg\" class=\"attachment-full size-full\" alt=\"\" aria-describedby=\"gallery-11-360\" srcset=\"https:\/\/exposicioredescobrint.cornella.cat\/wp-content\/uploads\/2023\/07\/AMBIT-5-final_Pagina_4_Imagen_0006.jpg 2333w, https:\/\/exposicioredescobrint.cornella.cat\/wp-content\/uploads\/2023\/07\/AMBIT-5-final_Pagina_4_Imagen_0006-300x200.jpg 300w, https:\/\/exposicioredescobrint.cornella.cat\/wp-content\/uploads\/2023\/07\/AMBIT-5-final_Pagina_4_Imagen_0006-1024x683.jpg 1024w, https:\/\/exposicioredescobrint.cornella.cat\/wp-content\/uploads\/2023\/07\/AMBIT-5-final_Pagina_4_Imagen_0006-768x512.jpg 768w, https:\/\/exposicioredescobrint.cornella.cat\/wp-content\/uploads\/2023\/07\/AMBIT-5-final_Pagina_4_Imagen_0006-1536x1024.jpg 1536w, https:\/\/exposicioredescobrint.cornella.cat\/wp-content\/uploads\/2023\/07\/AMBIT-5-final_Pagina_4_Imagen_0006-2048x1366.jpg 2048w\" sizes=\"(max-width: 2333px) 100vw, 2333px\" \/><\/a>\n\t\t\t<\/div>\n\t\t\t\t<figcaption class='wp-caption-text gallery-caption' id='gallery-11-360'>\n\t\t\t\tGavina vulgar (Chroicocephalus ridibundus). \n\nFotografia: Edgar Madrenys Pallar\u00e8s.  \n\t\t\t\t<\/figcaption><\/figure><figure class='gallery-item'>\n\t\t\t<div class='gallery-icon landscape'>\n\t\t\t\t<a data-elementor-open-lightbox=\"yes\" data-elementor-lightbox-slideshow=\"f6d5de3\" data-elementor-lightbox-title=\"T\u00f3rtora turca (Streptopelia decaocto). Fotografia: Edgar Madrenys Pallar\u00e8s. \" data-e-action-hash=\"#elementor-action%3Aaction%3Dlightbox%26settings%3DeyJpZCI6MzU4LCJ1cmwiOiJodHRwczpcL1wvZXhwb3NpY2lvcmVkZXNjb2JyaW50LmNvcm5lbGxhLmNhdFwvd3AtY29udGVudFwvdXBsb2Fkc1wvMjAyM1wvMDdcL0FNQklULTUtZmluYWxfUGFnaW5hXzRfSW1hZ2VuXzAwMDQuanBnIiwic2xpZGVzaG93IjoiZjZkNWRlMyJ9\" href='https:\/\/exposicioredescobrint.cornella.cat\/wp-content\/uploads\/2023\/07\/AMBIT-5-final_Pagina_4_Imagen_0004.jpg'><img loading=\"lazy\" decoding=\"async\" width=\"2309\" height=\"1539\" src=\"https:\/\/exposicioredescobrint.cornella.cat\/wp-content\/uploads\/2023\/07\/AMBIT-5-final_Pagina_4_Imagen_0004.jpg\" class=\"attachment-full size-full\" alt=\"\" aria-describedby=\"gallery-11-358\" srcset=\"https:\/\/exposicioredescobrint.cornella.cat\/wp-content\/uploads\/2023\/07\/AMBIT-5-final_Pagina_4_Imagen_0004.jpg 2309w, https:\/\/exposicioredescobrint.cornella.cat\/wp-content\/uploads\/2023\/07\/AMBIT-5-final_Pagina_4_Imagen_0004-300x200.jpg 300w, https:\/\/exposicioredescobrint.cornella.cat\/wp-content\/uploads\/2023\/07\/AMBIT-5-final_Pagina_4_Imagen_0004-1024x683.jpg 1024w, https:\/\/exposicioredescobrint.cornella.cat\/wp-content\/uploads\/2023\/07\/AMBIT-5-final_Pagina_4_Imagen_0004-768x512.jpg 768w, https:\/\/exposicioredescobrint.cornella.cat\/wp-content\/uploads\/2023\/07\/AMBIT-5-final_Pagina_4_Imagen_0004-1536x1024.jpg 1536w, https:\/\/exposicioredescobrint.cornella.cat\/wp-content\/uploads\/2023\/07\/AMBIT-5-final_Pagina_4_Imagen_0004-2048x1365.jpg 2048w\" sizes=\"(max-width: 2309px) 100vw, 2309px\" \/><\/a>\n\t\t\t<\/div>\n\t\t\t\t<figcaption class='wp-caption-text gallery-caption' id='gallery-11-358'>\n\t\t\t\tT\u00f3rtora turca (Streptopelia decaocto). \n\nFotografia: Edgar Madrenys Pallar\u00e8s. \n\t\t\t\t<\/figcaption><\/figure>\n\t\t<\/div>\n\t\t<\/div>\n\t\t\t\t\t\t<\/div>\n\t\t\t\t<\/div>\n\t\t\t\t\t<\/div>\n\t\t<\/div>\n\t\t\t\t\t<\/div>\n\t\t<\/section>\n\t\t\t\t<div class=\"elementor-element elementor-element-3b4c0dc elementor-widget elementor-widget-spacer\" data-id=\"3b4c0dc\" data-element_type=\"widget\" data-widget_type=\"spacer.default\">\n\t\t\t\t<div class=\"elementor-widget-container\">\n\t\t\t\t\t\t\t<div class=\"elementor-spacer\">\n\t\t\t<div class=\"elementor-spacer-inner\"><\/div>\n\t\t<\/div>\n\t\t\t\t\t\t<\/div>\n\t\t\t\t<\/div>\n\t\t\t\t<div class=\"elementor-element elementor-element-7f6d434 elementor-widget elementor-widget-image\" data-id=\"7f6d434\" data-element_type=\"widget\" data-widget_type=\"image.default\">\n\t\t\t\t<div class=\"elementor-widget-container\">\n\t\t\t\t\t\t\t\t\t\t\t\t\t\t\t<img loading=\"lazy\" decoding=\"async\" width=\"2048\" height=\"333\" src=\"https:\/\/exposicioredescobrint.cornella.cat\/wp-content\/uploads\/2025\/02\/MuroLogos-2048x333-1.png\" class=\"attachment-full size-full wp-image-3043\" alt=\"\" srcset=\"https:\/\/exposicioredescobrint.cornella.cat\/wp-content\/uploads\/2025\/02\/MuroLogos-2048x333-1.png 2048w, https:\/\/exposicioredescobrint.cornella.cat\/wp-content\/uploads\/2025\/02\/MuroLogos-2048x333-1-300x49.png 300w, https:\/\/exposicioredescobrint.cornella.cat\/wp-content\/uploads\/2025\/02\/MuroLogos-2048x333-1-1024x167.png 1024w, https:\/\/exposicioredescobrint.cornella.cat\/wp-content\/uploads\/2025\/02\/MuroLogos-2048x333-1-768x125.png 768w, https:\/\/exposicioredescobrint.cornella.cat\/wp-content\/uploads\/2025\/02\/MuroLogos-2048x333-1-1536x250.png 1536w, https:\/\/exposicioredescobrint.cornella.cat\/wp-content\/uploads\/2025\/02\/MuroLogos-2048x333-1-18x3.png 18w\" sizes=\"(max-width: 2048px) 100vw, 2048px\" \/>\t\t\t\t\t\t\t\t\t\t\t\t\t\t\t<\/div>\n\t\t\t\t<\/div>\n\t\t\t\t\t<\/div>\n\t\t<\/div>\n\t\t\t\t\t<\/div>\n\t\t<\/section>\n\t\t\t\t<\/div>","protected":false},"excerpt":{"rendered":"<p>@Ajuntament Cornell\u00e0 de Llobregat 2023 Can Mercader, pulm\u00f3 verd de la ciutat Ortofotografia: Institut Cartogr\u00e0fic i Geol\u00f2gic de Catalunya (ICGC) sota una llic\u00e8ncia CC BY 4.0. Un parc ha de ser un espai verd on predomini la natura i on els ve\u00efns i les ve\u00efnes puguin gaudir.En aquest sentit, Can Mercader \u00e9s el pulm\u00f3 m\u00e9s [&hellip;]<\/p>","protected":false},"author":1,"featured_media":0,"parent":0,"menu_order":0,"comment_status":"closed","ping_status":"closed","template":"elementor_canvas","meta":{"footnotes":""},"class_list":["post-14","page","type-page","status-publish","hentry"],"_links":{"self":[{"href":"https:\/\/exposicioredescobrint.cornella.cat\/esp\/wp-json\/wp\/v2\/pages\/14","targetHints":{"allow":["GET"]}}],"collection":[{"href":"https:\/\/exposicioredescobrint.cornella.cat\/esp\/wp-json\/wp\/v2\/pages"}],"about":[{"href":"https:\/\/exposicioredescobrint.cornella.cat\/esp\/wp-json\/wp\/v2\/types\/page"}],"author":[{"embeddable":true,"href":"https:\/\/exposicioredescobrint.cornella.cat\/esp\/wp-json\/wp\/v2\/users\/1"}],"replies":[{"embeddable":true,"href":"https:\/\/exposicioredescobrint.cornella.cat\/esp\/wp-json\/wp\/v2\/comments?post=14"}],"version-history":[{"count":261,"href":"https:\/\/exposicioredescobrint.cornella.cat\/esp\/wp-json\/wp\/v2\/pages\/14\/revisions"}],"predecessor-version":[{"id":3073,"href":"https:\/\/exposicioredescobrint.cornella.cat\/esp\/wp-json\/wp\/v2\/pages\/14\/revisions\/3073"}],"wp:attachment":[{"href":"https:\/\/exposicioredescobrint.cornella.cat\/esp\/wp-json\/wp\/v2\/media?parent=14"}],"curies":[{"name":"wp","href":"https:\/\/api.w.org\/{rel}","templated":true}]}}